{"id":36205,"date":"2023-07-13T11:58:10","date_gmt":"2023-07-13T09:58:10","guid":{"rendered":"https:\/\/www.proes.es\/?page_id=36205"},"modified":"2023-08-03T14:19:42","modified_gmt":"2023-08-03T12:19:42","slug":"todas-los-proyectos","status":"publish","type":"page","link":"https:\/\/www.proes.es\/en\/todas-los-proyectos\/","title":{"rendered":"Todos los proyectos"},"content":{"rendered":"<div data-elementor-type=\"wp-page\" data-elementor-id=\"36205\" class=\"elementor elementor-36205\" data-elementor-post-type=\"page\">\n\t\t\t\t<div class=\"elementor-element elementor-element-4cdf70f e-flex e-con-boxed e-con e-parent\" data-id=\"4cdf70f\" data-element_type=\"container\">\n\t\t\t\t\t<div class=\"e-con-inner\">\n\t\t\t\t<div class=\"elementor-element elementor-element-cca4f42 elementor-grid-3 elementor-grid-tablet-2 elementor-grid-mobile-1 elementor-posts--thumbnail-top elementor-widget elementor-widget-posts\" data-id=\"cca4f42\" data-element_type=\"widget\" data-settings=\"{&quot;pagination_type&quot;:&quot;numbers&quot;,&quot;classic_columns&quot;:&quot;3&quot;,&quot;classic_columns_tablet&quot;:&quot;2&quot;,&quot;classic_columns_mobile&quot;:&quot;1&quot;,&quot;classic_row_gap&quot;:{&quot;unit&quot;:&quot;px&quot;,&quot;size&quot;:35,&quot;sizes&quot;:[]},&quot;classic_row_gap_tablet&quot;:{&quot;unit&quot;:&quot;px&quot;,&quot;size&quot;:&quot;&quot;,&quot;sizes&quot;:[]},&quot;classic_row_gap_mobile&quot;:{&quot;unit&quot;:&quot;px&quot;,&quot;size&quot;:&quot;&quot;,&quot;sizes&quot;:[]}}\" data-widget_type=\"posts.classic\">\n\t\t\t\t<div class=\"elementor-widget-container\">\n\t\t\t\t\t\t\t<div class=\"elementor-posts-container elementor-posts elementor-posts--skin-classic elementor-grid\" role=\"list\">\n\t\t\t\t<article class=\"elementor-post elementor-grid-item post-49564 post type-post status-publish format-standard has-post-thumbnail hentry category-infraestructuras-del-transporte-terrestre tag-espana\" role=\"listitem\">\n\t\t\t\t<a class=\"elementor-post__thumbnail__link\" href=\"https:\/\/www.proes.es\/en\/viaducto-sobre-el-rio-albentosa-autovia-mudejar-a-23-castellon\/\" tabindex=\"-1\" >\n\t\t\t<div class=\"elementor-post__thumbnail\"><img fetchpriority=\"high\" decoding=\"async\" width=\"300\" height=\"258\" src=\"https:\/\/www.proes.es\/wp-content\/uploads\/2026\/04\/Viaducto-Albentosa-300x258.jpg\" class=\"attachment-medium size-medium wp-image-49565\" alt=\"\" srcset=\"https:\/\/www.proes.es\/wp-content\/uploads\/2026\/04\/Viaducto-Albentosa-300x258.jpg 300w, https:\/\/www.proes.es\/wp-content\/uploads\/2026\/04\/Viaducto-Albentosa-1024x882.jpg 1024w, https:\/\/www.proes.es\/wp-content\/uploads\/2026\/04\/Viaducto-Albentosa-768x661.jpg 768w, https:\/\/www.proes.es\/wp-content\/uploads\/2026\/04\/Viaducto-Albentosa-1536x1323.jpg 1536w, https:\/\/www.proes.es\/wp-content\/uploads\/2026\/04\/Viaducto-Albentosa-2048x1764.jpg 2048w, https:\/\/www.proes.es\/wp-content\/uploads\/2026\/04\/Viaducto-Albentosa-14x12.jpg 14w\" sizes=\"(max-width: 300px) 100vw, 300px\" \/><\/div>\n\t\t<\/a>\n\t\t\t\t<div class=\"elementor-post__text\">\n\t\t\t\t<h3 class=\"elementor-post__title\">\n\t\t\t<a href=\"https:\/\/www.proes.es\/en\/viaducto-sobre-el-rio-albentosa-autovia-mudejar-a-23-castellon\/\" >\n\t\t\t\tViaducto sobre el r\u00edo Albentosa, autov\u00eda Mud\u00e9jar A-23, Castell\u00f3n\t\t\t<\/a>\n\t\t<\/h3>\n\t\t\t\t<div class=\"elementor-post__meta-data\">\n\t\t\t\t\t<span class=\"elementor-post-date\">\n\t\t\t14 de April de 2026\t\t<\/span>\n\t\t\t\t<span class=\"elementor-post-avatar\">\n\t\t\tNo Comments\t\t<\/span>\n\t\t\t\t<\/div>\n\t\t\t\t<div class=\"elementor-post__excerpt\">\n\t\t\t<p>El viaducto se encuentra en el tramo Sarri\u00f3n-l\u00edmite de la provincia de Castell\u00f3n, en la autov\u00eda Mud\u00e9jar A-23. Se trata un viaducto doble, uno por<\/p>\n\t\t<\/div>\n\t\t\n\t\t<a class=\"elementor-post__read-more\" href=\"https:\/\/www.proes.es\/en\/viaducto-sobre-el-rio-albentosa-autovia-mudejar-a-23-castellon\/\" aria-label=\"Read more about Viaducto sobre el r\u00edo Albentosa, autov\u00eda Mud\u00e9jar A-23, Castell\u00f3n\" tabindex=\"-1\" >\n\t\t\tREAD MORE \u00bb\t\t<\/a>\n\n\t\t\t\t<\/div>\n\t\t\t\t<\/article>\n\t\t\t\t<article class=\"elementor-post elementor-grid-item post-49505 post type-post status-publish format-standard has-post-thumbnail hentry category-diseno-de-infraestructuras-maritimas tag-bolivia\" role=\"listitem\">\n\t\t\t\t<a class=\"elementor-post__thumbnail__link\" href=\"https:\/\/www.proes.es\/en\/asistencia-tecnica-para-la-construccion-del-dique-de-la-esfinge-en-el-puerto-de-las-palmas\/\" tabindex=\"-1\" >\n\t\t\t<div class=\"elementor-post__thumbnail\"><img decoding=\"async\" width=\"300\" height=\"225\" src=\"https:\/\/www.proes.es\/wp-content\/uploads\/2026\/01\/Dique-La-Esfinge-300x225.jpg\" class=\"attachment-medium size-medium wp-image-49506\" alt=\"\" srcset=\"https:\/\/www.proes.es\/wp-content\/uploads\/2026\/01\/Dique-La-Esfinge-300x225.jpg 300w, https:\/\/www.proes.es\/wp-content\/uploads\/2026\/01\/Dique-La-Esfinge-1024x768.jpg 1024w, https:\/\/www.proes.es\/wp-content\/uploads\/2026\/01\/Dique-La-Esfinge-768x576.jpg 768w, https:\/\/www.proes.es\/wp-content\/uploads\/2026\/01\/Dique-La-Esfinge-1536x1152.jpg 1536w, https:\/\/www.proes.es\/wp-content\/uploads\/2026\/01\/Dique-La-Esfinge-2048x1536.jpg 2048w, https:\/\/www.proes.es\/wp-content\/uploads\/2026\/01\/Dique-La-Esfinge-16x12.jpg 16w\" sizes=\"(max-width: 300px) 100vw, 300px\" \/><\/div>\n\t\t<\/a>\n\t\t\t\t<div class=\"elementor-post__text\">\n\t\t\t\t<h3 class=\"elementor-post__title\">\n\t\t\t<a href=\"https:\/\/www.proes.es\/en\/asistencia-tecnica-para-la-construccion-del-dique-de-la-esfinge-en-el-puerto-de-las-palmas\/\" >\n\t\t\t\tAsistencia t\u00e9cnica para la construcci\u00f3n del dique de La Esfinge en el puerto de Las Palmas\t\t\t<\/a>\n\t\t<\/h3>\n\t\t\t\t<div class=\"elementor-post__meta-data\">\n\t\t\t\t\t<span class=\"elementor-post-date\">\n\t\t\t27 de January de 2026\t\t<\/span>\n\t\t\t\t<span class=\"elementor-post-avatar\">\n\t\t\tNo Comments\t\t<\/span>\n\t\t\t\t<\/div>\n\t\t\t\t<div class=\"elementor-post__excerpt\">\n\t\t\t<p>PROES Consultores, en UTE con Estudio7, ha llevado a cabo la Asistencia T\u00e9cnica para el Control y Apoyo a la Direcci\u00f3n de las Obras del<\/p>\n\t\t<\/div>\n\t\t\n\t\t<a class=\"elementor-post__read-more\" href=\"https:\/\/www.proes.es\/en\/asistencia-tecnica-para-la-construccion-del-dique-de-la-esfinge-en-el-puerto-de-las-palmas\/\" aria-label=\"Read more about Asistencia t\u00e9cnica para la construcci\u00f3n del dique de La Esfinge en el puerto de Las Palmas\" tabindex=\"-1\" >\n\t\t\tREAD MORE \u00bb\t\t<\/a>\n\n\t\t\t\t<\/div>\n\t\t\t\t<\/article>\n\t\t\t\t<article class=\"elementor-post elementor-grid-item post-49398 post type-post status-publish format-standard has-post-thumbnail hentry category-infraestructuras-maritimas-y-fluviales tag-bolivia\" role=\"listitem\">\n\t\t\t\t<a class=\"elementor-post__thumbnail__link\" href=\"https:\/\/www.proes.es\/en\/estudio-de-diseno-tecnico-de-preinversion-proyecto-hidrovia-ichilo-mamore-tramo-i\/\" tabindex=\"-1\" >\n\t\t\t<div class=\"elementor-post__thumbnail\"><img decoding=\"async\" width=\"300\" height=\"143\" src=\"https:\/\/www.proes.es\/wp-content\/uploads\/2025\/11\/Ichilo-mamore-300x143.jpg\" class=\"attachment-medium size-medium wp-image-49405\" alt=\"\" srcset=\"https:\/\/www.proes.es\/wp-content\/uploads\/2025\/11\/Ichilo-mamore-300x143.jpg 300w, https:\/\/www.proes.es\/wp-content\/uploads\/2025\/11\/Ichilo-mamore-768x366.jpg 768w, https:\/\/www.proes.es\/wp-content\/uploads\/2025\/11\/Ichilo-mamore-18x9.jpg 18w, https:\/\/www.proes.es\/wp-content\/uploads\/2025\/11\/Ichilo-mamore.jpg 770w\" sizes=\"(max-width: 300px) 100vw, 300px\" \/><\/div>\n\t\t<\/a>\n\t\t\t\t<div class=\"elementor-post__text\">\n\t\t\t\t<h3 class=\"elementor-post__title\">\n\t\t\t<a href=\"https:\/\/www.proes.es\/en\/estudio-de-diseno-tecnico-de-preinversion-proyecto-hidrovia-ichilo-mamore-tramo-i\/\" >\n\t\t\t\tPre-investment technical design study\nIchilo-Mamor\u00e9 waterway project. Section I\t\t\t<\/a>\n\t\t<\/h3>\n\t\t\t\t<div class=\"elementor-post__meta-data\">\n\t\t\t\t\t<span class=\"elementor-post-date\">\n\t\t\t13 de November de 2025\t\t<\/span>\n\t\t\t\t<span class=\"elementor-post-avatar\">\n\t\t\tNo Comments\t\t<\/span>\n\t\t\t\t<\/div>\n\t\t\t\t<div class=\"elementor-post__excerpt\">\n\t\t\t<p>Planificaci\u00f3n, dimensionamiento y dise\u00f1o de detalle de las obras de ingenier\u00eda en agua y tierra y equipamiento para la puesta en servicio de una hidrov\u00eda<\/p>\n\t\t<\/div>\n\t\t\n\t\t<a class=\"elementor-post__read-more\" href=\"https:\/\/www.proes.es\/en\/estudio-de-diseno-tecnico-de-preinversion-proyecto-hidrovia-ichilo-mamore-tramo-i\/\" aria-label=\"Read more about Estudio de dise\u00f1o t\u00e9cnico de preinversi\u00f3n proyecto Hidrov\u00eda Ichilo-Mamor\u00e9. Tramo I\" tabindex=\"-1\" >\n\t\t\tREAD MORE \u00bb\t\t<\/a>\n\n\t\t\t\t<\/div>\n\t\t\t\t<\/article>\n\t\t\t\t<article class=\"elementor-post elementor-grid-item post-49339 post type-post status-publish format-standard has-post-thumbnail hentry category-infraestructuras-maritimas-y-fluviales tag-espana\" role=\"listitem\">\n\t\t\t\t<a class=\"elementor-post__thumbnail__link\" href=\"https:\/\/www.proes.es\/en\/modelo-estructural-de-la-terminal-maritima-del-parque-energetico-de-san-roque-cadiz\/\" tabindex=\"-1\" >\n\t\t\t<div class=\"elementor-post__thumbnail\"><img loading=\"lazy\" decoding=\"async\" width=\"300\" height=\"166\" src=\"https:\/\/www.proes.es\/wp-content\/uploads\/2025\/11\/SAN-ROQUE-01-e1762431493563-300x166.png\" class=\"attachment-medium size-medium wp-image-49345\" alt=\"\" srcset=\"https:\/\/www.proes.es\/wp-content\/uploads\/2025\/11\/SAN-ROQUE-01-e1762431493563-300x166.png 300w, https:\/\/www.proes.es\/wp-content\/uploads\/2025\/11\/SAN-ROQUE-01-e1762431493563-1024x565.png 1024w, https:\/\/www.proes.es\/wp-content\/uploads\/2025\/11\/SAN-ROQUE-01-e1762431493563-768x424.png 768w, https:\/\/www.proes.es\/wp-content\/uploads\/2025\/11\/SAN-ROQUE-01-e1762431493563-1536x848.png 1536w, https:\/\/www.proes.es\/wp-content\/uploads\/2025\/11\/SAN-ROQUE-01-e1762431493563-18x10.png 18w, https:\/\/www.proes.es\/wp-content\/uploads\/2025\/11\/SAN-ROQUE-01-e1762431493563.png 1897w\" sizes=\"(max-width: 300px) 100vw, 300px\" \/><\/div>\n\t\t<\/a>\n\t\t\t\t<div class=\"elementor-post__text\">\n\t\t\t\t<h3 class=\"elementor-post__title\">\n\t\t\t<a href=\"https:\/\/www.proes.es\/en\/modelo-estructural-de-la-terminal-maritima-del-parque-energetico-de-san-roque-cadiz\/\" >\n\t\t\t\tStructural model of the maritime terminal at the San Roque energy park, C\u00e1diz\t\t\t<\/a>\n\t\t<\/h3>\n\t\t\t\t<div class=\"elementor-post__meta-data\">\n\t\t\t\t\t<span class=\"elementor-post-date\">\n\t\t\t5 de November de 2025\t\t<\/span>\n\t\t\t\t<span class=\"elementor-post-avatar\">\n\t\t\tNo Comments\t\t<\/span>\n\t\t\t\t<\/div>\n\t\t\t\t<div class=\"elementor-post__excerpt\">\n\t\t\t<p>The purpose of surveying this terminal at the port of Algeciras is to assess the condition of the structure and its remaining structural capacity for<\/p>\n\t\t<\/div>\n\t\t\n\t\t<a class=\"elementor-post__read-more\" href=\"https:\/\/www.proes.es\/en\/modelo-estructural-de-la-terminal-maritima-del-parque-energetico-de-san-roque-cadiz\/\" aria-label=\"Read more about Modelo estructural de la terminal mar\u00edtima del parque energ\u00e9tico de San Roque, C\u00e1diz\" tabindex=\"-1\" >\n\t\t\tREAD MORE \u00bb\t\t<\/a>\n\n\t\t\t\t<\/div>\n\t\t\t\t<\/article>\n\t\t\t\t<article class=\"elementor-post elementor-grid-item post-49327 post type-post status-publish format-standard has-post-thumbnail hentry category-infraestructuras-maritimas-y-fluviales tag-india\" role=\"listitem\">\n\t\t\t\t<a class=\"elementor-post__thumbnail__link\" href=\"https:\/\/www.proes.es\/en\/proyecto-de-detalle-del-epcc-de-la-tercera-terminal-de-gnl-de-dahej-la-india\/\" tabindex=\"-1\" >\n\t\t\t<div class=\"elementor-post__thumbnail\"><img loading=\"lazy\" decoding=\"async\" width=\"300\" height=\"169\" src=\"https:\/\/www.proes.es\/wp-content\/uploads\/2025\/11\/DAHEJ-3-300x169.jpg\" class=\"attachment-medium size-medium wp-image-49335\" alt=\"\" srcset=\"https:\/\/www.proes.es\/wp-content\/uploads\/2025\/11\/DAHEJ-3-300x169.jpg 300w, https:\/\/www.proes.es\/wp-content\/uploads\/2025\/11\/DAHEJ-3-1024x576.jpg 1024w, https:\/\/www.proes.es\/wp-content\/uploads\/2025\/11\/DAHEJ-3-768x432.jpg 768w, https:\/\/www.proes.es\/wp-content\/uploads\/2025\/11\/DAHEJ-3-1536x864.jpg 1536w, https:\/\/www.proes.es\/wp-content\/uploads\/2025\/11\/DAHEJ-3-18x10.jpg 18w, https:\/\/www.proes.es\/wp-content\/uploads\/2025\/11\/DAHEJ-3.jpg 1600w\" sizes=\"(max-width: 300px) 100vw, 300px\" \/><\/div>\n\t\t<\/a>\n\t\t\t\t<div class=\"elementor-post__text\">\n\t\t\t\t<h3 class=\"elementor-post__title\">\n\t\t\t<a href=\"https:\/\/www.proes.es\/en\/proyecto-de-detalle-del-epcc-de-la-tercera-terminal-de-gnl-de-dahej-la-india\/\" >\n\t\t\t\tDetailed design of the EPCC for the third LNG terminal in Dahej, India\t\t\t<\/a>\n\t\t<\/h3>\n\t\t\t\t<div class=\"elementor-post__meta-data\">\n\t\t\t\t\t<span class=\"elementor-post-date\">\n\t\t\t5 de November de 2025\t\t<\/span>\n\t\t\t\t<span class=\"elementor-post-avatar\">\n\t\t\tNo Comments\t\t<\/span>\n\t\t\t\t<\/div>\n\t\t\t\t<div class=\"elementor-post__excerpt\">\n\t\t\t<p>Development of the detailed design for the EPCC contract for the third terminal in Dahej, intended for the unloading of LNG vessels (from 125,000 to<\/p>\n\t\t<\/div>\n\t\t\n\t\t<a class=\"elementor-post__read-more\" href=\"https:\/\/www.proes.es\/en\/proyecto-de-detalle-del-epcc-de-la-tercera-terminal-de-gnl-de-dahej-la-india\/\" aria-label=\"Read more about Proyecto de detalle del EPCC de la tercera terminal de GNL de Dahej, La India\" tabindex=\"-1\" >\n\t\t\tREAD MORE \u00bb\t\t<\/a>\n\n\t\t\t\t<\/div>\n\t\t\t\t<\/article>\n\t\t\t\t<article class=\"elementor-post elementor-grid-item post-49305 post type-post status-publish format-standard has-post-thumbnail hentry category-edificacion tag-espana\" role=\"listitem\">\n\t\t\t\t<a class=\"elementor-post__thumbnail__link\" href=\"https:\/\/www.proes.es\/en\/asistencia-tecnica-a-las-obras-del-intercambiador-de-transportes-de-valdebebas-madrid\/\" tabindex=\"-1\" >\n\t\t\t<div class=\"elementor-post__thumbnail\"><img loading=\"lazy\" decoding=\"async\" width=\"300\" height=\"226\" src=\"https:\/\/www.proes.es\/wp-content\/uploads\/2025\/10\/Intercambiador-Valdebebas1-300x226.jpg\" class=\"attachment-medium size-medium wp-image-49308\" alt=\"\" srcset=\"https:\/\/www.proes.es\/wp-content\/uploads\/2025\/10\/Intercambiador-Valdebebas1-300x226.jpg 300w, https:\/\/www.proes.es\/wp-content\/uploads\/2025\/10\/Intercambiador-Valdebebas1-1024x771.jpg 1024w, https:\/\/www.proes.es\/wp-content\/uploads\/2025\/10\/Intercambiador-Valdebebas1-768x578.jpg 768w, https:\/\/www.proes.es\/wp-content\/uploads\/2025\/10\/Intercambiador-Valdebebas1-1536x1157.jpg 1536w, https:\/\/www.proes.es\/wp-content\/uploads\/2025\/10\/Intercambiador-Valdebebas1-2048x1542.jpg 2048w, https:\/\/www.proes.es\/wp-content\/uploads\/2025\/10\/Intercambiador-Valdebebas1-16x12.jpg 16w\" sizes=\"(max-width: 300px) 100vw, 300px\" \/><\/div>\n\t\t<\/a>\n\t\t\t\t<div class=\"elementor-post__text\">\n\t\t\t\t<h3 class=\"elementor-post__title\">\n\t\t\t<a href=\"https:\/\/www.proes.es\/en\/asistencia-tecnica-a-las-obras-del-intercambiador-de-transportes-de-valdebebas-madrid\/\" >\n\t\t\t\tTechnical assistance for the construction of the Valdebebas transport interchange, Madrid\t\t\t<\/a>\n\t\t<\/h3>\n\t\t\t\t<div class=\"elementor-post__meta-data\">\n\t\t\t\t\t<span class=\"elementor-post-date\">\n\t\t\t15 de October de 2025\t\t<\/span>\n\t\t\t\t<span class=\"elementor-post-avatar\">\n\t\t\tNo Comments\t\t<\/span>\n\t\t\t\t<\/div>\n\t\t\t\t<div class=\"elementor-post__excerpt\">\n\t\t\t<p>The new Valdebebas Transport Interchange will connect the bus service with the Cercan\u00edas commuter rail network and the future extension of the<\/p>\n\t\t<\/div>\n\t\t\n\t\t<a class=\"elementor-post__read-more\" href=\"https:\/\/www.proes.es\/en\/asistencia-tecnica-a-las-obras-del-intercambiador-de-transportes-de-valdebebas-madrid\/\" aria-label=\"Read more about Asistencia t\u00e9cnica a las obras del intercambiador de transportes de Valdebebas, Madrid\" tabindex=\"-1\" >\n\t\t\tREAD MORE \u00bb\t\t<\/a>\n\n\t\t\t\t<\/div>\n\t\t\t\t<\/article>\n\t\t\t\t<article class=\"elementor-post elementor-grid-item post-48559 post type-post status-publish format-standard has-post-thumbnail hentry category-instalaciones_industriales tag-ecuador\" role=\"listitem\">\n\t\t\t\t<a class=\"elementor-post__thumbnail__link\" href=\"https:\/\/www.proes.es\/en\/ingenieria-de-detalle-para-la-nueva-terminal-multiproposito-de-manta-ecuador-2\/\" tabindex=\"-1\" >\n\t\t\t<div class=\"elementor-post__thumbnail\"><img loading=\"lazy\" decoding=\"async\" width=\"300\" height=\"165\" src=\"https:\/\/www.proes.es\/wp-content\/uploads\/2025\/05\/manta-300x165.jpg\" class=\"attachment-medium size-medium wp-image-48567\" alt=\"\" srcset=\"https:\/\/www.proes.es\/wp-content\/uploads\/2025\/05\/manta-300x165.jpg 300w, https:\/\/www.proes.es\/wp-content\/uploads\/2025\/05\/manta-768x422.jpg 768w, https:\/\/www.proes.es\/wp-content\/uploads\/2025\/05\/manta-18x10.jpg 18w, https:\/\/www.proes.es\/wp-content\/uploads\/2025\/05\/manta.jpg 850w\" sizes=\"(max-width: 300px) 100vw, 300px\" \/><\/div>\n\t\t<\/a>\n\t\t\t\t<div class=\"elementor-post__text\">\n\t\t\t\t<h3 class=\"elementor-post__title\">\n\t\t\t<a href=\"https:\/\/www.proes.es\/en\/ingenieria-de-detalle-para-la-nueva-terminal-multiproposito-de-manta-ecuador-2\/\" >\n\t\t\t\tDetailed engineering for the new multipurpose terminal in Manta, Ecuador\t\t\t<\/a>\n\t\t<\/h3>\n\t\t\t\t<div class=\"elementor-post__meta-data\">\n\t\t\t\t\t<span class=\"elementor-post-date\">\n\t\t\t9 de May de 2025\t\t<\/span>\n\t\t\t\t<span class=\"elementor-post-avatar\">\n\t\t\tNo Comments\t\t<\/span>\n\t\t\t\t<\/div>\n\t\t\t\t<div class=\"elementor-post__excerpt\">\n\t\t\t<p>Power supply: HV\/MV substation: 69\/13.2 kV 14 MVA 3 MV\/LV substations: 13.2 kV\/480 V (400 kVA, 1,000 kVA and 3\u00d72500 kVA) Complete MV design and<\/p>\n\t\t<\/div>\n\t\t\n\t\t<a class=\"elementor-post__read-more\" href=\"https:\/\/www.proes.es\/en\/ingenieria-de-detalle-para-la-nueva-terminal-multiproposito-de-manta-ecuador-2\/\" aria-label=\"Read more about Ingenier\u00eda de detalle para la nueva terminal multiprop\u00f3sito de Manta, Ecuador\" tabindex=\"-1\" >\n\t\t\tREAD MORE \u00bb\t\t<\/a>\n\n\t\t\t\t<\/div>\n\t\t\t\t<\/article>\n\t\t\t\t<article class=\"elementor-post elementor-grid-item post-48449 post type-post status-publish format-standard has-post-thumbnail hentry category-instalaciones_industriales tag-espana\" role=\"listitem\">\n\t\t\t\t<a class=\"elementor-post__thumbnail__link\" href=\"https:\/\/www.proes.es\/en\/proyecto-constructivo-de-rotonda-en-la-sc-20-santiago-de-compostela\/\" tabindex=\"-1\" >\n\t\t\t<div class=\"elementor-post__thumbnail\"><img loading=\"lazy\" decoding=\"async\" width=\"300\" height=\"178\" src=\"https:\/\/www.proes.es\/wp-content\/uploads\/2025\/05\/SC-20-Santiago-de-Compostela-300x178.jpg\" class=\"attachment-medium size-medium wp-image-48451\" alt=\"\" srcset=\"https:\/\/www.proes.es\/wp-content\/uploads\/2025\/05\/SC-20-Santiago-de-Compostela-300x178.jpg 300w, https:\/\/www.proes.es\/wp-content\/uploads\/2025\/05\/SC-20-Santiago-de-Compostela-1024x607.jpg 1024w, https:\/\/www.proes.es\/wp-content\/uploads\/2025\/05\/SC-20-Santiago-de-Compostela-768x455.jpg 768w, https:\/\/www.proes.es\/wp-content\/uploads\/2025\/05\/SC-20-Santiago-de-Compostela-1536x910.jpg 1536w, https:\/\/www.proes.es\/wp-content\/uploads\/2025\/05\/SC-20-Santiago-de-Compostela-18x12.jpg 18w, https:\/\/www.proes.es\/wp-content\/uploads\/2025\/05\/SC-20-Santiago-de-Compostela.jpg 1600w\" sizes=\"(max-width: 300px) 100vw, 300px\" \/><\/div>\n\t\t<\/a>\n\t\t\t\t<div class=\"elementor-post__text\">\n\t\t\t\t<h3 class=\"elementor-post__title\">\n\t\t\t<a href=\"https:\/\/www.proes.es\/en\/proyecto-constructivo-de-rotonda-en-la-sc-20-santiago-de-compostela\/\" >\n\t\t\t\tConstruction project for roundabout on the SC-20, Santiago de Compostela\t\t\t<\/a>\n\t\t<\/h3>\n\t\t\t\t<div class=\"elementor-post__meta-data\">\n\t\t\t\t\t<span class=\"elementor-post-date\">\n\t\t\t7 de May de 2025\t\t<\/span>\n\t\t\t\t<span class=\"elementor-post-avatar\">\n\t\t\tNo Comments\t\t<\/span>\n\t\t\t\t<\/div>\n\t\t\t\t<div class=\"elementor-post__excerpt\">\n\t\t\t<p>8 m Luminaire pole height Roundabout lighting design based on luminaires on 8 m high poles, lamps of<\/p>\n\t\t<\/div>\n\t\t\n\t\t<a class=\"elementor-post__read-more\" href=\"https:\/\/www.proes.es\/en\/proyecto-constructivo-de-rotonda-en-la-sc-20-santiago-de-compostela\/\" aria-label=\"Read more about Proyecto constructivo de rotonda en la SC-20, Santiago de Compostela\" tabindex=\"-1\" >\n\t\t\tREAD MORE \u00bb\t\t<\/a>\n\n\t\t\t\t<\/div>\n\t\t\t\t<\/article>\n\t\t\t\t<article class=\"elementor-post elementor-grid-item post-48437 post type-post status-publish format-standard has-post-thumbnail hentry category-agua tag-canada\" role=\"listitem\">\n\t\t\t\t<a class=\"elementor-post__thumbnail__link\" href=\"https:\/\/www.proes.es\/en\/sistema-de-drenaje-de-la-autopista-407e-en-toronto-canada\/\" tabindex=\"-1\" >\n\t\t\t<div class=\"elementor-post__thumbnail\"><img loading=\"lazy\" decoding=\"async\" width=\"300\" height=\"200\" src=\"https:\/\/www.proes.es\/wp-content\/uploads\/2025\/05\/407-East-2016-04-28-Aerial-014-300x200.jpg\" class=\"attachment-medium size-medium wp-image-48482\" alt=\"\" srcset=\"https:\/\/www.proes.es\/wp-content\/uploads\/2025\/05\/407-East-2016-04-28-Aerial-014-300x200.jpg 300w, https:\/\/www.proes.es\/wp-content\/uploads\/2025\/05\/407-East-2016-04-28-Aerial-014-1024x684.jpg 1024w, https:\/\/www.proes.es\/wp-content\/uploads\/2025\/05\/407-East-2016-04-28-Aerial-014-768x513.jpg 768w, https:\/\/www.proes.es\/wp-content\/uploads\/2025\/05\/407-East-2016-04-28-Aerial-014-18x12.jpg 18w, https:\/\/www.proes.es\/wp-content\/uploads\/2025\/05\/407-East-2016-04-28-Aerial-014.jpg 1200w\" sizes=\"(max-width: 300px) 100vw, 300px\" \/><\/div>\n\t\t<\/a>\n\t\t\t\t<div class=\"elementor-post__text\">\n\t\t\t\t<h3 class=\"elementor-post__title\">\n\t\t\t<a href=\"https:\/\/www.proes.es\/en\/sistema-de-drenaje-de-la-autopista-407e-en-toronto-canada\/\" >\n\t\t\t\tHighway 407E Drainage System in Toronto, Canada\t\t\t<\/a>\n\t\t<\/h3>\n\t\t\t\t<div class=\"elementor-post__meta-data\">\n\t\t\t\t\t<span class=\"elementor-post-date\">\n\t\t\t6 de May de 2025\t\t<\/span>\n\t\t\t\t<span class=\"elementor-post-avatar\">\n\t\t\tNo Comments\t\t<\/span>\n\t\t\t\t<\/div>\n\t\t\t\t<div class=\"elementor-post__excerpt\">\n\t\t\t<p>The project is part of the future closure of the Toronto Bypass 407E with Highway 401. Proes carried out the construction design and tendering<\/p>\n\t\t<\/div>\n\t\t\n\t\t<a class=\"elementor-post__read-more\" href=\"https:\/\/www.proes.es\/en\/sistema-de-drenaje-de-la-autopista-407e-en-toronto-canada\/\" aria-label=\"Read more about Sistema de drenaje de la autopista 407E en Toronto, Canad\u00e1\" tabindex=\"-1\" >\n\t\t\tREAD MORE \u00bb\t\t<\/a>\n\n\t\t\t\t<\/div>\n\t\t\t\t<\/article>\n\t\t\t\t<article class=\"elementor-post elementor-grid-item post-48392 post type-post status-publish format-standard has-post-thumbnail hentry category-agua tag-espana\" role=\"listitem\">\n\t\t\t\t<a class=\"elementor-post__thumbnail__link\" href=\"https:\/\/www.proes.es\/en\/estudio-de-drenaje-y-planta-depuradora-en-el-alto-aragon\/\" tabindex=\"-1\" >\n\t\t\t<div class=\"elementor-post__thumbnail\"><img loading=\"lazy\" decoding=\"async\" width=\"300\" height=\"185\" src=\"https:\/\/www.proes.es\/wp-content\/uploads\/2025\/05\/IMG_5314-e1769428582781-300x185.jpg\" class=\"attachment-medium size-medium wp-image-49462\" alt=\"\" srcset=\"https:\/\/www.proes.es\/wp-content\/uploads\/2025\/05\/IMG_5314-e1769428582781-300x185.jpg 300w, https:\/\/www.proes.es\/wp-content\/uploads\/2025\/05\/IMG_5314-e1769428582781-1024x632.jpg 1024w, https:\/\/www.proes.es\/wp-content\/uploads\/2025\/05\/IMG_5314-e1769428582781-768x474.jpg 768w, https:\/\/www.proes.es\/wp-content\/uploads\/2025\/05\/IMG_5314-e1769428582781-1536x947.jpg 1536w, https:\/\/www.proes.es\/wp-content\/uploads\/2025\/05\/IMG_5314-e1769428582781-18x12.jpg 18w, https:\/\/www.proes.es\/wp-content\/uploads\/2025\/05\/IMG_5314-e1769428582781.jpg 2048w\" sizes=\"(max-width: 300px) 100vw, 300px\" \/><\/div>\n\t\t<\/a>\n\t\t\t\t<div class=\"elementor-post__text\">\n\t\t\t\t<h3 class=\"elementor-post__title\">\n\t\t\t<a href=\"https:\/\/www.proes.es\/en\/estudio-de-drenaje-y-planta-depuradora-en-el-alto-aragon\/\" >\n\t\t\t\tDrainage study and Waste Water Treatment Plant in Alto Aragon\t\t\t<\/a>\n\t\t<\/h3>\n\t\t\t\t<div class=\"elementor-post__meta-data\">\n\t\t\t\t\t<span class=\"elementor-post-date\">\n\t\t\t6 de May de 2025\t\t<\/span>\n\t\t\t\t<span class=\"elementor-post-avatar\">\n\t\t\tNo Comments\t\t<\/span>\n\t\t\t\t<\/div>\n\t\t\t\t<div class=\"elementor-post__excerpt\">\n\t\t\t<p>29,000 inhabitants 215 km\u00b2 river basin The characteristics of the wastewater to be treated are described, as well as the design parameters adopted, by making a<\/p>\n\t\t<\/div>\n\t\t\n\t\t<a class=\"elementor-post__read-more\" href=\"https:\/\/www.proes.es\/en\/estudio-de-drenaje-y-planta-depuradora-en-el-alto-aragon\/\" aria-label=\"Read more about Estudio de drenaje y planta depuradora en el Alto Arag\u00f3n\" tabindex=\"-1\" >\n\t\t\tREAD MORE \u00bb\t\t<\/a>\n\n\t\t\t\t<\/div>\n\t\t\t\t<\/article>\n\t\t\t\t<article class=\"elementor-post elementor-grid-item post-48415 post type-post status-publish format-standard has-post-thumbnail hentry category-instalaciones_industriales tag-espana\" role=\"listitem\">\n\t\t\t\t<a class=\"elementor-post__thumbnail__link\" href=\"https:\/\/www.proes.es\/en\/ingenieria-para-una-terminal-de-almacenamiento-y-distribucion-de-hidrocarburos\/\" tabindex=\"-1\" >\n\t\t\t<div class=\"elementor-post__thumbnail\"><img loading=\"lazy\" decoding=\"async\" width=\"300\" height=\"169\" src=\"https:\/\/www.proes.es\/wp-content\/uploads\/2025\/05\/exolum-hidrocarburos-barcelona-copia-300x169.jpg\" class=\"attachment-medium size-medium wp-image-48506\" alt=\"\" srcset=\"https:\/\/www.proes.es\/wp-content\/uploads\/2025\/05\/exolum-hidrocarburos-barcelona-copia-300x169.jpg 300w, https:\/\/www.proes.es\/wp-content\/uploads\/2025\/05\/exolum-hidrocarburos-barcelona-copia-1024x576.jpg 1024w, https:\/\/www.proes.es\/wp-content\/uploads\/2025\/05\/exolum-hidrocarburos-barcelona-copia-768x432.jpg 768w, https:\/\/www.proes.es\/wp-content\/uploads\/2025\/05\/exolum-hidrocarburos-barcelona-copia-18x10.jpg 18w, https:\/\/www.proes.es\/wp-content\/uploads\/2025\/05\/exolum-hidrocarburos-barcelona-copia.jpg 1200w\" sizes=\"(max-width: 300px) 100vw, 300px\" \/><\/div>\n\t\t<\/a>\n\t\t\t\t<div class=\"elementor-post__text\">\n\t\t\t\t<h3 class=\"elementor-post__title\">\n\t\t\t<a href=\"https:\/\/www.proes.es\/en\/ingenieria-para-una-terminal-de-almacenamiento-y-distribucion-de-hidrocarburos\/\" >\n\t\t\t\tIngenier\u00eda de la terminal de almacenamiento y distribuci\u00f3n de hidrocarburos, puerto de Barcelona\t\t\t<\/a>\n\t\t<\/h3>\n\t\t\t\t<div class=\"elementor-post__meta-data\">\n\t\t\t\t\t<span class=\"elementor-post-date\">\n\t\t\t6 de May de 2025\t\t<\/span>\n\t\t\t\t<span class=\"elementor-post-avatar\">\n\t\t\tNo Comments\t\t<\/span>\n\t\t\t\t<\/div>\n\t\t\t\t<div class=\"elementor-post__excerpt\">\n\t\t\t<p>9 Piperack aerial hydrocarbon pipes: 9 hydrocarbon pipes: 5 x 14\u2033, 4 x 18\u2019 and pipes for other installations: 2 x 2\u2033 of<\/p>\n\t\t<\/div>\n\t\t\n\t\t<a class=\"elementor-post__read-more\" href=\"https:\/\/www.proes.es\/en\/ingenieria-para-una-terminal-de-almacenamiento-y-distribucion-de-hidrocarburos\/\" aria-label=\"Read more about Ingenier\u00eda de la terminal de almacenamiento y distribuci\u00f3n de hidrocarburos, puerto de Barcelona\" tabindex=\"-1\" >\n\t\t\tREAD MORE \u00bb\t\t<\/a>\n\n\t\t\t\t<\/div>\n\t\t\t\t<\/article>\n\t\t\t\t<article class=\"elementor-post elementor-grid-item post-48406 post type-post status-publish format-standard has-post-thumbnail hentry category-instalaciones_industriales tag-indonesia\" role=\"listitem\">\n\t\t\t\t<a class=\"elementor-post__thumbnail__link\" href=\"https:\/\/www.proes.es\/en\/ingenieria-para-un-nuevo-rack-de-tuberias-de-gnl-en-indonesia\/\" tabindex=\"-1\" >\n\t\t\t<div class=\"elementor-post__thumbnail\"><img loading=\"lazy\" decoding=\"async\" width=\"300\" height=\"103\" src=\"https:\/\/www.proes.es\/wp-content\/uploads\/2025\/05\/Rack-tuberias-Indonesia-300x103.jpg\" class=\"attachment-medium size-medium wp-image-48408\" alt=\"\" srcset=\"https:\/\/www.proes.es\/wp-content\/uploads\/2025\/05\/Rack-tuberias-Indonesia-300x103.jpg 300w, https:\/\/www.proes.es\/wp-content\/uploads\/2025\/05\/Rack-tuberias-Indonesia-768x263.jpg 768w, https:\/\/www.proes.es\/wp-content\/uploads\/2025\/05\/Rack-tuberias-Indonesia-18x6.jpg 18w, https:\/\/www.proes.es\/wp-content\/uploads\/2025\/05\/Rack-tuberias-Indonesia.jpg 885w\" sizes=\"(max-width: 300px) 100vw, 300px\" \/><\/div>\n\t\t<\/a>\n\t\t\t\t<div class=\"elementor-post__text\">\n\t\t\t\t<h3 class=\"elementor-post__title\">\n\t\t\t<a href=\"https:\/\/www.proes.es\/en\/ingenieria-para-un-nuevo-rack-de-tuberias-de-gnl-en-indonesia\/\" >\n\t\t\t\tEngineering for a new LNG pipeline rack in Indonesia\t\t\t<\/a>\n\t\t<\/h3>\n\t\t\t\t<div class=\"elementor-post__meta-data\">\n\t\t\t\t\t<span class=\"elementor-post-date\">\n\t\t\t6 de May de 2025\t\t<\/span>\n\t\t\t\t<span class=\"elementor-post-avatar\">\n\t\t\tNo Comments\t\t<\/span>\n\t\t\t\t<\/div>\n\t\t\t\t<div class=\"elementor-post__excerpt\">\n\t\t\t<p>15.4 km Length Offshore LNG pipeline rack between land and FSRU structure 20\u2019 LNG pipeline<\/p>\n\t\t<\/div>\n\t\t\n\t\t<a class=\"elementor-post__read-more\" href=\"https:\/\/www.proes.es\/en\/ingenieria-para-un-nuevo-rack-de-tuberias-de-gnl-en-indonesia\/\" aria-label=\"Read more about Ingenier\u00eda para un nuevo rack de tuber\u00edas de GNL en Indonesia\" tabindex=\"-1\" >\n\t\t\tREAD MORE \u00bb\t\t<\/a>\n\n\t\t\t\t<\/div>\n\t\t\t\t<\/article>\n\t\t\t\t<article class=\"elementor-post elementor-grid-item post-48391 post type-post status-publish format-standard has-post-thumbnail hentry category-instalaciones_industriales tag-guatemala\" role=\"listitem\">\n\t\t\t\t<a class=\"elementor-post__thumbnail__link\" href=\"https:\/\/www.proes.es\/en\/ingenieria-de-detalle-de-instalaciones-en-la-terminal-de-contenedores-de-puerto-quetzal-guatemala\/\" tabindex=\"-1\" >\n\t\t\t<div class=\"elementor-post__thumbnail\"><img loading=\"lazy\" decoding=\"async\" width=\"300\" height=\"156\" src=\"https:\/\/www.proes.es\/wp-content\/uploads\/2025\/05\/quetzal-300x156.jpg\" class=\"attachment-medium size-medium wp-image-48536\" alt=\"\" srcset=\"https:\/\/www.proes.es\/wp-content\/uploads\/2025\/05\/quetzal-300x156.jpg 300w, https:\/\/www.proes.es\/wp-content\/uploads\/2025\/05\/quetzal-1024x533.jpg 1024w, https:\/\/www.proes.es\/wp-content\/uploads\/2025\/05\/quetzal-768x400.jpg 768w, https:\/\/www.proes.es\/wp-content\/uploads\/2025\/05\/quetzal-1536x800.jpg 1536w, https:\/\/www.proes.es\/wp-content\/uploads\/2025\/05\/quetzal-18x9.jpg 18w, https:\/\/www.proes.es\/wp-content\/uploads\/2025\/05\/quetzal.jpg 1600w\" sizes=\"(max-width: 300px) 100vw, 300px\" \/><\/div>\n\t\t<\/a>\n\t\t\t\t<div class=\"elementor-post__text\">\n\t\t\t\t<h3 class=\"elementor-post__title\">\n\t\t\t<a href=\"https:\/\/www.proes.es\/en\/ingenieria-de-detalle-de-instalaciones-en-la-terminal-de-contenedores-de-puerto-quetzal-guatemala\/\" >\n\t\t\t\tDetailed engineering of facilities at the Puerto Quetzal container terminal, Guatemala\t\t\t<\/a>\n\t\t<\/h3>\n\t\t\t\t<div class=\"elementor-post__meta-data\">\n\t\t\t\t\t<span class=\"elementor-post-date\">\n\t\t\t6 de May de 2025\t\t<\/span>\n\t\t\t\t<span class=\"elementor-post-avatar\">\n\t\t\tNo Comments\t\t<\/span>\n\t\t\t\t<\/div>\n\t\t\t\t<div class=\"elementor-post__excerpt\">\n\t\t\t<p>6 columns, 40 m Lighting Electrical supply: HV\/MV Substation: 69\/13.2 kV 10 MVA, 2 MV\/LV Substations: 13.2 kV\/480 V (750 kVA, 2,000 kVA) and Design<\/p>\n\t\t<\/div>\n\t\t\n\t\t<a class=\"elementor-post__read-more\" href=\"https:\/\/www.proes.es\/en\/ingenieria-de-detalle-de-instalaciones-en-la-terminal-de-contenedores-de-puerto-quetzal-guatemala\/\" aria-label=\"Read more about Ingenier\u00eda de detalle de instalaciones en la terminal de contenedores de Puerto Quetzal, Guatemala\" tabindex=\"-1\" >\n\t\t\tREAD MORE \u00bb\t\t<\/a>\n\n\t\t\t\t<\/div>\n\t\t\t\t<\/article>\n\t\t\t\t<article class=\"elementor-post elementor-grid-item post-48381 post type-post status-publish format-standard has-post-thumbnail hentry category-edificacion tag-espana\" role=\"listitem\">\n\t\t\t\t<a class=\"elementor-post__thumbnail__link\" href=\"https:\/\/www.proes.es\/en\/estudio-de-alternativas-y-proyecto-constructivo-de-pasos-entre-andenes-pais-vasco\/\" tabindex=\"-1\" >\n\t\t\t<div class=\"elementor-post__thumbnail\"><img loading=\"lazy\" decoding=\"async\" width=\"300\" height=\"101\" src=\"https:\/\/www.proes.es\/wp-content\/uploads\/2025\/05\/Pvasco-300x101.jpg\" class=\"attachment-medium size-medium wp-image-48395\" alt=\"\" srcset=\"https:\/\/www.proes.es\/wp-content\/uploads\/2025\/05\/Pvasco-300x101.jpg 300w, https:\/\/www.proes.es\/wp-content\/uploads\/2025\/05\/Pvasco-1024x346.jpg 1024w, https:\/\/www.proes.es\/wp-content\/uploads\/2025\/05\/Pvasco-768x260.jpg 768w, https:\/\/www.proes.es\/wp-content\/uploads\/2025\/05\/Pvasco-18x6.jpg 18w, https:\/\/www.proes.es\/wp-content\/uploads\/2025\/05\/Pvasco.jpg 1450w\" sizes=\"(max-width: 300px) 100vw, 300px\" \/><\/div>\n\t\t<\/a>\n\t\t\t\t<div class=\"elementor-post__text\">\n\t\t\t\t<h3 class=\"elementor-post__title\">\n\t\t\t<a href=\"https:\/\/www.proes.es\/en\/estudio-de-alternativas-y-proyecto-constructivo-de-pasos-entre-andenes-pais-vasco\/\" >\n\t\t\t\tStudy of alternatives and construction project for platform crossings, Basque Country\t\t\t<\/a>\n\t\t<\/h3>\n\t\t\t\t<div class=\"elementor-post__meta-data\">\n\t\t\t\t\t<span class=\"elementor-post-date\">\n\t\t\t6 de May de 2025\t\t<\/span>\n\t\t\t\t<span class=\"elementor-post-avatar\">\n\t\t\tNo Comments\t\t<\/span>\n\t\t\t\t<\/div>\n\t\t\t\t<div class=\"elementor-post__excerpt\">\n\t\t\t<p>The aim is to improve safety at the crossing between platforms at 10 stations. Data collection and study of alternatives with<\/p>\n\t\t<\/div>\n\t\t\n\t\t<a class=\"elementor-post__read-more\" href=\"https:\/\/www.proes.es\/en\/estudio-de-alternativas-y-proyecto-constructivo-de-pasos-entre-andenes-pais-vasco\/\" aria-label=\"Read more about Estudio de alternativas y proyecto constructivo de pasos entre andenes, Pa\u00eds Vasco\" tabindex=\"-1\" >\n\t\t\tREAD MORE \u00bb\t\t<\/a>\n\n\t\t\t\t<\/div>\n\t\t\t\t<\/article>\n\t\t\t\t<article class=\"elementor-post elementor-grid-item post-48367 post type-post status-publish format-standard has-post-thumbnail hentry category-infraestructuras-del-transporte-terrestre tag-espana\" role=\"listitem\">\n\t\t\t\t<a class=\"elementor-post__thumbnail__link\" href=\"https:\/\/www.proes.es\/en\/plataforma-de-la-linea-de-ave-palencia-aguilar-de-campoo-osorno-calahorra-de-boedo\/\" tabindex=\"-1\" >\n\t\t\t<div class=\"elementor-post__thumbnail\"><img loading=\"lazy\" decoding=\"async\" width=\"300\" height=\"169\" src=\"https:\/\/www.proes.es\/wp-content\/uploads\/2025\/05\/IMG_20231010_125126-300x169.jpg\" class=\"attachment-medium size-medium wp-image-48377\" alt=\"\" srcset=\"https:\/\/www.proes.es\/wp-content\/uploads\/2025\/05\/IMG_20231010_125126-300x169.jpg 300w, https:\/\/www.proes.es\/wp-content\/uploads\/2025\/05\/IMG_20231010_125126-1024x577.jpg 1024w, https:\/\/www.proes.es\/wp-content\/uploads\/2025\/05\/IMG_20231010_125126-768x433.jpg 768w, https:\/\/www.proes.es\/wp-content\/uploads\/2025\/05\/IMG_20231010_125126-1536x866.jpg 1536w, https:\/\/www.proes.es\/wp-content\/uploads\/2025\/05\/IMG_20231010_125126-2048x1155.jpg 2048w, https:\/\/www.proes.es\/wp-content\/uploads\/2025\/05\/IMG_20231010_125126-18x10.jpg 18w\" sizes=\"(max-width: 300px) 100vw, 300px\" \/><\/div>\n\t\t<\/a>\n\t\t\t\t<div class=\"elementor-post__text\">\n\t\t\t\t<h3 class=\"elementor-post__title\">\n\t\t\t<a href=\"https:\/\/www.proes.es\/en\/plataforma-de-la-linea-de-ave-palencia-aguilar-de-campoo-osorno-calahorra-de-boedo\/\" >\n\t\t\t\tPlatform of the high-speed railway line Palencia-Aguilar de Campoo: Osorno- Calahorra de Boedo\t\t\t<\/a>\n\t\t<\/h3>\n\t\t\t\t<div class=\"elementor-post__meta-data\">\n\t\t\t\t\t<span class=\"elementor-post-date\">\n\t\t\t6 de May de 2025\t\t<\/span>\n\t\t\t\t<span class=\"elementor-post-avatar\">\n\t\t\tNo Comments\t\t<\/span>\n\t\t\t\t<\/div>\n\t\t\t\t<div class=\"elementor-post__excerpt\">\n\t\t\t<p>20,725.760 m platform 350 km\/h V max This is the Consultancy and Technical Assistance for the Control of the Construction Project Works.<\/p>\n\t\t<\/div>\n\t\t\n\t\t<a class=\"elementor-post__read-more\" href=\"https:\/\/www.proes.es\/en\/plataforma-de-la-linea-de-ave-palencia-aguilar-de-campoo-osorno-calahorra-de-boedo\/\" aria-label=\"Read more about Plataforma de la L\u00ednea de AVE Palencia-Aguilar de Campoo: Osorno- Calahorra de Boedo\" tabindex=\"-1\" >\n\t\t\tREAD MORE \u00bb\t\t<\/a>\n\n\t\t\t\t<\/div>\n\t\t\t\t<\/article>\n\t\t\t\t<article class=\"elementor-post elementor-grid-item post-48352 post type-post status-publish format-standard has-post-thumbnail hentry category-diseno-de-infraestructuras-maritimas tag-peru\" role=\"listitem\">\n\t\t\t\t<a class=\"elementor-post__thumbnail__link\" href=\"https:\/\/www.proes.es\/en\/nueva-terminal-monoboya-y-remodelacion-de-las-multimoya-en-la-pampilla-peru\/\" tabindex=\"-1\" >\n\t\t\t<div class=\"elementor-post__thumbnail\"><img loading=\"lazy\" decoding=\"async\" width=\"300\" height=\"138\" src=\"https:\/\/www.proes.es\/wp-content\/uploads\/2025\/05\/La-Pampilla1-300x138.jpg\" class=\"attachment-medium size-medium wp-image-49372\" alt=\"\" srcset=\"https:\/\/www.proes.es\/wp-content\/uploads\/2025\/05\/La-Pampilla1-300x138.jpg 300w, https:\/\/www.proes.es\/wp-content\/uploads\/2025\/05\/La-Pampilla1-768x352.jpg 768w, https:\/\/www.proes.es\/wp-content\/uploads\/2025\/05\/La-Pampilla1-18x8.jpg 18w, https:\/\/www.proes.es\/wp-content\/uploads\/2025\/05\/La-Pampilla1.jpg 960w\" sizes=\"(max-width: 300px) 100vw, 300px\" \/><\/div>\n\t\t<\/a>\n\t\t\t\t<div class=\"elementor-post__text\">\n\t\t\t\t<h3 class=\"elementor-post__title\">\n\t\t\t<a href=\"https:\/\/www.proes.es\/en\/nueva-terminal-monoboya-y-remodelacion-de-las-multimoya-en-la-pampilla-peru\/\" >\n\t\t\t\tNew single-buoy terminal and refurbishment of the multi-multi-ship terminal at La Pampilla, Peru\t\t\t<\/a>\n\t\t<\/h3>\n\t\t\t\t<div class=\"elementor-post__meta-data\">\n\t\t\t\t\t<span class=\"elementor-post-date\">\n\t\t\t6 de May de 2025\t\t<\/span>\n\t\t\t\t<span class=\"elementor-post-avatar\">\n\t\t\tNo Comments\t\t<\/span>\n\t\t\t\t<\/div>\n\t\t\t\t<div class=\"elementor-post__excerpt\">\n\t\t\t<p>4.5 km length of pipelines 2.240.000 \u20ac PEM New T4 Terminal for loading and unloading of oil, monobuoy type: 2 pipelines (sealines) of 18\u2019 and 4.5<\/p>\n\t\t<\/div>\n\t\t\n\t\t<a class=\"elementor-post__read-more\" href=\"https:\/\/www.proes.es\/en\/nueva-terminal-monoboya-y-remodelacion-de-las-multimoya-en-la-pampilla-peru\/\" aria-label=\"Read more about Nueva terminal monoboya y remodelaci\u00f3n de las multimoya en La Pampilla, Per\u00fa\" tabindex=\"-1\" >\n\t\t\tREAD MORE \u00bb\t\t<\/a>\n\n\t\t\t\t<\/div>\n\t\t\t\t<\/article>\n\t\t\t\t<article class=\"elementor-post elementor-grid-item post-48337 post type-post status-publish format-standard has-post-thumbnail hentry category-regeneracion-de-playas-y-zonas-litorales tag-peru\" role=\"listitem\">\n\t\t\t\t<a class=\"elementor-post__thumbnail__link\" href=\"https:\/\/www.proes.es\/en\/diseno-de-procedimiento-de-habitat-marino-costero-peru\/\" tabindex=\"-1\" >\n\t\t\t<div class=\"elementor-post__thumbnail\"><img loading=\"lazy\" decoding=\"async\" width=\"300\" height=\"200\" src=\"https:\/\/www.proes.es\/wp-content\/uploads\/2025\/05\/Que-caracteriza-a-la-costa-peruana-300x200.jpg\" class=\"attachment-medium size-medium wp-image-48348\" alt=\"\" srcset=\"https:\/\/www.proes.es\/wp-content\/uploads\/2025\/05\/Que-caracteriza-a-la-costa-peruana-300x200.jpg 300w, https:\/\/www.proes.es\/wp-content\/uploads\/2025\/05\/Que-caracteriza-a-la-costa-peruana-1024x683.jpg 1024w, https:\/\/www.proes.es\/wp-content\/uploads\/2025\/05\/Que-caracteriza-a-la-costa-peruana-768x512.jpg 768w, https:\/\/www.proes.es\/wp-content\/uploads\/2025\/05\/Que-caracteriza-a-la-costa-peruana-1536x1024.jpg 1536w, https:\/\/www.proes.es\/wp-content\/uploads\/2025\/05\/Que-caracteriza-a-la-costa-peruana-18x12.jpg 18w, https:\/\/www.proes.es\/wp-content\/uploads\/2025\/05\/Que-caracteriza-a-la-costa-peruana.jpg 1800w\" sizes=\"(max-width: 300px) 100vw, 300px\" \/><\/div>\n\t\t<\/a>\n\t\t\t\t<div class=\"elementor-post__text\">\n\t\t\t\t<h3 class=\"elementor-post__title\">\n\t\t\t<a href=\"https:\/\/www.proes.es\/en\/diseno-de-procedimiento-de-habitat-marino-costero-peru\/\" >\n\t\t\t\tCoastal marine habitat procedural design, Peru\t\t\t<\/a>\n\t\t<\/h3>\n\t\t\t\t<div class=\"elementor-post__meta-data\">\n\t\t\t\t\t<span class=\"elementor-post-date\">\n\t\t\t6 de May de 2025\t\t<\/span>\n\t\t\t\t<span class=\"elementor-post-avatar\">\n\t\t\tNo Comments\t\t<\/span>\n\t\t\t\t<\/div>\n\t\t\t\t<div class=\"elementor-post__excerpt\">\n\t\t\t<p>The design and elaboration of the methodologies for carrying out the study has met the following objectives: To provide a basic methodological tool for the understanding of<\/p>\n\t\t<\/div>\n\t\t\n\t\t<a class=\"elementor-post__read-more\" href=\"https:\/\/www.proes.es\/en\/diseno-de-procedimiento-de-habitat-marino-costero-peru\/\" aria-label=\"Read more about Dise\u00f1o de procedimiento de h\u00e1bitat marino costero, Per\u00fa\" tabindex=\"-1\" >\n\t\t\tREAD MORE \u00bb\t\t<\/a>\n\n\t\t\t\t<\/div>\n\t\t\t\t<\/article>\n\t\t\t\t<article class=\"elementor-post elementor-grid-item post-48328 post type-post status-publish format-standard has-post-thumbnail hentry category-regeneracion-de-playas-y-zonas-litorales tag-espana\" role=\"listitem\">\n\t\t\t\t<a class=\"elementor-post__thumbnail__link\" href=\"https:\/\/www.proes.es\/en\/estudios-metoceanicos-para-el-proyecto-puertoamor\/\" tabindex=\"-1\" >\n\t\t\t<div class=\"elementor-post__thumbnail\"><img loading=\"lazy\" decoding=\"async\" width=\"300\" height=\"108\" src=\"https:\/\/www.proes.es\/wp-content\/uploads\/2025\/05\/puertoamor-300x108.jpg\" class=\"attachment-medium size-medium wp-image-48330\" alt=\"\" srcset=\"https:\/\/www.proes.es\/wp-content\/uploads\/2025\/05\/puertoamor-300x108.jpg 300w, https:\/\/www.proes.es\/wp-content\/uploads\/2025\/05\/puertoamor-1024x369.jpg 1024w, https:\/\/www.proes.es\/wp-content\/uploads\/2025\/05\/puertoamor-768x277.jpg 768w, https:\/\/www.proes.es\/wp-content\/uploads\/2025\/05\/puertoamor-18x6.jpg 18w, https:\/\/www.proes.es\/wp-content\/uploads\/2025\/05\/puertoamor.jpg 1456w\" sizes=\"(max-width: 300px) 100vw, 300px\" \/><\/div>\n\t\t<\/a>\n\t\t\t\t<div class=\"elementor-post__text\">\n\t\t\t\t<h3 class=\"elementor-post__title\">\n\t\t\t<a href=\"https:\/\/www.proes.es\/en\/estudios-metoceanicos-para-el-proyecto-puertoamor\/\" >\n\t\t\t\tMetocean studies for the Puertoamor project\t\t\t<\/a>\n\t\t<\/h3>\n\t\t\t\t<div class=\"elementor-post__meta-data\">\n\t\t\t\t\t<span class=\"elementor-post-date\">\n\t\t\t6 de May de 2025\t\t<\/span>\n\t\t\t\t<span class=\"elementor-post-avatar\">\n\t\t\tNo Comments\t\t<\/span>\n\t\t\t\t<\/div>\n\t\t\t\t<div class=\"elementor-post__excerpt\">\n\t\t\t<p>Alteration of the waves induced by the configuration of new protective dykes Design of port spaces. Renovation<\/p>\n\t\t<\/div>\n\t\t\n\t\t<a class=\"elementor-post__read-more\" href=\"https:\/\/www.proes.es\/en\/estudios-metoceanicos-para-el-proyecto-puertoamor\/\" aria-label=\"Read more about Estudios metoce\u00e1nicos para el proyecto Puertoamor\" tabindex=\"-1\" >\n\t\t\tREAD MORE \u00bb\t\t<\/a>\n\n\t\t\t\t<\/div>\n\t\t\t\t<\/article>\n\t\t\t\t<article class=\"elementor-post elementor-grid-item post-48316 post type-post status-publish format-standard has-post-thumbnail hentry category-regeneracion-de-playas-y-zonas-litorales tag-espana\" role=\"listitem\">\n\t\t\t\t<a class=\"elementor-post__thumbnail__link\" href=\"https:\/\/www.proes.es\/en\/plan-director-para-la-gestion-del-sostenimiento-de-la-costa-de-baleares\/\" tabindex=\"-1\" >\n\t\t\t<div class=\"elementor-post__thumbnail\"><img loading=\"lazy\" decoding=\"async\" width=\"300\" height=\"129\" src=\"https:\/\/www.proes.es\/wp-content\/uploads\/2025\/05\/baleares-300x129.png\" class=\"attachment-medium size-medium wp-image-48318\" alt=\"\" srcset=\"https:\/\/www.proes.es\/wp-content\/uploads\/2025\/05\/baleares-300x129.png 300w, https:\/\/www.proes.es\/wp-content\/uploads\/2025\/05\/baleares-1024x439.png 1024w, https:\/\/www.proes.es\/wp-content\/uploads\/2025\/05\/baleares-768x329.png 768w, https:\/\/www.proes.es\/wp-content\/uploads\/2025\/05\/baleares-18x8.png 18w, https:\/\/www.proes.es\/wp-content\/uploads\/2025\/05\/baleares.png 1400w\" sizes=\"(max-width: 300px) 100vw, 300px\" \/><\/div>\n\t\t<\/a>\n\t\t\t\t<div class=\"elementor-post__text\">\n\t\t\t\t<h3 class=\"elementor-post__title\">\n\t\t\t<a href=\"https:\/\/www.proes.es\/en\/plan-director-para-la-gestion-del-sostenimiento-de-la-costa-de-baleares\/\" >\n\t\t\t\tMaster Plan for the management of the sustainability of the Balearic coastline\t\t\t<\/a>\n\t\t<\/h3>\n\t\t\t\t<div class=\"elementor-post__meta-data\">\n\t\t\t\t\t<span class=\"elementor-post-date\">\n\t\t\t6 de May de 2025\t\t<\/span>\n\t\t\t\t<span class=\"elementor-post-avatar\">\n\t\t\tNo Comments\t\t<\/span>\n\t\t\t\t<\/div>\n\t\t\t\t<div class=\"elementor-post__excerpt\">\n\t\t\t<p>30.000.000 \u20ac EMP The following is carried out by proes: Integrated management of the coast Territorial division into Integrated Management Units<\/p>\n\t\t<\/div>\n\t\t\n\t\t<a class=\"elementor-post__read-more\" href=\"https:\/\/www.proes.es\/en\/plan-director-para-la-gestion-del-sostenimiento-de-la-costa-de-baleares\/\" aria-label=\"Read more about Plan Director para la gesti\u00f3n del sostenimiento de la Costa de Baleares\" tabindex=\"-1\" >\n\t\t\tREAD MORE \u00bb\t\t<\/a>\n\n\t\t\t\t<\/div>\n\t\t\t\t<\/article>\n\t\t\t\t<article class=\"elementor-post elementor-grid-item post-48296 post type-post status-publish format-standard has-post-thumbnail hentry category-medioambiente tag-espana\" role=\"listitem\">\n\t\t\t\t<a class=\"elementor-post__thumbnail__link\" href=\"https:\/\/www.proes.es\/en\/proyecto-idi-de-energias-oceanicas-cenit-ocean-lider\/\" tabindex=\"-1\" >\n\t\t\t<div class=\"elementor-post__thumbnail\"><img loading=\"lazy\" decoding=\"async\" width=\"300\" height=\"201\" src=\"https:\/\/www.proes.es\/wp-content\/uploads\/2025\/05\/22008152-300x201.jpg\" class=\"attachment-medium size-medium wp-image-48312\" alt=\"\" srcset=\"https:\/\/www.proes.es\/wp-content\/uploads\/2025\/05\/22008152-300x201.jpg 300w, https:\/\/www.proes.es\/wp-content\/uploads\/2025\/05\/22008152-1024x686.jpg 1024w, https:\/\/www.proes.es\/wp-content\/uploads\/2025\/05\/22008152-768x514.jpg 768w, https:\/\/www.proes.es\/wp-content\/uploads\/2025\/05\/22008152-1536x1028.jpg 1536w, https:\/\/www.proes.es\/wp-content\/uploads\/2025\/05\/22008152-18x12.jpg 18w, https:\/\/www.proes.es\/wp-content\/uploads\/2025\/05\/22008152.jpg 2000w\" sizes=\"(max-width: 300px) 100vw, 300px\" \/><\/div>\n\t\t<\/a>\n\t\t\t\t<div class=\"elementor-post__text\">\n\t\t\t\t<h3 class=\"elementor-post__title\">\n\t\t\t<a href=\"https:\/\/www.proes.es\/en\/proyecto-idi-de-energias-oceanicas-cenit-ocean-lider\/\" >\n\t\t\t\tProyecto I+D+i de energ\u00edas oce\u00e1nicas Cenit Ocean L\u00edder\t\t\t<\/a>\n\t\t<\/h3>\n\t\t\t\t<div class=\"elementor-post__meta-data\">\n\t\t\t\t\t<span class=\"elementor-post-date\">\n\t\t\t5 de May de 2025\t\t<\/span>\n\t\t\t\t<span class=\"elementor-post-avatar\">\n\t\t\tNo Comments\t\t<\/span>\n\t\t\t\t<\/div>\n\t\t\t\t<div class=\"elementor-post__excerpt\">\n\t\t\t<p>30.000.000 \u20ac EMP Project objective: to achieve the necessary knowledge to enable the efficient use of renewable marine energy from waves and currents.<\/p>\n\t\t<\/div>\n\t\t\n\t\t<a class=\"elementor-post__read-more\" href=\"https:\/\/www.proes.es\/en\/proyecto-idi-de-energias-oceanicas-cenit-ocean-lider\/\" aria-label=\"Read more about Proyecto I+D+i de energ\u00edas oce\u00e1nicas Cenit Ocean L\u00edder\" tabindex=\"-1\" >\n\t\t\tREAD MORE \u00bb\t\t<\/a>\n\n\t\t\t\t<\/div>\n\t\t\t\t<\/article>\n\t\t\t\t<article class=\"elementor-post elementor-grid-item post-48287 post type-post status-publish format-standard has-post-thumbnail hentry category-medioambiente tag-espana\" role=\"listitem\">\n\t\t\t\t<a class=\"elementor-post__thumbnail__link\" href=\"https:\/\/www.proes.es\/en\/gasoducto-denia-ibiza-san-juan-de-dios\/\" tabindex=\"-1\" >\n\t\t\t<div class=\"elementor-post__thumbnail\"><img loading=\"lazy\" decoding=\"async\" width=\"300\" height=\"168\" src=\"https:\/\/www.proes.es\/wp-content\/uploads\/2025\/05\/93819-300x168.jpg\" class=\"attachment-medium size-medium wp-image-48292\" alt=\"\" srcset=\"https:\/\/www.proes.es\/wp-content\/uploads\/2025\/05\/93819-300x168.jpg 300w, https:\/\/www.proes.es\/wp-content\/uploads\/2025\/05\/93819-1024x574.jpg 1024w, https:\/\/www.proes.es\/wp-content\/uploads\/2025\/05\/93819-768x430.jpg 768w, https:\/\/www.proes.es\/wp-content\/uploads\/2025\/05\/93819-1536x861.jpg 1536w, https:\/\/www.proes.es\/wp-content\/uploads\/2025\/05\/93819-18x10.jpg 18w, https:\/\/www.proes.es\/wp-content\/uploads\/2025\/05\/93819.jpg 2000w\" sizes=\"(max-width: 300px) 100vw, 300px\" \/><\/div>\n\t\t<\/a>\n\t\t\t\t<div class=\"elementor-post__text\">\n\t\t\t\t<h3 class=\"elementor-post__title\">\n\t\t\t<a href=\"https:\/\/www.proes.es\/en\/gasoducto-denia-ibiza-san-juan-de-dios\/\" >\n\t\t\t\tDenia-Ibiza San Juan de Dios Gas Pipeline\t\t\t<\/a>\n\t\t<\/h3>\n\t\t\t\t<div class=\"elementor-post__meta-data\">\n\t\t\t\t\t<span class=\"elementor-post-date\">\n\t\t\t5 de May de 2025\t\t<\/span>\n\t\t\t\t<span class=\"elementor-post-avatar\">\n\t\t\tNo Comments\t\t<\/span>\n\t\t\t\t<\/div>\n\t\t\t\t<div class=\"elementor-post__excerpt\">\n\t\t\t<p>The following studies are carried out: Midoceanic conditions Wave propagation from deep water to the pipeline intake Sedimentary dynamics study<\/p>\n\t\t<\/div>\n\t\t\n\t\t<a class=\"elementor-post__read-more\" href=\"https:\/\/www.proes.es\/en\/gasoducto-denia-ibiza-san-juan-de-dios\/\" aria-label=\"Read more about Gasoducto Denia-Ibiza San Juan de Dios\" tabindex=\"-1\" >\n\t\t\tREAD MORE \u00bb\t\t<\/a>\n\n\t\t\t\t<\/div>\n\t\t\t\t<\/article>\n\t\t\t\t<article class=\"elementor-post elementor-grid-item post-48280 post type-post status-publish format-standard has-post-thumbnail hentry category-instalaciones_industriales tag-espana\" role=\"listitem\">\n\t\t\t\t<a class=\"elementor-post__thumbnail__link\" href=\"https:\/\/www.proes.es\/en\/ingenieria-de-detalle-de-la-urbanizacion-y-viales-de-la-fabrica-ariane-6-airbus\/\" tabindex=\"-1\" >\n\t\t\t<div class=\"elementor-post__thumbnail\"><img loading=\"lazy\" decoding=\"async\" width=\"300\" height=\"110\" src=\"https:\/\/www.proes.es\/wp-content\/uploads\/2025\/05\/Urbanizacion-y-viales-Ariane-6-300x110.jpg\" class=\"attachment-medium size-medium wp-image-48373\" alt=\"\" srcset=\"https:\/\/www.proes.es\/wp-content\/uploads\/2025\/05\/Urbanizacion-y-viales-Ariane-6-300x110.jpg 300w, https:\/\/www.proes.es\/wp-content\/uploads\/2025\/05\/Urbanizacion-y-viales-Ariane-6-18x7.jpg 18w, https:\/\/www.proes.es\/wp-content\/uploads\/2025\/05\/Urbanizacion-y-viales-Ariane-6.jpg 587w\" sizes=\"(max-width: 300px) 100vw, 300px\" \/><\/div>\n\t\t<\/a>\n\t\t\t\t<div class=\"elementor-post__text\">\n\t\t\t\t<h3 class=\"elementor-post__title\">\n\t\t\t<a href=\"https:\/\/www.proes.es\/en\/ingenieria-de-detalle-de-la-urbanizacion-y-viales-de-la-fabrica-ariane-6-airbus\/\" >\n\t\t\t\tDetailed engineering for the urbanization and roadways of the Ariane 6 factory, Airbus\t\t\t<\/a>\n\t\t<\/h3>\n\t\t\t\t<div class=\"elementor-post__meta-data\">\n\t\t\t\t\t<span class=\"elementor-post-date\">\n\t\t\t5 de May de 2025\t\t<\/span>\n\t\t\t\t<span class=\"elementor-post-avatar\">\n\t\t\tNo Comments\t\t<\/span>\n\t\t\t\t<\/div>\n\t\t\t\t<div class=\"elementor-post__excerpt\">\n\t\t\t<p>Dise\u00f1o y proyecto de iluminaci\u00f3n exterior, incluido proyecto el\u00e9ctrico. Instalaciones de riego y protecci\u00f3n contra incendios. Acometida de instalaciones: cableado de media tensi\u00f3n y tuber\u00eda<\/p>\n\t\t<\/div>\n\t\t\n\t\t<a class=\"elementor-post__read-more\" href=\"https:\/\/www.proes.es\/en\/ingenieria-de-detalle-de-la-urbanizacion-y-viales-de-la-fabrica-ariane-6-airbus\/\" aria-label=\"Read more about Ingenier\u00eda de detalle de la urbanizaci\u00f3n y viales de la f\u00e1brica Ariane 6, Airbus\" tabindex=\"-1\" >\n\t\t\tREAD MORE \u00bb\t\t<\/a>\n\n\t\t\t\t<\/div>\n\t\t\t\t<\/article>\n\t\t\t\t<article class=\"elementor-post elementor-grid-item post-48269 post type-post status-publish format-standard has-post-thumbnail hentry category-medioambiente tag-guatemala\" role=\"listitem\">\n\t\t\t\t<a class=\"elementor-post__thumbnail__link\" href=\"https:\/\/www.proes.es\/en\/estudios-de-dinamica-litoral-en-el-entorno-de-puerto-quetzal-guatemala\/\" tabindex=\"-1\" >\n\t\t\t<div class=\"elementor-post__thumbnail\"><img loading=\"lazy\" decoding=\"async\" width=\"300\" height=\"84\" src=\"https:\/\/www.proes.es\/wp-content\/uploads\/2025\/05\/Puerto-Quetzal-Guatemala-300x84.jpg\" class=\"attachment-medium size-medium wp-image-48273\" alt=\"\" srcset=\"https:\/\/www.proes.es\/wp-content\/uploads\/2025\/05\/Puerto-Quetzal-Guatemala-300x84.jpg 300w, https:\/\/www.proes.es\/wp-content\/uploads\/2025\/05\/Puerto-Quetzal-Guatemala-768x216.jpg 768w, https:\/\/www.proes.es\/wp-content\/uploads\/2025\/05\/Puerto-Quetzal-Guatemala-18x5.jpg 18w, https:\/\/www.proes.es\/wp-content\/uploads\/2025\/05\/Puerto-Quetzal-Guatemala.jpg 889w\" sizes=\"(max-width: 300px) 100vw, 300px\" \/><\/div>\n\t\t<\/a>\n\t\t\t\t<div class=\"elementor-post__text\">\n\t\t\t\t<h3 class=\"elementor-post__title\">\n\t\t\t<a href=\"https:\/\/www.proes.es\/en\/estudios-de-dinamica-litoral-en-el-entorno-de-puerto-quetzal-guatemala\/\" >\n\t\t\t\tStudies of coastal dynamics in the area around Puerto Quetzal, Guatemala.\t\t\t<\/a>\n\t\t<\/h3>\n\t\t\t\t<div class=\"elementor-post__meta-data\">\n\t\t\t\t\t<span class=\"elementor-post-date\">\n\t\t\t5 de May de 2025\t\t<\/span>\n\t\t\t\t<span class=\"elementor-post-avatar\">\n\t\t\tNo Comments\t\t<\/span>\n\t\t\t\t<\/div>\n\t\t\t\t<div class=\"elementor-post__excerpt\">\n\t\t\t<p>40 Working Stations In the coastal environment of Puerto Quetzal there is an important sediment imbalance related to both the natural elements existing in the area and the natural elements existing in the area.<\/p>\n\t\t<\/div>\n\t\t\n\t\t<a class=\"elementor-post__read-more\" href=\"https:\/\/www.proes.es\/en\/estudios-de-dinamica-litoral-en-el-entorno-de-puerto-quetzal-guatemala\/\" aria-label=\"Read more about Estudios de din\u00e1mica litoral en el entorno de Puerto Quetzal, Guatemala\" tabindex=\"-1\" >\n\t\t\tREAD MORE \u00bb\t\t<\/a>\n\n\t\t\t\t<\/div>\n\t\t\t\t<\/article>\n\t\t\t\t<article class=\"elementor-post elementor-grid-item post-48255 post type-post status-publish format-standard has-post-thumbnail hentry category-instalaciones_industriales tag-espana\" role=\"listitem\">\n\t\t\t\t<a class=\"elementor-post__thumbnail__link\" href=\"https:\/\/www.proes.es\/en\/ingenieria-de-detalle-para-el-nuevo-edificio-de-oficinas-en-wlc-350-airbus\/\" tabindex=\"-1\" >\n\t\t\t<div class=\"elementor-post__thumbnail\"><img loading=\"lazy\" decoding=\"async\" width=\"300\" height=\"226\" src=\"https:\/\/www.proes.es\/wp-content\/uploads\/2025\/05\/Nuevo-edificio-Airbus-300x226.jpg\" class=\"attachment-medium size-medium wp-image-48257\" alt=\"\" srcset=\"https:\/\/www.proes.es\/wp-content\/uploads\/2025\/05\/Nuevo-edificio-Airbus-300x226.jpg 300w, https:\/\/www.proes.es\/wp-content\/uploads\/2025\/05\/Nuevo-edificio-Airbus-16x12.jpg 16w, https:\/\/www.proes.es\/wp-content\/uploads\/2025\/05\/Nuevo-edificio-Airbus.jpg 435w\" sizes=\"(max-width: 300px) 100vw, 300px\" \/><\/div>\n\t\t<\/a>\n\t\t\t\t<div class=\"elementor-post__text\">\n\t\t\t\t<h3 class=\"elementor-post__title\">\n\t\t\t<a href=\"https:\/\/www.proes.es\/en\/ingenieria-de-detalle-para-el-nuevo-edificio-de-oficinas-en-wlc-350-airbus\/\" >\n\t\t\t\tDetailed engineering for new office building at WLC 350, Airbus\t\t\t<\/a>\n\t\t<\/h3>\n\t\t\t\t<div class=\"elementor-post__meta-data\">\n\t\t\t\t\t<span class=\"elementor-post-date\">\n\t\t\t5 de May de 2025\t\t<\/span>\n\t\t\t\t<span class=\"elementor-post-avatar\">\n\t\t\tNo Comments\t\t<\/span>\n\t\t\t\t<\/div>\n\t\t\t\t<div class=\"elementor-post__excerpt\">\n\t\t\t<p>40 Estaciones de trabajo Nueva sala de oficinas en la zona de cabinas de pintura de la planta de producci\u00f3n del WLC A350. Alberga 40<\/p>\n\t\t<\/div>\n\t\t\n\t\t<a class=\"elementor-post__read-more\" href=\"https:\/\/www.proes.es\/en\/ingenieria-de-detalle-para-el-nuevo-edificio-de-oficinas-en-wlc-350-airbus\/\" aria-label=\"Read more about Ingenier\u00eda de detalle para el nuevo edificio de oficinas en WLC 350, Airbus\" tabindex=\"-1\" >\n\t\t\tREAD MORE \u00bb\t\t<\/a>\n\n\t\t\t\t<\/div>\n\t\t\t\t<\/article>\n\t\t\t\t<article class=\"elementor-post elementor-grid-item post-48246 post type-post status-publish format-standard has-post-thumbnail hentry category-medioambiente tag-espana\" role=\"listitem\">\n\t\t\t\t<a class=\"elementor-post__thumbnail__link\" href=\"https:\/\/www.proes.es\/en\/estandarizacion-de-abastecimiento-de-hidrocarburos\/\" tabindex=\"-1\" >\n\t\t\t<div class=\"elementor-post__thumbnail\"><img loading=\"lazy\" decoding=\"async\" width=\"300\" height=\"149\" src=\"https:\/\/www.proes.es\/wp-content\/uploads\/2025\/05\/ESTAND-HIDROCARBUROS-300x149.jpg\" class=\"attachment-medium size-medium wp-image-48272\" alt=\"\" srcset=\"https:\/\/www.proes.es\/wp-content\/uploads\/2025\/05\/ESTAND-HIDROCARBUROS-300x149.jpg 300w, https:\/\/www.proes.es\/wp-content\/uploads\/2025\/05\/ESTAND-HIDROCARBUROS-1024x507.jpg 1024w, https:\/\/www.proes.es\/wp-content\/uploads\/2025\/05\/ESTAND-HIDROCARBUROS-768x380.jpg 768w, https:\/\/www.proes.es\/wp-content\/uploads\/2025\/05\/ESTAND-HIDROCARBUROS-18x9.jpg 18w, https:\/\/www.proes.es\/wp-content\/uploads\/2025\/05\/ESTAND-HIDROCARBUROS-720x360.jpg 720w, https:\/\/www.proes.es\/wp-content\/uploads\/2025\/05\/ESTAND-HIDROCARBUROS-840x420.jpg 840w, https:\/\/www.proes.es\/wp-content\/uploads\/2025\/05\/ESTAND-HIDROCARBUROS.jpg 1307w\" sizes=\"(max-width: 300px) 100vw, 300px\" \/><\/div>\n\t\t<\/a>\n\t\t\t\t<div class=\"elementor-post__text\">\n\t\t\t\t<h3 class=\"elementor-post__title\">\n\t\t\t<a href=\"https:\/\/www.proes.es\/en\/estandarizacion-de-abastecimiento-de-hidrocarburos\/\" >\n\t\t\t\tStandardization of hydrocarbon supply\t\t\t<\/a>\n\t\t<\/h3>\n\t\t\t\t<div class=\"elementor-post__meta-data\">\n\t\t\t\t\t<span class=\"elementor-post-date\">\n\t\t\t5 de May de 2025\t\t<\/span>\n\t\t\t\t<span class=\"elementor-post-avatar\">\n\t\t\tNo Comments\t\t<\/span>\n\t\t\t\t<\/div>\n\t\t\t\t<div class=\"elementor-post__excerpt\">\n\t\t\t<p>Numerical prediction model for monitoring oil spills in the port of Almeria. Development of the contingency plan for oil spills. \u00a0<\/p>\n\t\t<\/div>\n\t\t\n\t\t<a class=\"elementor-post__read-more\" href=\"https:\/\/www.proes.es\/en\/estandarizacion-de-abastecimiento-de-hidrocarburos\/\" aria-label=\"Read more about Estandarizaci\u00f3n de abastecimiento de hidrocarburos\" tabindex=\"-1\" >\n\t\t\tREAD MORE \u00bb\t\t<\/a>\n\n\t\t\t\t<\/div>\n\t\t\t\t<\/article>\n\t\t\t\t<article class=\"elementor-post elementor-grid-item post-48236 post type-post status-publish format-standard has-post-thumbnail hentry category-ingenieria-de-parques-eolicos-offshore tag-espana\" role=\"listitem\">\n\t\t\t\t<a class=\"elementor-post__thumbnail__link\" href=\"https:\/\/www.proes.es\/en\/cimentacion-por-gravedad-diseno-de-parques-eolicos-marinos\/\" tabindex=\"-1\" >\n\t\t\t<div class=\"elementor-post__thumbnail\"><img loading=\"lazy\" decoding=\"async\" width=\"300\" height=\"229\" src=\"https:\/\/www.proes.es\/wp-content\/uploads\/2025\/05\/Imagen1-300x229.jpg\" class=\"attachment-medium size-medium wp-image-48242\" alt=\"\" srcset=\"https:\/\/www.proes.es\/wp-content\/uploads\/2025\/05\/Imagen1-300x229.jpg 300w, https:\/\/www.proes.es\/wp-content\/uploads\/2025\/05\/Imagen1-16x12.jpg 16w, https:\/\/www.proes.es\/wp-content\/uploads\/2025\/05\/Imagen1.jpg 548w\" sizes=\"(max-width: 300px) 100vw, 300px\" \/><\/div>\n\t\t<\/a>\n\t\t\t\t<div class=\"elementor-post__text\">\n\t\t\t\t<h3 class=\"elementor-post__title\">\n\t\t\t<a href=\"https:\/\/www.proes.es\/en\/cimentacion-por-gravedad-diseno-de-parques-eolicos-marinos\/\" >\n\t\t\t\tGravity foundations - offshore wind farm design\t\t\t<\/a>\n\t\t<\/h3>\n\t\t\t\t<div class=\"elementor-post__meta-data\">\n\t\t\t\t\t<span class=\"elementor-post-date\">\n\t\t\t5 de May de 2025\t\t<\/span>\n\t\t\t\t<span class=\"elementor-post-avatar\">\n\t\t\tNo Comments\t\t<\/span>\n\t\t\t\t<\/div>\n\t\t\t\t<div class=\"elementor-post__excerpt\">\n\t\t\t<p>The studies to be carried out in order to obtain metoceanic design bases, will be developed as part of the basic design work for<\/p>\n\t\t<\/div>\n\t\t\n\t\t<a class=\"elementor-post__read-more\" href=\"https:\/\/www.proes.es\/en\/cimentacion-por-gravedad-diseno-de-parques-eolicos-marinos\/\" aria-label=\"Read more about Cimentaci\u00f3n por gravedad-dise\u00f1o de parques e\u00f3licos marinos\" tabindex=\"-1\" >\n\t\t\tREAD MORE \u00bb\t\t<\/a>\n\n\t\t\t\t<\/div>\n\t\t\t\t<\/article>\n\t\t\t\t<article class=\"elementor-post elementor-grid-item post-48215 post type-post status-publish format-standard has-post-thumbnail hentry category-instalaciones_industriales tag-espana\" role=\"listitem\">\n\t\t\t\t<a class=\"elementor-post__thumbnail__link\" href=\"https:\/\/www.proes.es\/en\/ingenieria-de-detalle-de-la-linea-ferrea-sevilla-cadiz-bajo-de-cabezuela\/\" tabindex=\"-1\" >\n\t\t\t<div class=\"elementor-post__thumbnail\"><img loading=\"lazy\" decoding=\"async\" width=\"300\" height=\"200\" src=\"https:\/\/www.proes.es\/wp-content\/uploads\/2025\/05\/obras-cabezuela11-300x200.jpg\" class=\"attachment-medium size-medium wp-image-48552\" alt=\"\" srcset=\"https:\/\/www.proes.es\/wp-content\/uploads\/2025\/05\/obras-cabezuela11-300x200.jpg 300w, https:\/\/www.proes.es\/wp-content\/uploads\/2025\/05\/obras-cabezuela11-1024x683.jpg 1024w, https:\/\/www.proes.es\/wp-content\/uploads\/2025\/05\/obras-cabezuela11-768x512.jpg 768w, https:\/\/www.proes.es\/wp-content\/uploads\/2025\/05\/obras-cabezuela11-18x12.jpg 18w, https:\/\/www.proes.es\/wp-content\/uploads\/2025\/05\/obras-cabezuela11.jpg 1374w\" sizes=\"(max-width: 300px) 100vw, 300px\" \/><\/div>\n\t\t<\/a>\n\t\t\t\t<div class=\"elementor-post__text\">\n\t\t\t\t<h3 class=\"elementor-post__title\">\n\t\t\t<a href=\"https:\/\/www.proes.es\/en\/ingenieria-de-detalle-de-la-linea-ferrea-sevilla-cadiz-bajo-de-cabezuela\/\" >\n\t\t\t\tDetailed engineering of the Seville-C\u00e1diz railroad line, Bajo de Cabezuela.\t\t\t<\/a>\n\t\t<\/h3>\n\t\t\t\t<div class=\"elementor-post__meta-data\">\n\t\t\t\t\t<span class=\"elementor-post-date\">\n\t\t\t5 de May de 2025\t\t<\/span>\n\t\t\t\t<span class=\"elementor-post-avatar\">\n\t\t\tNo Comments\t\t<\/span>\n\t\t\t\t<\/div>\n\t\t\t\t<div class=\"elementor-post__excerpt\">\n\t\t\t<p>66 kV L\u00edneas el\u00e9ctricas de alta tensi\u00f3n Los servicios afectados por la nueva l\u00ednea ferroviaria se analizaron y resolvieron de acuerdo con los siguientes organismos:<\/p>\n\t\t<\/div>\n\t\t\n\t\t<a class=\"elementor-post__read-more\" href=\"https:\/\/www.proes.es\/en\/ingenieria-de-detalle-de-la-linea-ferrea-sevilla-cadiz-bajo-de-cabezuela\/\" aria-label=\"Read more about Ingenier\u00eda de detalle de la l\u00ednea f\u00e9rrea Sevilla-C\u00e1diz, Bajo de Cabezuela\" tabindex=\"-1\" >\n\t\t\tREAD MORE \u00bb\t\t<\/a>\n\n\t\t\t\t<\/div>\n\t\t\t\t<\/article>\n\t\t\t\t<article class=\"elementor-post elementor-grid-item post-48219 post type-post status-publish format-standard has-post-thumbnail hentry category-instalaciones_industriales tag-espana\" role=\"listitem\">\n\t\t\t\t<a class=\"elementor-post__thumbnail__link\" href=\"https:\/\/www.proes.es\/en\/ingenieria-de-la-terminal-de-almacenamiento-y-distribucion-de-hidrocarburos\/\" tabindex=\"-1\" >\n\t\t\t<div class=\"elementor-post__thumbnail\"><img loading=\"lazy\" decoding=\"async\" width=\"300\" height=\"169\" src=\"https:\/\/www.proes.es\/wp-content\/uploads\/2025\/05\/f.elconfidencial.com_original_4c1_ee9_8ea_4c1ee98ea8f643f90e304eb2027f59da-300x169.jpg\" class=\"attachment-medium size-medium wp-image-48232\" alt=\"\" srcset=\"https:\/\/www.proes.es\/wp-content\/uploads\/2025\/05\/f.elconfidencial.com_original_4c1_ee9_8ea_4c1ee98ea8f643f90e304eb2027f59da-300x169.jpg 300w, https:\/\/www.proes.es\/wp-content\/uploads\/2025\/05\/f.elconfidencial.com_original_4c1_ee9_8ea_4c1ee98ea8f643f90e304eb2027f59da-1024x576.jpg 1024w, https:\/\/www.proes.es\/wp-content\/uploads\/2025\/05\/f.elconfidencial.com_original_4c1_ee9_8ea_4c1ee98ea8f643f90e304eb2027f59da-768x432.jpg 768w, https:\/\/www.proes.es\/wp-content\/uploads\/2025\/05\/f.elconfidencial.com_original_4c1_ee9_8ea_4c1ee98ea8f643f90e304eb2027f59da-18x10.jpg 18w, https:\/\/www.proes.es\/wp-content\/uploads\/2025\/05\/f.elconfidencial.com_original_4c1_ee9_8ea_4c1ee98ea8f643f90e304eb2027f59da.jpg 1200w\" sizes=\"(max-width: 300px) 100vw, 300px\" \/><\/div>\n\t\t<\/a>\n\t\t\t\t<div class=\"elementor-post__text\">\n\t\t\t\t<h3 class=\"elementor-post__title\">\n\t\t\t<a href=\"https:\/\/www.proes.es\/en\/ingenieria-de-la-terminal-de-almacenamiento-y-distribucion-de-hidrocarburos\/\" >\n\t\t\t\tPipeline engineering design of the hydrocarbon storage and distribution terminal, port of Algeciras\t\t\t<\/a>\n\t\t<\/h3>\n\t\t\t\t<div class=\"elementor-post__meta-data\">\n\t\t\t\t\t<span class=\"elementor-post-date\">\n\t\t\t5 de May de 2025\t\t<\/span>\n\t\t\t\t<span class=\"elementor-post-avatar\">\n\t\t\tNo Comments\t\t<\/span>\n\t\t\t\t<\/div>\n\t\t\t\t<div class=\"elementor-post__excerpt\">\n\t\t\t<p>Dise\u00f1o de tuber\u00edas, incluyendo soportes y c\u00e1lculo de esfuerzos para 11 tuber\u00edas de hidrocarburos (gasolina, fuel y di\u00e9sel), agua potable y protecci\u00f3n contra incendios (di\u00e1metros<\/p>\n\t\t<\/div>\n\t\t\n\t\t<a class=\"elementor-post__read-more\" href=\"https:\/\/www.proes.es\/en\/ingenieria-de-la-terminal-de-almacenamiento-y-distribucion-de-hidrocarburos\/\" aria-label=\"Read more about Dise\u00f1o de la ingenier\u00eda de conductos de la terminal de almacenamiento y distribuci\u00f3n de hidrocarburos, puerto de Algeciras\" tabindex=\"-1\" >\n\t\t\tREAD MORE \u00bb\t\t<\/a>\n\n\t\t\t\t<\/div>\n\t\t\t\t<\/article>\n\t\t\t\t<article class=\"elementor-post elementor-grid-item post-48202 post type-post status-publish format-standard has-post-thumbnail hentry category-supervision-de-proyectos-y-ejecucion-de-obras tag-argelia\" role=\"listitem\">\n\t\t\t\t<a class=\"elementor-post__thumbnail__link\" href=\"https:\/\/www.proes.es\/en\/asistencia-tecnica-a-la-terminal-de-contenedores-de-djen-djen-argelia\/\" tabindex=\"-1\" >\n\t\t\t<div class=\"elementor-post__thumbnail\"><img loading=\"lazy\" decoding=\"async\" width=\"300\" height=\"107\" src=\"https:\/\/www.proes.es\/wp-content\/uploads\/2025\/04\/Djen-Djen-300x107.jpg\" class=\"attachment-medium size-medium wp-image-49458\" alt=\"\" srcset=\"https:\/\/www.proes.es\/wp-content\/uploads\/2025\/04\/Djen-Djen-300x107.jpg 300w, https:\/\/www.proes.es\/wp-content\/uploads\/2025\/04\/Djen-Djen-768x274.jpg 768w, https:\/\/www.proes.es\/wp-content\/uploads\/2025\/04\/Djen-Djen-18x6.jpg 18w, https:\/\/www.proes.es\/wp-content\/uploads\/2025\/04\/Djen-Djen.jpg 886w\" sizes=\"(max-width: 300px) 100vw, 300px\" \/><\/div>\n\t\t<\/a>\n\t\t\t\t<div class=\"elementor-post__text\">\n\t\t\t\t<h3 class=\"elementor-post__title\">\n\t\t\t<a href=\"https:\/\/www.proes.es\/en\/asistencia-tecnica-a-la-terminal-de-contenedores-de-djen-djen-argelia\/\" >\n\t\t\t\tTechnical Assistance to the Djen Djen Container Terminal, Algeria\t\t\t<\/a>\n\t\t<\/h3>\n\t\t\t\t<div class=\"elementor-post__meta-data\">\n\t\t\t\t\t<span class=\"elementor-post-date\">\n\t\t\t30 de April de 2025\t\t<\/span>\n\t\t\t\t<span class=\"elementor-post-avatar\">\n\t\t\tNo Comments\t\t<\/span>\n\t\t\t\t<\/div>\n\t\t\t\t<div class=\"elementor-post__excerpt\">\n\t\t\t<p>19 m access channel length 4.5 million m\u00b3 dredging volume The work consists of technical assistance, supervision and monitoring of<\/p>\n\t\t<\/div>\n\t\t\n\t\t<a class=\"elementor-post__read-more\" href=\"https:\/\/www.proes.es\/en\/asistencia-tecnica-a-la-terminal-de-contenedores-de-djen-djen-argelia\/\" aria-label=\"Read more about Asistencia T\u00e9cnica a la terminal de Contenedores de Djen Djen, Argelia\" tabindex=\"-1\" >\n\t\t\tREAD MORE \u00bb\t\t<\/a>\n\n\t\t\t\t<\/div>\n\t\t\t\t<\/article>\n\t\t\t\t<article class=\"elementor-post elementor-grid-item post-48182 post type-post status-publish format-standard has-post-thumbnail hentry category-rehabilitacion-y-mantenimiento-de-estructuras tag-espana\" role=\"listitem\">\n\t\t\t\t<a class=\"elementor-post__thumbnail__link\" href=\"https:\/\/www.proes.es\/en\/rehabilitacion-del-puente-del-manzanal-sobre-el-rio-esla\/\" tabindex=\"-1\" >\n\t\t\t<div class=\"elementor-post__thumbnail\"><img loading=\"lazy\" decoding=\"async\" width=\"300\" height=\"200\" src=\"https:\/\/www.proes.es\/wp-content\/uploads\/2025\/04\/Los_tres_puentes_de_Manzanal_del_Barco_desde_orillas_de_Manzanal_del_Barco-300x200.jpg\" class=\"attachment-medium size-medium wp-image-48198\" alt=\"\" srcset=\"https:\/\/www.proes.es\/wp-content\/uploads\/2025\/04\/Los_tres_puentes_de_Manzanal_del_Barco_desde_orillas_de_Manzanal_del_Barco-300x200.jpg 300w, https:\/\/www.proes.es\/wp-content\/uploads\/2025\/04\/Los_tres_puentes_de_Manzanal_del_Barco_desde_orillas_de_Manzanal_del_Barco-1024x682.jpg 1024w, https:\/\/www.proes.es\/wp-content\/uploads\/2025\/04\/Los_tres_puentes_de_Manzanal_del_Barco_desde_orillas_de_Manzanal_del_Barco-768x512.jpg 768w, https:\/\/www.proes.es\/wp-content\/uploads\/2025\/04\/Los_tres_puentes_de_Manzanal_del_Barco_desde_orillas_de_Manzanal_del_Barco-18x12.jpg 18w, https:\/\/www.proes.es\/wp-content\/uploads\/2025\/04\/Los_tres_puentes_de_Manzanal_del_Barco_desde_orillas_de_Manzanal_del_Barco.jpg 1280w\" sizes=\"(max-width: 300px) 100vw, 300px\" \/><\/div>\n\t\t<\/a>\n\t\t\t\t<div class=\"elementor-post__text\">\n\t\t\t\t<h3 class=\"elementor-post__title\">\n\t\t\t<a href=\"https:\/\/www.proes.es\/en\/rehabilitacion-del-puente-del-manzanal-sobre-el-rio-esla\/\" >\n\t\t\t\tRehabilitation of the Manzanal bridge over the Esla river\t\t\t<\/a>\n\t\t<\/h3>\n\t\t\t\t<div class=\"elementor-post__meta-data\">\n\t\t\t\t\t<span class=\"elementor-post-date\">\n\t\t\t30 de April de 2025\t\t<\/span>\n\t\t\t\t<span class=\"elementor-post-avatar\">\n\t\t\tNo Comments\t\t<\/span>\n\t\t\t\t<\/div>\n\t\t\t\t<div class=\"elementor-post__excerpt\">\n\t\t\t<p>3.107.915 \u20ac PEM 450 m length The Mazares (or Manzanal) bridge, on the Esla river reservoir, was built in the 1930s.<\/p>\n\t\t<\/div>\n\t\t\n\t\t<a class=\"elementor-post__read-more\" href=\"https:\/\/www.proes.es\/en\/rehabilitacion-del-puente-del-manzanal-sobre-el-rio-esla\/\" aria-label=\"Read more about Rehabilitaci\u00f3n del puente del Manzanal sobre el r\u00edo Esla\" tabindex=\"-1\" >\n\t\t\tREAD MORE \u00bb\t\t<\/a>\n\n\t\t\t\t<\/div>\n\t\t\t\t<\/article>\n\t\t\t\t<article class=\"elementor-post elementor-grid-item post-48175 post type-post status-publish format-standard has-post-thumbnail hentry category-instalaciones_industriales tag-india\" role=\"listitem\">\n\t\t\t\t<a class=\"elementor-post__thumbnail__link\" href=\"https:\/\/www.proes.es\/en\/ingenieria-de-detalle-en-instalaciones-de-la-terminal-de-contenedores-de-ennore-india\/\" tabindex=\"-1\" >\n\t\t\t<div class=\"elementor-post__thumbnail\"><img loading=\"lazy\" decoding=\"async\" width=\"297\" height=\"300\" src=\"https:\/\/www.proes.es\/wp-content\/uploads\/2025\/04\/Ennore-India-297x300.jpg\" class=\"attachment-medium size-medium wp-image-48191\" alt=\"\" srcset=\"https:\/\/www.proes.es\/wp-content\/uploads\/2025\/04\/Ennore-India-297x300.jpg 297w, https:\/\/www.proes.es\/wp-content\/uploads\/2025\/04\/Ennore-India-12x12.jpg 12w, https:\/\/www.proes.es\/wp-content\/uploads\/2025\/04\/Ennore-India-100x100.jpg 100w, https:\/\/www.proes.es\/wp-content\/uploads\/2025\/04\/Ennore-India.jpg 349w\" sizes=\"(max-width: 297px) 100vw, 297px\" \/><\/div>\n\t\t<\/a>\n\t\t\t\t<div class=\"elementor-post__text\">\n\t\t\t\t<h3 class=\"elementor-post__title\">\n\t\t\t<a href=\"https:\/\/www.proes.es\/en\/ingenieria-de-detalle-en-instalaciones-de-la-terminal-de-contenedores-de-ennore-india\/\" >\n\t\t\t\tDetailed engineering at Ennore container terminal facilities, India\t\t\t<\/a>\n\t\t<\/h3>\n\t\t\t\t<div class=\"elementor-post__meta-data\">\n\t\t\t\t\t<span class=\"elementor-post-date\">\n\t\t\t30 de April de 2025\t\t<\/span>\n\t\t\t\t<span class=\"elementor-post-avatar\">\n\t\t\tNo Comments\t\t<\/span>\n\t\t\t\t<\/div>\n\t\t\t\t<div class=\"elementor-post__excerpt\">\n\t\t\t<p>500.000 m\u00b2 Superficie sistema de drenaje Proes realiza el dise\u00f1o del suministro el\u00e9ctrico que contiene: 12 gr\u00faas p\u00f3rtico (STS) (2392 kVA\/gr\u00faa hasta 11 kV), 55<\/p>\n\t\t<\/div>\n\t\t\n\t\t<a class=\"elementor-post__read-more\" href=\"https:\/\/www.proes.es\/en\/ingenieria-de-detalle-en-instalaciones-de-la-terminal-de-contenedores-de-ennore-india\/\" aria-label=\"Read more about Ingenier\u00eda de detalle en instalaciones de la terminal de contenedores de Ennore, India\" tabindex=\"-1\" >\n\t\t\tREAD MORE \u00bb\t\t<\/a>\n\n\t\t\t\t<\/div>\n\t\t\t\t<\/article>\n\t\t\t\t<article class=\"elementor-post elementor-grid-item post-48165 post type-post status-publish format-standard has-post-thumbnail hentry category-instalaciones_industriales tag-espana\" role=\"listitem\">\n\t\t\t\t<a class=\"elementor-post__thumbnail__link\" href=\"https:\/\/www.proes.es\/en\/ingenieria-de-detalle-para-la-nueva-terminal-multiproposito-de-manta-ecuador\/\" tabindex=\"-1\" >\n\t\t\t<div class=\"elementor-post__thumbnail\"><img loading=\"lazy\" decoding=\"async\" width=\"300\" height=\"156\" src=\"https:\/\/www.proes.es\/wp-content\/uploads\/2025\/04\/Nava-Ariane-6-300x156.png\" class=\"attachment-medium size-medium wp-image-48218\" alt=\"\" srcset=\"https:\/\/www.proes.es\/wp-content\/uploads\/2025\/04\/Nava-Ariane-6-300x156.png 300w, https:\/\/www.proes.es\/wp-content\/uploads\/2025\/04\/Nava-Ariane-6-18x9.png 18w, https:\/\/www.proes.es\/wp-content\/uploads\/2025\/04\/Nava-Ariane-6.png 471w\" sizes=\"(max-width: 300px) 100vw, 300px\" \/><\/div>\n\t\t<\/a>\n\t\t\t\t<div class=\"elementor-post__text\">\n\t\t\t\t<h3 class=\"elementor-post__title\">\n\t\t\t<a href=\"https:\/\/www.proes.es\/en\/ingenieria-de-detalle-para-la-nueva-terminal-multiproposito-de-manta-ecuador\/\" >\n\t\t\t\tDetailed engineering and construction management of Ariane 6 factory, Airbus\t\t\t<\/a>\n\t\t<\/h3>\n\t\t\t\t<div class=\"elementor-post__meta-data\">\n\t\t\t\t\t<span class=\"elementor-post-date\">\n\t\t\t30 de April de 2025\t\t<\/span>\n\t\t\t\t<span class=\"elementor-post-avatar\">\n\t\t\tNo Comments\t\t<\/span>\n\t\t\t\t<\/div>\n\t\t\t\t<div class=\"elementor-post__excerpt\">\n\t\t\t<p>13.500\u00a0kVA Potencia instalada Direcci\u00f3n de Proyecto y Detalle de \u00c1rea Industrial, sala blanca (ISO-8) y edificio de oficinas seg\u00fan metodolog\u00eda BIM. El\u00e9ctrica (MT, BT y<\/p>\n\t\t<\/div>\n\t\t\n\t\t<a class=\"elementor-post__read-more\" href=\"https:\/\/www.proes.es\/en\/ingenieria-de-detalle-para-la-nueva-terminal-multiproposito-de-manta-ecuador\/\" aria-label=\"Read more about Ingenier\u00eda de detalle y direcci\u00f3n de obra de la f\u00e1brica Ariane 6, Airbus\u200b\" tabindex=\"-1\" >\n\t\t\tREAD MORE \u00bb\t\t<\/a>\n\n\t\t\t\t<\/div>\n\t\t\t\t<\/article>\n\t\t\t\t<article class=\"elementor-post elementor-grid-item post-48141 post type-post status-publish format-standard has-post-thumbnail hentry category-infraestructuras-maritimas-y-fluviales tag-timor-oriental\" role=\"listitem\">\n\t\t\t\t<a class=\"elementor-post__thumbnail__link\" href=\"https:\/\/www.proes.es\/en\/estudio-de-viabilidad-del-gasoducto-greater-sunrise-en-timor-oriental\/\" tabindex=\"-1\" >\n\t\t\t<div class=\"elementor-post__thumbnail\"><img loading=\"lazy\" decoding=\"async\" width=\"300\" height=\"186\" src=\"https:\/\/www.proes.es\/wp-content\/uploads\/2025\/04\/NATARBORA-TIMOR-GNL-300x186.jpg\" class=\"attachment-medium size-medium wp-image-48148\" alt=\"\" srcset=\"https:\/\/www.proes.es\/wp-content\/uploads\/2025\/04\/NATARBORA-TIMOR-GNL-300x186.jpg 300w, https:\/\/www.proes.es\/wp-content\/uploads\/2025\/04\/NATARBORA-TIMOR-GNL-768x477.jpg 768w, https:\/\/www.proes.es\/wp-content\/uploads\/2025\/04\/NATARBORA-TIMOR-GNL-18x12.jpg 18w, https:\/\/www.proes.es\/wp-content\/uploads\/2025\/04\/NATARBORA-TIMOR-GNL.jpg 991w\" sizes=\"(max-width: 300px) 100vw, 300px\" \/><\/div>\n\t\t<\/a>\n\t\t\t\t<div class=\"elementor-post__text\">\n\t\t\t\t<h3 class=\"elementor-post__title\">\n\t\t\t<a href=\"https:\/\/www.proes.es\/en\/estudio-de-viabilidad-del-gasoducto-greater-sunrise-en-timor-oriental\/\" >\n\t\t\t\tFeasability study for the \"Greater Sunrise\" pipeline in Timor-Leste\t\t\t<\/a>\n\t\t<\/h3>\n\t\t\t\t<div class=\"elementor-post__meta-data\">\n\t\t\t\t\t<span class=\"elementor-post-date\">\n\t\t\t21 de April de 2025\t\t<\/span>\n\t\t\t\t<span class=\"elementor-post-avatar\">\n\t\t\tNo Comments\t\t<\/span>\n\t\t\t\t<\/div>\n\t\t\t\t<div class=\"elementor-post__excerpt\">\n\t\t\t<p>669,532.00 US$ PEM 5 MTPA LNG Plant Capacity Over the past 16 years, the Government of Timor Leste has carried out engineering studies for the<\/p>\n\t\t<\/div>\n\t\t\n\t\t<a class=\"elementor-post__read-more\" href=\"https:\/\/www.proes.es\/en\/estudio-de-viabilidad-del-gasoducto-greater-sunrise-en-timor-oriental\/\" aria-label=\"Read more about Estudio de viabilidad del Gasoducto &#8220;Greater Sunrise&#8221; en Timor Oriental\" tabindex=\"-1\" >\n\t\t\tREAD MORE \u00bb\t\t<\/a>\n\n\t\t\t\t<\/div>\n\t\t\t\t<\/article>\n\t\t\t\t<article class=\"elementor-post elementor-grid-item post-45032 post type-post status-publish format-standard has-post-thumbnail hentry category-medioambiente tag-espana\" role=\"listitem\">\n\t\t\t\t<a class=\"elementor-post__thumbnail__link\" href=\"https:\/\/www.proes.es\/en\/plan-general-de-ordenacion-urbana-de-penagos-cantabria\/\" tabindex=\"-1\" >\n\t\t\t<div class=\"elementor-post__thumbnail\"><img loading=\"lazy\" decoding=\"async\" width=\"300\" height=\"208\" src=\"https:\/\/www.proes.es\/wp-content\/uploads\/2021\/05\/34-4-1.0001-300x208.jpg\" class=\"attachment-medium size-medium wp-image-30367\" alt=\"\" srcset=\"https:\/\/www.proes.es\/wp-content\/uploads\/2021\/05\/34-4-1.0001-300x208.jpg 300w, https:\/\/www.proes.es\/wp-content\/uploads\/2021\/05\/34-4-1.0001-1024x709.jpg 1024w, https:\/\/www.proes.es\/wp-content\/uploads\/2021\/05\/34-4-1.0001-768x532.jpg 768w, https:\/\/www.proes.es\/wp-content\/uploads\/2021\/05\/34-4-1.0001-1536x1063.jpg 1536w, https:\/\/www.proes.es\/wp-content\/uploads\/2021\/05\/34-4-1.0001-2048x1418.jpg 2048w\" sizes=\"(max-width: 300px) 100vw, 300px\" \/><\/div>\n\t\t<\/a>\n\t\t\t\t<div class=\"elementor-post__text\">\n\t\t\t\t<h3 class=\"elementor-post__title\">\n\t\t\t<a href=\"https:\/\/www.proes.es\/en\/plan-general-de-ordenacion-urbana-de-penagos-cantabria\/\" >\n\t\t\t\tMaster Plan for the Urban Development of Penagos, Cantabria\t\t\t<\/a>\n\t\t<\/h3>\n\t\t\t\t<div class=\"elementor-post__meta-data\">\n\t\t\t\t\t<span class=\"elementor-post-date\">\n\t\t\t14 de February de 2024\t\t<\/span>\n\t\t\t\t<span class=\"elementor-post-avatar\">\n\t\t\tNo Comments\t\t<\/span>\n\t\t\t\t<\/div>\n\t\t\t\t<div class=\"elementor-post__excerpt\">\n\t\t\t<p>Photo by Luis Ferm\u00edn TURIEL PEREDO On July 24, 2009 with the publication in the Official Gazette of Cantabria -BOC- and the announcement<\/p>\n\t\t<\/div>\n\t\t\n\t\t<a class=\"elementor-post__read-more\" href=\"https:\/\/www.proes.es\/en\/plan-general-de-ordenacion-urbana-de-penagos-cantabria\/\" aria-label=\"Read more about Plan General de Ordenaci\u00f3n Urbana de Penagos, Cantabria\" tabindex=\"-1\" >\n\t\t\tREAD MORE \u00bb\t\t<\/a>\n\n\t\t\t\t<\/div>\n\t\t\t\t<\/article>\n\t\t\t\t<article class=\"elementor-post elementor-grid-item post-46355 post type-post status-publish format-standard has-post-thumbnail hentry category-diseno-de-infraestructuras-maritimas tag-espana\" role=\"listitem\">\n\t\t\t\t<a class=\"elementor-post__thumbnail__link\" href=\"https:\/\/www.proes.es\/en\/evaluacion-y-plan-de-proteccion-de-la-instalacion-de-las-salinas-de-torrevieja-alicante\/\" tabindex=\"-1\" >\n\t\t\t<div class=\"elementor-post__thumbnail\"><img loading=\"lazy\" decoding=\"async\" width=\"300\" height=\"169\" src=\"https:\/\/www.proes.es\/wp-content\/uploads\/2021\/03\/salinas-300x169.jpg\" class=\"attachment-medium size-medium wp-image-30281\" alt=\"\" srcset=\"https:\/\/www.proes.es\/wp-content\/uploads\/2021\/03\/salinas-300x169.jpg 300w, https:\/\/www.proes.es\/wp-content\/uploads\/2021\/03\/salinas-1024x576.jpg 1024w, https:\/\/www.proes.es\/wp-content\/uploads\/2021\/03\/salinas-768x432.jpg 768w, https:\/\/www.proes.es\/wp-content\/uploads\/2021\/03\/salinas.jpg 1200w\" sizes=\"(max-width: 300px) 100vw, 300px\" \/><\/div>\n\t\t<\/a>\n\t\t\t\t<div class=\"elementor-post__text\">\n\t\t\t\t<h3 class=\"elementor-post__title\">\n\t\t\t<a href=\"https:\/\/www.proes.es\/en\/evaluacion-y-plan-de-proteccion-de-la-instalacion-de-las-salinas-de-torrevieja-alicante\/\" >\n\t\t\t\tAssessment and protection plan for the Torrevieja salt facility, Alicante\t\t\t<\/a>\n\t\t<\/h3>\n\t\t\t\t<div class=\"elementor-post__meta-data\">\n\t\t\t\t\t<span class=\"elementor-post-date\">\n\t\t\t14 de February de 2024\t\t<\/span>\n\t\t\t\t<span class=\"elementor-post-avatar\">\n\t\t\tNo Comments\t\t<\/span>\n\t\t\t\t<\/div>\n\t\t\t\t<div class=\"elementor-post__excerpt\">\n\t\t\t<p>21 km\u00b2 surface area &lt; 30.000 t ship capacity The port facility of Las Salinas de Torrevieja is located in the port of Torrevieja,<\/p>\n\t\t<\/div>\n\t\t\n\t\t<a class=\"elementor-post__read-more\" href=\"https:\/\/www.proes.es\/en\/evaluacion-y-plan-de-proteccion-de-la-instalacion-de-las-salinas-de-torrevieja-alicante\/\" aria-label=\"Read more about Evaluaci\u00f3n y plan de protecci\u00f3n de la instalaci\u00f3n de las salinas de Torrevieja, Alicante\" tabindex=\"-1\" >\n\t\t\tREAD MORE \u00bb\t\t<\/a>\n\n\t\t\t\t<\/div>\n\t\t\t\t<\/article>\n\t\t\t\t<article class=\"elementor-post elementor-grid-item post-46348 post type-post status-publish format-standard has-post-thumbnail hentry category-diseno-de-infraestructuras-maritimas tag-espana\" role=\"listitem\">\n\t\t\t\t<a class=\"elementor-post__thumbnail__link\" href=\"https:\/\/www.proes.es\/en\/estudio-de-compatibilidad-de-buques-glp-en-el-puerto-de-gijon-asturias\/\" tabindex=\"-1\" >\n\t\t\t<div class=\"elementor-post__thumbnail\"><img loading=\"lazy\" decoding=\"async\" width=\"300\" height=\"200\" src=\"https:\/\/www.proes.es\/wp-content\/uploads\/2021\/03\/glp-gijon-300x200.jpeg\" class=\"attachment-medium size-medium wp-image-38618\" alt=\"\" srcset=\"https:\/\/www.proes.es\/wp-content\/uploads\/2021\/03\/glp-gijon-300x200.jpeg 300w, https:\/\/www.proes.es\/wp-content\/uploads\/2021\/03\/glp-gijon-1024x682.jpeg 1024w, https:\/\/www.proes.es\/wp-content\/uploads\/2021\/03\/glp-gijon-768x512.jpeg 768w, https:\/\/www.proes.es\/wp-content\/uploads\/2021\/03\/glp-gijon-1536x1023.jpeg 1536w, https:\/\/www.proes.es\/wp-content\/uploads\/2021\/03\/glp-gijon-18x12.jpeg 18w, https:\/\/www.proes.es\/wp-content\/uploads\/2021\/03\/glp-gijon.jpeg 1600w\" sizes=\"(max-width: 300px) 100vw, 300px\" \/><\/div>\n\t\t<\/a>\n\t\t\t\t<div class=\"elementor-post__text\">\n\t\t\t\t<h3 class=\"elementor-post__title\">\n\t\t\t<a href=\"https:\/\/www.proes.es\/en\/estudio-de-compatibilidad-de-buques-glp-en-el-puerto-de-gijon-asturias\/\" >\n\t\t\t\tLPG carrier compatibility study in the port of Gij\u00f3n, Asturias\t\t\t<\/a>\n\t\t<\/h3>\n\t\t\t\t<div class=\"elementor-post__meta-data\">\n\t\t\t\t\t<span class=\"elementor-post-date\">\n\t\t\t14 de February de 2024\t\t<\/span>\n\t\t\t\t<span class=\"elementor-post-avatar\">\n\t\t\tNo Comments\t\t<\/span>\n\t\t\t\t<\/div>\n\t\t\t\t<div class=\"elementor-post__excerpt\">\n\t\t\t<p>El puerto de Gij\u00f3n, inmerso en un proyecto de ampliaci\u00f3n de sus instalaciones portuarias tratando de reorganizar sus muelles, propone a Repsol el traslado completo<\/p>\n\t\t<\/div>\n\t\t\n\t\t<a class=\"elementor-post__read-more\" href=\"https:\/\/www.proes.es\/en\/estudio-de-compatibilidad-de-buques-glp-en-el-puerto-de-gijon-asturias\/\" aria-label=\"Read more about Estudio de compatibilidad de buques GLP en el puerto de Gij\u00f3n, Asturias\" tabindex=\"-1\" >\n\t\t\tREAD MORE \u00bb\t\t<\/a>\n\n\t\t\t\t<\/div>\n\t\t\t\t<\/article>\n\t\t\t\t<article class=\"elementor-post elementor-grid-item post-46339 post type-post status-publish format-standard has-post-thumbnail hentry category-diseno-de-infraestructuras-maritimas tag-espana\" role=\"listitem\">\n\t\t\t\t<a class=\"elementor-post__thumbnail__link\" href=\"https:\/\/www.proes.es\/en\/evaluacion-y-plan-de-proteccion-de-las-instalaciones-de-cemex-en-el-puerto-de-tarragona\/\" tabindex=\"-1\" >\n\t\t\t<div class=\"elementor-post__thumbnail\"><img loading=\"lazy\" decoding=\"async\" width=\"300\" height=\"200\" src=\"https:\/\/www.proes.es\/wp-content\/uploads\/2021\/03\/CEMEX-T-300x200.jpg\" class=\"attachment-medium size-medium wp-image-30240\" alt=\"\" srcset=\"https:\/\/www.proes.es\/wp-content\/uploads\/2021\/03\/CEMEX-T-300x200.jpg 300w, https:\/\/www.proes.es\/wp-content\/uploads\/2021\/03\/CEMEX-T-1024x682.jpg 1024w, https:\/\/www.proes.es\/wp-content\/uploads\/2021\/03\/CEMEX-T-768x511.jpg 768w, https:\/\/www.proes.es\/wp-content\/uploads\/2021\/03\/CEMEX-T.jpg 1200w\" sizes=\"(max-width: 300px) 100vw, 300px\" \/><\/div>\n\t\t<\/a>\n\t\t\t\t<div class=\"elementor-post__text\">\n\t\t\t\t<h3 class=\"elementor-post__title\">\n\t\t\t<a href=\"https:\/\/www.proes.es\/en\/evaluacion-y-plan-de-proteccion-de-las-instalaciones-de-cemex-en-el-puerto-de-tarragona\/\" >\n\t\t\t\tAssessment and security plan for Cemex facilities in the port of Tarragona\t\t\t<\/a>\n\t\t<\/h3>\n\t\t\t\t<div class=\"elementor-post__meta-data\">\n\t\t\t\t\t<span class=\"elementor-post-date\">\n\t\t\t14 de February de 2024\t\t<\/span>\n\t\t\t\t<span class=\"elementor-post-avatar\">\n\t\t\tNo Comments\t\t<\/span>\n\t\t\t\t<\/div>\n\t\t\t\t<div class=\"elementor-post__excerpt\">\n\t\t\t<p>2,000 m\u00b2 surface area 12.5 million tonnes per year The Cemex company's facilities in the port of Tarragona are dedicated to reception, storage,<\/p>\n\t\t<\/div>\n\t\t\n\t\t<a class=\"elementor-post__read-more\" href=\"https:\/\/www.proes.es\/en\/evaluacion-y-plan-de-proteccion-de-las-instalaciones-de-cemex-en-el-puerto-de-tarragona\/\" aria-label=\"Read more about Evaluaci\u00f3n y plan de protecci\u00f3n de las instalaciones de Cemex en el puerto de Tarragona\" tabindex=\"-1\" >\n\t\t\tREAD MORE \u00bb\t\t<\/a>\n\n\t\t\t\t<\/div>\n\t\t\t\t<\/article>\n\t\t\t\t<article class=\"elementor-post elementor-grid-item post-46321 post type-post status-publish format-standard has-post-thumbnail hentry category-infraestructuras-maritimas-y-fluviales tag-espana\" role=\"listitem\">\n\t\t\t\t<a class=\"elementor-post__thumbnail__link\" href=\"https:\/\/www.proes.es\/en\/proyecto-llave-en-mano-de-la-adaptacion-de-la-escala-de-acceso-a-buques-de-proa-de-bbg-en-bilbao\/\" tabindex=\"-1\" >\n\t\t\t<div class=\"elementor-post__thumbnail\"><img loading=\"lazy\" decoding=\"async\" width=\"300\" height=\"188\" src=\"https:\/\/www.proes.es\/wp-content\/uploads\/2024\/02\/PASARELA-BBG-300x188.jpg\" class=\"attachment-medium size-medium wp-image-46326\" alt=\"\" srcset=\"https:\/\/www.proes.es\/wp-content\/uploads\/2024\/02\/PASARELA-BBG-300x188.jpg 300w, https:\/\/www.proes.es\/wp-content\/uploads\/2024\/02\/PASARELA-BBG-1024x642.jpg 1024w, https:\/\/www.proes.es\/wp-content\/uploads\/2024\/02\/PASARELA-BBG-768x482.jpg 768w, https:\/\/www.proes.es\/wp-content\/uploads\/2024\/02\/PASARELA-BBG-1536x964.jpg 1536w, https:\/\/www.proes.es\/wp-content\/uploads\/2024\/02\/PASARELA-BBG-2048x1285.jpg 2048w, https:\/\/www.proes.es\/wp-content\/uploads\/2024\/02\/PASARELA-BBG-18x12.jpg 18w\" sizes=\"(max-width: 300px) 100vw, 300px\" \/><\/div>\n\t\t<\/a>\n\t\t\t\t<div class=\"elementor-post__text\">\n\t\t\t\t<h3 class=\"elementor-post__title\">\n\t\t\t<a href=\"https:\/\/www.proes.es\/en\/proyecto-llave-en-mano-de-la-adaptacion-de-la-escala-de-acceso-a-buques-de-proa-de-bbg-en-bilbao\/\" >\n\t\t\t\tTurnkey project for the adaptation of BBG's bow ship access ladder in Bilbao.\t\t\t<\/a>\n\t\t<\/h3>\n\t\t\t\t<div class=\"elementor-post__meta-data\">\n\t\t\t\t\t<span class=\"elementor-post-date\">\n\t\t\t14 de February de 2024\t\t<\/span>\n\t\t\t\t<span class=\"elementor-post-avatar\">\n\t\t\tNo Comments\t\t<\/span>\n\t\t\t\t<\/div>\n\t\t\t\t<div class=\"elementor-post__excerpt\">\n\t\t\t<p>145.730 \u20ac Budget 10,777 m length Proes participates in the execution and supervision of all the activities that were carried out in the installation.<\/p>\n\t\t<\/div>\n\t\t\n\t\t<a class=\"elementor-post__read-more\" href=\"https:\/\/www.proes.es\/en\/proyecto-llave-en-mano-de-la-adaptacion-de-la-escala-de-acceso-a-buques-de-proa-de-bbg-en-bilbao\/\" aria-label=\"Read more about Proyecto llave en mano de la adaptacion de la escala de acceso a buques de proa de BBG en Bilbao\" tabindex=\"-1\" >\n\t\t\tREAD MORE \u00bb\t\t<\/a>\n\n\t\t\t\t<\/div>\n\t\t\t\t<\/article>\n\t\t\t\t<article class=\"elementor-post elementor-grid-item post-46311 post type-post status-publish format-standard has-post-thumbnail hentry category-diseno-de-infraestructuras-maritimas tag-espana\" role=\"listitem\">\n\t\t\t\t<a class=\"elementor-post__thumbnail__link\" href=\"https:\/\/www.proes.es\/en\/estudio-de-utilizacion-del-canal-del-puerto-de-huelva-2\/\" tabindex=\"-1\" >\n\t\t\t<div class=\"elementor-post__thumbnail\"><img loading=\"lazy\" decoding=\"async\" width=\"300\" height=\"168\" src=\"https:\/\/www.proes.es\/wp-content\/uploads\/2021\/03\/Puerto-de-Huelva-300x168.jpg\" class=\"attachment-medium size-medium wp-image-30264\" alt=\"\" srcset=\"https:\/\/www.proes.es\/wp-content\/uploads\/2021\/03\/Puerto-de-Huelva-300x168.jpg 300w, https:\/\/www.proes.es\/wp-content\/uploads\/2021\/03\/Puerto-de-Huelva-1024x574.jpg 1024w, https:\/\/www.proes.es\/wp-content\/uploads\/2021\/03\/Puerto-de-Huelva-768x431.jpg 768w, https:\/\/www.proes.es\/wp-content\/uploads\/2021\/03\/Puerto-de-Huelva-1536x861.jpg 1536w, https:\/\/www.proes.es\/wp-content\/uploads\/2021\/03\/Puerto-de-Huelva.jpg 1783w\" sizes=\"(max-width: 300px) 100vw, 300px\" \/><\/div>\n\t\t<\/a>\n\t\t\t\t<div class=\"elementor-post__text\">\n\t\t\t\t<h3 class=\"elementor-post__title\">\n\t\t\t<a href=\"https:\/\/www.proes.es\/en\/estudio-de-utilizacion-del-canal-del-puerto-de-huelva-2\/\" >\n\t\t\t\tHuelva port channel utilization study\t\t\t<\/a>\n\t\t<\/h3>\n\t\t\t\t<div class=\"elementor-post__meta-data\">\n\t\t\t\t\t<span class=\"elementor-post-date\">\n\t\t\t13 de February de 2024\t\t<\/span>\n\t\t\t\t<span class=\"elementor-post-avatar\">\n\t\t\tNo Comments\t\t<\/span>\n\t\t\t\t<\/div>\n\t\t\t\t<div class=\"elementor-post__excerpt\">\n\t\t\t<p>4.450 m length 290 m width The purpose of this project is the study of the use of the channel of the port of Huelva, in the<\/p>\n\t\t<\/div>\n\t\t\n\t\t<a class=\"elementor-post__read-more\" href=\"https:\/\/www.proes.es\/en\/estudio-de-utilizacion-del-canal-del-puerto-de-huelva-2\/\" aria-label=\"Read more about Estudio de utilizaci\u00f3n del canal del puerto de Huelva\" tabindex=\"-1\" >\n\t\t\tREAD MORE \u00bb\t\t<\/a>\n\n\t\t\t\t<\/div>\n\t\t\t\t<\/article>\n\t\t\t\t<article class=\"elementor-post elementor-grid-item post-46305 post type-post status-publish format-standard has-post-thumbnail hentry category-diseno-de-infraestructuras-maritimas tag-espana\" role=\"listitem\">\n\t\t\t\t<a class=\"elementor-post__thumbnail__link\" href=\"https:\/\/www.proes.es\/en\/proyecto-de-licitacion-de-muelles-de-ribera-i-y-ii-puerto-de-carboneras-almeria-2\/\" tabindex=\"-1\" >\n\t\t\t<div class=\"elementor-post__thumbnail\"><img loading=\"lazy\" decoding=\"async\" width=\"300\" height=\"199\" src=\"https:\/\/www.proes.es\/wp-content\/uploads\/2021\/03\/Muelle-Ribera-I_Carboneras-300x199.jpg\" class=\"attachment-medium size-medium wp-image-30255\" alt=\"\" srcset=\"https:\/\/www.proes.es\/wp-content\/uploads\/2021\/03\/Muelle-Ribera-I_Carboneras-300x199.jpg 300w, https:\/\/www.proes.es\/wp-content\/uploads\/2021\/03\/Muelle-Ribera-I_Carboneras-768x510.jpg 768w, https:\/\/www.proes.es\/wp-content\/uploads\/2021\/03\/Muelle-Ribera-I_Carboneras.jpg 800w\" sizes=\"(max-width: 300px) 100vw, 300px\" \/><\/div>\n\t\t<\/a>\n\t\t\t\t<div class=\"elementor-post__text\">\n\t\t\t\t<h3 class=\"elementor-post__title\">\n\t\t\t<a href=\"https:\/\/www.proes.es\/en\/proyecto-de-licitacion-de-muelles-de-ribera-i-y-ii-puerto-de-carboneras-almeria-2\/\" >\n\t\t\t\tTendering project for the construction of quayside Ribera I and II piers, port of Carboneras, Almeria\t\t\t<\/a>\n\t\t<\/h3>\n\t\t\t\t<div class=\"elementor-post__meta-data\">\n\t\t\t\t\t<span class=\"elementor-post-date\">\n\t\t\t13 de February de 2024\t\t<\/span>\n\t\t\t\t<span class=\"elementor-post-avatar\">\n\t\t\tNo Comments\t\t<\/span>\n\t\t\t\t<\/div>\n\t\t\t\t<div class=\"elementor-post__excerpt\">\n\t\t\t<p>15.213.000 \u20ac PEM 246 m length of quay I The project consists of the definition of the works of Ribera I and II quayside quay,<\/p>\n\t\t<\/div>\n\t\t\n\t\t<a class=\"elementor-post__read-more\" href=\"https:\/\/www.proes.es\/en\/proyecto-de-licitacion-de-muelles-de-ribera-i-y-ii-puerto-de-carboneras-almeria-2\/\" aria-label=\"Read more about Proyecto de licitaci\u00f3n de muelles de ribera I y II, puerto de Carboneras, Almer\u00eda\" tabindex=\"-1\" >\n\t\t\tREAD MORE \u00bb\t\t<\/a>\n\n\t\t\t\t<\/div>\n\t\t\t\t<\/article>\n\t\t\t\t<article class=\"elementor-post elementor-grid-item post-46299 post type-post status-publish format-standard has-post-thumbnail hentry category-diseno-de-infraestructuras-maritimas tag-espana\" role=\"listitem\">\n\t\t\t\t<a class=\"elementor-post__thumbnail__link\" href=\"https:\/\/www.proes.es\/en\/proyecto-constructivo-de-la-prolongacion-del-dique-de-abrigo-de-puerto-del-carmen-lanzarote\/\" tabindex=\"-1\" >\n\t\t\t<div class=\"elementor-post__thumbnail\"><img loading=\"lazy\" decoding=\"async\" width=\"300\" height=\"159\" src=\"https:\/\/www.proes.es\/wp-content\/uploads\/2021\/03\/Cajones-Ampliacion-Puerto-del-Carmen-1-300x159.jpg\" class=\"attachment-medium size-medium wp-image-30242\" alt=\"\" srcset=\"https:\/\/www.proes.es\/wp-content\/uploads\/2021\/03\/Cajones-Ampliacion-Puerto-del-Carmen-1-300x159.jpg 300w, https:\/\/www.proes.es\/wp-content\/uploads\/2021\/03\/Cajones-Ampliacion-Puerto-del-Carmen-1-1024x542.jpg 1024w, https:\/\/www.proes.es\/wp-content\/uploads\/2021\/03\/Cajones-Ampliacion-Puerto-del-Carmen-1-768x406.jpg 768w, https:\/\/www.proes.es\/wp-content\/uploads\/2021\/03\/Cajones-Ampliacion-Puerto-del-Carmen-1.jpg 1304w\" sizes=\"(max-width: 300px) 100vw, 300px\" \/><\/div>\n\t\t<\/a>\n\t\t\t\t<div class=\"elementor-post__text\">\n\t\t\t\t<h3 class=\"elementor-post__title\">\n\t\t\t<a href=\"https:\/\/www.proes.es\/en\/proyecto-constructivo-de-la-prolongacion-del-dique-de-abrigo-de-puerto-del-carmen-lanzarote\/\" >\n\t\t\t\tConstruction project for the extension of the breakwater at Puerto del Carmen, Lanzarote\t\t\t<\/a>\n\t\t<\/h3>\n\t\t\t\t<div class=\"elementor-post__meta-data\">\n\t\t\t\t\t<span class=\"elementor-post-date\">\n\t\t\t13 de February de 2024\t\t<\/span>\n\t\t\t\t<span class=\"elementor-post-avatar\">\n\t\t\tNo Comments\t\t<\/span>\n\t\t\t\t<\/div>\n\t\t\t\t<div class=\"elementor-post__excerpt\">\n\t\t\t<p>210 m extension 90 moorings new jetty The purpose of the project is to reinforce the protective dock and extend it by 210 m, as well as to<\/p>\n\t\t<\/div>\n\t\t\n\t\t<a class=\"elementor-post__read-more\" href=\"https:\/\/www.proes.es\/en\/proyecto-constructivo-de-la-prolongacion-del-dique-de-abrigo-de-puerto-del-carmen-lanzarote\/\" aria-label=\"Read more about Proyecto constructivo de la prolongaci\u00f3n del dique de abrigo de puerto del Carmen, Lanzarote\" tabindex=\"-1\" >\n\t\t\tREAD MORE \u00bb\t\t<\/a>\n\n\t\t\t\t<\/div>\n\t\t\t\t<\/article>\n\t\t\t\t<article class=\"elementor-post elementor-grid-item post-46293 post type-post status-publish format-standard has-post-thumbnail hentry category-diseno-de-infraestructuras-maritimas tag-espana\" role=\"listitem\">\n\t\t\t\t<a class=\"elementor-post__thumbnail__link\" href=\"https:\/\/www.proes.es\/en\/proyecto-variante-de-muelle-de-cruceros-fase-1a-del-puerto-de-arrecife-lanzarote\/\" tabindex=\"-1\" >\n\t\t\t<div class=\"elementor-post__thumbnail\"><img loading=\"lazy\" decoding=\"async\" width=\"300\" height=\"199\" src=\"https:\/\/www.proes.es\/wp-content\/uploads\/2021\/03\/cruceros-300x199.jpg\" class=\"attachment-medium size-medium wp-image-30273\" alt=\"\" srcset=\"https:\/\/www.proes.es\/wp-content\/uploads\/2021\/03\/cruceros-300x199.jpg 300w, https:\/\/www.proes.es\/wp-content\/uploads\/2021\/03\/cruceros-1024x681.jpg 1024w, https:\/\/www.proes.es\/wp-content\/uploads\/2021\/03\/cruceros-768x510.jpg 768w, https:\/\/www.proes.es\/wp-content\/uploads\/2021\/03\/cruceros.jpg 1300w\" sizes=\"(max-width: 300px) 100vw, 300px\" \/><\/div>\n\t\t<\/a>\n\t\t\t\t<div class=\"elementor-post__text\">\n\t\t\t\t<h3 class=\"elementor-post__title\">\n\t\t\t<a href=\"https:\/\/www.proes.es\/en\/proyecto-variante-de-muelle-de-cruceros-fase-1a-del-puerto-de-arrecife-lanzarote\/\" >\n\t\t\t\tCruise ship pier variant project, phase 1A, port of Arrecife, Lanzarote\t\t\t<\/a>\n\t\t<\/h3>\n\t\t\t\t<div class=\"elementor-post__meta-data\">\n\t\t\t\t\t<span class=\"elementor-post-date\">\n\t\t\t13 de February de 2024\t\t<\/span>\n\t\t\t\t<span class=\"elementor-post-avatar\">\n\t\t\tNo Comments\t\t<\/span>\n\t\t\t\t<\/div>\n\t\t\t\t<div class=\"elementor-post__excerpt\">\n\t\t\t<p>13.037.000 \u20ac PEM 315 m length new berthing line The port of Arrecife has increased its cruise traffic significantly in the last few years.<\/p>\n\t\t<\/div>\n\t\t\n\t\t<a class=\"elementor-post__read-more\" href=\"https:\/\/www.proes.es\/en\/proyecto-variante-de-muelle-de-cruceros-fase-1a-del-puerto-de-arrecife-lanzarote\/\" aria-label=\"Read more about Proyecto variante de muelle de cruceros, fase 1A, del puerto de Arrecife, Lanzarote\" tabindex=\"-1\" >\n\t\t\tREAD MORE \u00bb\t\t<\/a>\n\n\t\t\t\t<\/div>\n\t\t\t\t<\/article>\n\t\t\t\t<article class=\"elementor-post elementor-grid-item post-46287 post type-post status-publish format-standard has-post-thumbnail hentry category-agua tag-espana\" role=\"listitem\">\n\t\t\t\t<a class=\"elementor-post__thumbnail__link\" href=\"https:\/\/www.proes.es\/en\/inspeccion-de-centrales-hidroelectricas-en-la-coruna-2\/\" tabindex=\"-1\" >\n\t\t\t<div class=\"elementor-post__thumbnail\"><img loading=\"lazy\" decoding=\"async\" width=\"300\" height=\"225\" src=\"https:\/\/www.proes.es\/wp-content\/uploads\/2024\/02\/DSCN1951-300x225.jpg\" class=\"attachment-medium size-medium wp-image-49489\" alt=\"\" srcset=\"https:\/\/www.proes.es\/wp-content\/uploads\/2024\/02\/DSCN1951-300x225.jpg 300w, https:\/\/www.proes.es\/wp-content\/uploads\/2024\/02\/DSCN1951-1024x768.jpg 1024w, https:\/\/www.proes.es\/wp-content\/uploads\/2024\/02\/DSCN1951-768x576.jpg 768w, https:\/\/www.proes.es\/wp-content\/uploads\/2024\/02\/DSCN1951-1536x1152.jpg 1536w, https:\/\/www.proes.es\/wp-content\/uploads\/2024\/02\/DSCN1951-2048x1536.jpg 2048w, https:\/\/www.proes.es\/wp-content\/uploads\/2024\/02\/DSCN1951-16x12.jpg 16w\" sizes=\"(max-width: 300px) 100vw, 300px\" \/><\/div>\n\t\t<\/a>\n\t\t\t\t<div class=\"elementor-post__text\">\n\t\t\t\t<h3 class=\"elementor-post__title\">\n\t\t\t<a href=\"https:\/\/www.proes.es\/en\/inspeccion-de-centrales-hidroelectricas-en-la-coruna-2\/\" >\n\t\t\t\tInspection of hydroelectric power plants in La Coru\u00f1a\t\t\t<\/a>\n\t\t<\/h3>\n\t\t\t\t<div class=\"elementor-post__meta-data\">\n\t\t\t\t\t<span class=\"elementor-post-date\">\n\t\t\t13 de February de 2024\t\t<\/span>\n\t\t\t\t<span class=\"elementor-post-avatar\">\n\t\t\tNo Comments\t\t<\/span>\n\t\t\t\t<\/div>\n\t\t\t\t<div class=\"elementor-post__excerpt\">\n\t\t\t<p>6 plants to be inspected The project consists of the inspection of the civil works of hydroelectric plants in La Coru\u00f1a. These are the hydroelectric power station<\/p>\n\t\t<\/div>\n\t\t\n\t\t<a class=\"elementor-post__read-more\" href=\"https:\/\/www.proes.es\/en\/inspeccion-de-centrales-hidroelectricas-en-la-coruna-2\/\" aria-label=\"Read more about Inspecci\u00f3n de centrales hidroel\u00e9ctricas en La Coru\u00f1a\" tabindex=\"-1\" >\n\t\t\tREAD MORE \u00bb\t\t<\/a>\n\n\t\t\t\t<\/div>\n\t\t\t\t<\/article>\n\t\t\t\t<article class=\"elementor-post elementor-grid-item post-46281 post type-post status-publish format-standard has-post-thumbnail hentry category-agua tag-espana\" role=\"listitem\">\n\t\t\t\t<a class=\"elementor-post__thumbnail__link\" href=\"https:\/\/www.proes.es\/en\/estudio-hidrologico-e-hidraulico-en-villanueva-de-perales-madrid-2\/\" tabindex=\"-1\" >\n\t\t\t<div class=\"elementor-post__thumbnail\"><img loading=\"lazy\" decoding=\"async\" width=\"300\" height=\"208\" src=\"https:\/\/www.proes.es\/wp-content\/uploads\/2021\/03\/PERALES-300x208.jpg\" class=\"attachment-medium size-medium wp-image-30258\" alt=\"\" srcset=\"https:\/\/www.proes.es\/wp-content\/uploads\/2021\/03\/PERALES-300x208.jpg 300w, https:\/\/www.proes.es\/wp-content\/uploads\/2021\/03\/PERALES-1024x709.jpg 1024w, https:\/\/www.proes.es\/wp-content\/uploads\/2021\/03\/PERALES-768x532.jpg 768w, https:\/\/www.proes.es\/wp-content\/uploads\/2021\/03\/PERALES.jpg 1232w\" sizes=\"(max-width: 300px) 100vw, 300px\" \/><\/div>\n\t\t<\/a>\n\t\t\t\t<div class=\"elementor-post__text\">\n\t\t\t\t<h3 class=\"elementor-post__title\">\n\t\t\t<a href=\"https:\/\/www.proes.es\/en\/estudio-hidrologico-e-hidraulico-en-villanueva-de-perales-madrid-2\/\" >\n\t\t\t\tHydrological and hydraulic study in Villanueva de Perales, Madrid.\t\t\t<\/a>\n\t\t<\/h3>\n\t\t\t\t<div class=\"elementor-post__meta-data\">\n\t\t\t\t\t<span class=\"elementor-post-date\">\n\t\t\t13 de February de 2024\t\t<\/span>\n\t\t\t\t<span class=\"elementor-post-avatar\">\n\t\t\tNo Comments\t\t<\/span>\n\t\t\t\t<\/div>\n\t\t\t\t<div class=\"elementor-post__excerpt\">\n\t\t\t<p>The main objective of the present study is the hydrological and hydraulic analysis for the determination of the 500-year flood level of the river bed of<\/p>\n\t\t<\/div>\n\t\t\n\t\t<a class=\"elementor-post__read-more\" href=\"https:\/\/www.proes.es\/en\/estudio-hidrologico-e-hidraulico-en-villanueva-de-perales-madrid-2\/\" aria-label=\"Read more about Estudio hidrol\u00f3gico e hidr\u00e1ulico en Villanueva de Perales, Madrid\" tabindex=\"-1\" >\n\t\t\tREAD MORE \u00bb\t\t<\/a>\n\n\t\t\t\t<\/div>\n\t\t\t\t<\/article>\n\t\t\t\t<article class=\"elementor-post elementor-grid-item post-46275 post type-post status-publish format-standard has-post-thumbnail hentry category-infraestructuras-del-transporte-terrestre tag-espana\" role=\"listitem\">\n\t\t\t\t<a class=\"elementor-post__thumbnail__link\" href=\"https:\/\/www.proes.es\/en\/anillo-verde-ciclista-de-madrid-fase-1-2\/\" tabindex=\"-1\" >\n\t\t\t<div class=\"elementor-post__thumbnail\"><img loading=\"lazy\" decoding=\"async\" width=\"300\" height=\"166\" src=\"https:\/\/www.proes.es\/wp-content\/uploads\/2021\/03\/fe392f78a62c6fc460cf8c2a182b395f_XL-300x166.jpg\" class=\"attachment-medium size-medium wp-image-30276\" alt=\"\" srcset=\"https:\/\/www.proes.es\/wp-content\/uploads\/2021\/03\/fe392f78a62c6fc460cf8c2a182b395f_XL-300x166.jpg 300w, https:\/\/www.proes.es\/wp-content\/uploads\/2021\/03\/fe392f78a62c6fc460cf8c2a182b395f_XL-1024x567.jpg 1024w, https:\/\/www.proes.es\/wp-content\/uploads\/2021\/03\/fe392f78a62c6fc460cf8c2a182b395f_XL-768x426.jpg 768w, https:\/\/www.proes.es\/wp-content\/uploads\/2021\/03\/fe392f78a62c6fc460cf8c2a182b395f_XL.jpg 1200w\" sizes=\"(max-width: 300px) 100vw, 300px\" \/><\/div>\n\t\t<\/a>\n\t\t\t\t<div class=\"elementor-post__text\">\n\t\t\t\t<h3 class=\"elementor-post__title\">\n\t\t\t<a href=\"https:\/\/www.proes.es\/en\/anillo-verde-ciclista-de-madrid-fase-1-2\/\" >\n\t\t\t\tProyecto del Anillo Verde Ciclista de Madrid, fase 1\t\t\t<\/a>\n\t\t<\/h3>\n\t\t\t\t<div class=\"elementor-post__meta-data\">\n\t\t\t\t\t<span class=\"elementor-post-date\">\n\t\t\t13 de February de 2024\t\t<\/span>\n\t\t\t\t<span class=\"elementor-post-avatar\">\n\t\t\tNo Comments\t\t<\/span>\n\t\t\t\t<\/div>\n\t\t\t\t<div class=\"elementor-post__excerpt\">\n\t\t\t<p>27.046.000 \u20ac PEM 17,7 km length The Anillo Verde Ciclista de Madrid is a circuit whose objective is to connect several parks and green areas of<\/p>\n\t\t<\/div>\n\t\t\n\t\t<a class=\"elementor-post__read-more\" href=\"https:\/\/www.proes.es\/en\/anillo-verde-ciclista-de-madrid-fase-1-2\/\" aria-label=\"Read more about Proyecto del Anillo Verde Ciclista de Madrid, fase 1\" tabindex=\"-1\" >\n\t\t\tREAD MORE \u00bb\t\t<\/a>\n\n\t\t\t\t<\/div>\n\t\t\t\t<\/article>\n\t\t\t\t<article class=\"elementor-post elementor-grid-item post-46269 post type-post status-publish format-standard has-post-thumbnail hentry category-infraestructuras-del-transporte-terrestre tag-espana\" role=\"listitem\">\n\t\t\t\t<a class=\"elementor-post__thumbnail__link\" href=\"https:\/\/www.proes.es\/en\/remodelacion-del-enlace-de-acceso-al-poligono-industrial-del-tambre-carretera-n-550-la-coruna-2\/\" tabindex=\"-1\" >\n\t\t\t<div class=\"elementor-post__thumbnail\"><img loading=\"lazy\" decoding=\"async\" width=\"300\" height=\"169\" src=\"https:\/\/www.proes.es\/wp-content\/uploads\/2021\/03\/tambre-300x169.jpg\" class=\"attachment-medium size-medium wp-image-38437\" alt=\"\" srcset=\"https:\/\/www.proes.es\/wp-content\/uploads\/2021\/03\/tambre-300x169.jpg 300w, https:\/\/www.proes.es\/wp-content\/uploads\/2021\/03\/tambre-1024x577.jpg 1024w, https:\/\/www.proes.es\/wp-content\/uploads\/2021\/03\/tambre-768x433.jpg 768w, https:\/\/www.proes.es\/wp-content\/uploads\/2021\/03\/tambre-18x10.jpg 18w, https:\/\/www.proes.es\/wp-content\/uploads\/2021\/03\/tambre.jpg 1278w\" sizes=\"(max-width: 300px) 100vw, 300px\" \/><\/div>\n\t\t<\/a>\n\t\t\t\t<div class=\"elementor-post__text\">\n\t\t\t\t<h3 class=\"elementor-post__title\">\n\t\t\t<a href=\"https:\/\/www.proes.es\/en\/remodelacion-del-enlace-de-acceso-al-poligono-industrial-del-tambre-carretera-n-550-la-coruna-2\/\" >\n\t\t\t\tRemodelling of the access junction to the Tambre industrial complex, N-550 road, La Coru\u00f1a\t\t\t<\/a>\n\t\t<\/h3>\n\t\t\t\t<div class=\"elementor-post__meta-data\">\n\t\t\t\t\t<span class=\"elementor-post-date\">\n\t\t\t13 de February de 2024\t\t<\/span>\n\t\t\t\t<span class=\"elementor-post-avatar\">\n\t\t\tNo Comments\t\t<\/span>\n\t\t\t\t<\/div>\n\t\t\t\t<div class=\"elementor-post__excerpt\">\n\t\t\t<p>1.586.000 \u20ac PEM The work consists of doubling the access bridge to the industrial estate, separating incoming and outgoing traffic from the road.<\/p>\n\t\t<\/div>\n\t\t\n\t\t<a class=\"elementor-post__read-more\" href=\"https:\/\/www.proes.es\/en\/remodelacion-del-enlace-de-acceso-al-poligono-industrial-del-tambre-carretera-n-550-la-coruna-2\/\" aria-label=\"Read more about Remodelaci\u00f3n del enlace de acceso al pol\u00edgono industrial del Tambre, carretera N-550, La Coru\u00f1a\" tabindex=\"-1\" >\n\t\t\tREAD MORE \u00bb\t\t<\/a>\n\n\t\t\t\t<\/div>\n\t\t\t\t<\/article>\n\t\t\t\t<article class=\"elementor-post elementor-grid-item post-46263 post type-post status-publish format-standard has-post-thumbnail hentry category-diseno-de-infraestructuras-maritimas tag-espana\" role=\"listitem\">\n\t\t\t\t<a class=\"elementor-post__thumbnail__link\" href=\"https:\/\/www.proes.es\/en\/proyecto-de-ampliacion-del-puerto-pesquero-de-blanes-gerona-2\/\" tabindex=\"-1\" >\n\t\t\t<div class=\"elementor-post__thumbnail\"><img loading=\"lazy\" decoding=\"async\" width=\"300\" height=\"176\" src=\"https:\/\/www.proes.es\/wp-content\/uploads\/2022\/04\/BLANES-300x176.jpg\" class=\"attachment-medium size-medium wp-image-30650\" alt=\"\" srcset=\"https:\/\/www.proes.es\/wp-content\/uploads\/2022\/04\/BLANES-300x176.jpg 300w, https:\/\/www.proes.es\/wp-content\/uploads\/2022\/04\/BLANES-1024x601.jpg 1024w, https:\/\/www.proes.es\/wp-content\/uploads\/2022\/04\/BLANES-768x451.jpg 768w, https:\/\/www.proes.es\/wp-content\/uploads\/2022\/04\/BLANES.jpg 1279w\" sizes=\"(max-width: 300px) 100vw, 300px\" \/><\/div>\n\t\t<\/a>\n\t\t\t\t<div class=\"elementor-post__text\">\n\t\t\t\t<h3 class=\"elementor-post__title\">\n\t\t\t<a href=\"https:\/\/www.proes.es\/en\/proyecto-de-ampliacion-del-puerto-pesquero-de-blanes-gerona-2\/\" >\n\t\t\t\tProject for the extension of the fishing port of Blanes, Gerona\t\t\t<\/a>\n\t\t<\/h3>\n\t\t\t\t<div class=\"elementor-post__meta-data\">\n\t\t\t\t\t<span class=\"elementor-post-date\">\n\t\t\t13 de February de 2024\t\t<\/span>\n\t\t\t\t<span class=\"elementor-post-avatar\">\n\t\t\tNo Comments\t\t<\/span>\n\t\t\t\t<\/div>\n\t\t\t\t<div class=\"elementor-post__excerpt\">\n\t\t\t<p>20.782.000 \u20ac EMP The extension of the fishing port of Blanes consists of the construction of a new breakwater, as well as the prolongation of the<\/p>\n\t\t<\/div>\n\t\t\n\t\t<a class=\"elementor-post__read-more\" href=\"https:\/\/www.proes.es\/en\/proyecto-de-ampliacion-del-puerto-pesquero-de-blanes-gerona-2\/\" aria-label=\"Read more about Proyecto de ampliaci\u00f3n del puerto pesquero de Blanes, Gerona\" tabindex=\"-1\" >\n\t\t\tREAD MORE \u00bb\t\t<\/a>\n\n\t\t\t\t<\/div>\n\t\t\t\t<\/article>\n\t\t\t\t<article class=\"elementor-post elementor-grid-item post-46256 post type-post status-publish format-standard has-post-thumbnail hentry category-diseno-de-infraestructuras-maritimas tag-espana\" role=\"listitem\">\n\t\t\t\t<a class=\"elementor-post__thumbnail__link\" href=\"https:\/\/www.proes.es\/en\/proyecto-de-licitacion-del-muelle-de-la-granadilla-santa-cruz-de-tenerife\/\" tabindex=\"-1\" >\n\t\t\t<div class=\"elementor-post__thumbnail\"><img loading=\"lazy\" decoding=\"async\" width=\"300\" height=\"169\" src=\"https:\/\/www.proes.es\/wp-content\/uploads\/2021\/03\/granadilla-300x169.jpg\" class=\"attachment-medium size-medium wp-image-38449\" alt=\"\" srcset=\"https:\/\/www.proes.es\/wp-content\/uploads\/2021\/03\/granadilla-300x169.jpg 300w, https:\/\/www.proes.es\/wp-content\/uploads\/2021\/03\/granadilla-1024x576.jpg 1024w, https:\/\/www.proes.es\/wp-content\/uploads\/2021\/03\/granadilla-768x432.jpg 768w, https:\/\/www.proes.es\/wp-content\/uploads\/2021\/03\/granadilla-18x10.jpg 18w, https:\/\/www.proes.es\/wp-content\/uploads\/2021\/03\/granadilla.jpg 1200w\" sizes=\"(max-width: 300px) 100vw, 300px\" \/><\/div>\n\t\t<\/a>\n\t\t\t\t<div class=\"elementor-post__text\">\n\t\t\t\t<h3 class=\"elementor-post__title\">\n\t\t\t<a href=\"https:\/\/www.proes.es\/en\/proyecto-de-licitacion-del-muelle-de-la-granadilla-santa-cruz-de-tenerife\/\" >\n\t\t\t\tBidding project for the La Granadilla wharf, Santa Cruz de Tenerife\t\t\t<\/a>\n\t\t<\/h3>\n\t\t\t\t<div class=\"elementor-post__meta-data\">\n\t\t\t\t\t<span class=\"elementor-post-date\">\n\t\t\t13 de February de 2024\t\t<\/span>\n\t\t\t\t<span class=\"elementor-post-avatar\">\n\t\t\tNo Comments\t\t<\/span>\n\t\t\t\t<\/div>\n\t\t\t\t<div class=\"elementor-post__excerpt\">\n\t\t\t<p>1.150 m counterdike 2.512 m outer dock The Industrial port of Granadilla is a port located in the municipality of Granadilla de Abona on the<\/p>\n\t\t<\/div>\n\t\t\n\t\t<a class=\"elementor-post__read-more\" href=\"https:\/\/www.proes.es\/en\/proyecto-de-licitacion-del-muelle-de-la-granadilla-santa-cruz-de-tenerife\/\" aria-label=\"Read more about Proyecto de licitaci\u00f3n del muelle de La Granadilla, Santa Cruz de Tenerife\" tabindex=\"-1\" >\n\t\t\tREAD MORE \u00bb\t\t<\/a>\n\n\t\t\t\t<\/div>\n\t\t\t\t<\/article>\n\t\t\t\t<article class=\"elementor-post elementor-grid-item post-46249 post type-post status-publish format-standard has-post-thumbnail hentry category-diseno-de-infraestructuras-maritimas tag-espana\" role=\"listitem\">\n\t\t\t\t<a class=\"elementor-post__thumbnail__link\" href=\"https:\/\/www.proes.es\/en\/nuevo-dique-seco-para-repnaval-en-el-puerto-de-las-palmas-2\/\" tabindex=\"-1\" >\n\t\t\t<div class=\"elementor-post__thumbnail\"><img loading=\"lazy\" decoding=\"async\" width=\"300\" height=\"169\" src=\"https:\/\/www.proes.es\/wp-content\/uploads\/2021\/03\/repnaval-300x169.jpg\" class=\"attachment-medium size-medium wp-image-38455\" alt=\"\" srcset=\"https:\/\/www.proes.es\/wp-content\/uploads\/2021\/03\/repnaval-300x169.jpg 300w, https:\/\/www.proes.es\/wp-content\/uploads\/2021\/03\/repnaval-768x432.jpg 768w, https:\/\/www.proes.es\/wp-content\/uploads\/2021\/03\/repnaval-18x10.jpg 18w, https:\/\/www.proes.es\/wp-content\/uploads\/2021\/03\/repnaval.jpg 880w\" sizes=\"(max-width: 300px) 100vw, 300px\" \/><\/div>\n\t\t<\/a>\n\t\t\t\t<div class=\"elementor-post__text\">\n\t\t\t\t<h3 class=\"elementor-post__title\">\n\t\t\t<a href=\"https:\/\/www.proes.es\/en\/nuevo-dique-seco-para-repnaval-en-el-puerto-de-las-palmas-2\/\" >\n\t\t\t\tNew dry pier for Repnaval in the port of Las Palmas\t\t\t<\/a>\n\t\t<\/h3>\n\t\t\t\t<div class=\"elementor-post__meta-data\">\n\t\t\t\t\t<span class=\"elementor-post-date\">\n\t\t\t13 de February de 2024\t\t<\/span>\n\t\t\t\t<span class=\"elementor-post-avatar\">\n\t\t\tNo Comments\t\t<\/span>\n\t\t\t\t<\/div>\n\t\t\t\t<div class=\"elementor-post__excerpt\">\n\t\t\t<p>5,500 t dry dockside vessels to repair 120 m quay Repnaval is a shipyard specialised in ship repairs, conversion and maintenance, located in in<\/p>\n\t\t<\/div>\n\t\t\n\t\t<a class=\"elementor-post__read-more\" href=\"https:\/\/www.proes.es\/en\/nuevo-dique-seco-para-repnaval-en-el-puerto-de-las-palmas-2\/\" aria-label=\"Read more about Nuevo dique seco para Repnaval en el puerto de Las Palmas\" tabindex=\"-1\" >\n\t\t\tREAD MORE \u00bb\t\t<\/a>\n\n\t\t\t\t<\/div>\n\t\t\t\t<\/article>\n\t\t\t\t<article class=\"elementor-post elementor-grid-item post-46243 post type-post status-publish format-standard has-post-thumbnail hentry category-agua tag-espana\" role=\"listitem\">\n\t\t\t\t<a class=\"elementor-post__thumbnail__link\" href=\"https:\/\/www.proes.es\/en\/emisario-submarino-de-la-edar-de-nerja-malaga-2\/\" tabindex=\"-1\" >\n\t\t\t<div class=\"elementor-post__thumbnail\"><img loading=\"lazy\" decoding=\"async\" width=\"300\" height=\"177\" src=\"https:\/\/www.proes.es\/wp-content\/uploads\/2021\/03\/edar-nerja-300x177.jpg\" class=\"attachment-medium size-medium wp-image-30275\" alt=\"\" srcset=\"https:\/\/www.proes.es\/wp-content\/uploads\/2021\/03\/edar-nerja-300x177.jpg 300w, https:\/\/www.proes.es\/wp-content\/uploads\/2021\/03\/edar-nerja-768x454.jpg 768w, https:\/\/www.proes.es\/wp-content\/uploads\/2021\/03\/edar-nerja.jpg 1024w\" sizes=\"(max-width: 300px) 100vw, 300px\" \/><\/div>\n\t\t<\/a>\n\t\t\t\t<div class=\"elementor-post__text\">\n\t\t\t\t<h3 class=\"elementor-post__title\">\n\t\t\t<a href=\"https:\/\/www.proes.es\/en\/emisario-submarino-de-la-edar-de-nerja-malaga-2\/\" >\n\t\t\t\tSubmarine outfall for the Nerja WWTP, Malaga\t\t\t<\/a>\n\t\t<\/h3>\n\t\t\t\t<div class=\"elementor-post__meta-data\">\n\t\t\t\t\t<span class=\"elementor-post-date\">\n\t\t\t13 de February de 2024\t\t<\/span>\n\t\t\t\t<span class=\"elementor-post-avatar\">\n\t\t\tNo Comments\t\t<\/span>\n\t\t\t\t<\/div>\n\t\t\t\t<div class=\"elementor-post__excerpt\">\n\t\t\t<p>2,367.8 m total length In order to discharge the effluent treated by the Nerja WWTP, the construction of an outfall is planned. At the same time, the network<\/p>\n\t\t<\/div>\n\t\t\n\t\t<a class=\"elementor-post__read-more\" href=\"https:\/\/www.proes.es\/en\/emisario-submarino-de-la-edar-de-nerja-malaga-2\/\" aria-label=\"Read more about Emisario submarino de la EDAR de Nerja, M\u00e1laga\" tabindex=\"-1\" >\n\t\t\tREAD MORE \u00bb\t\t<\/a>\n\n\t\t\t\t<\/div>\n\t\t\t\t<\/article>\n\t\t\t\t<article class=\"elementor-post elementor-grid-item post-46237 post type-post status-publish format-standard has-post-thumbnail hentry category-agua tag-espana\" role=\"listitem\">\n\t\t\t\t<a class=\"elementor-post__thumbnail__link\" href=\"https:\/\/www.proes.es\/en\/estudio-hidraulico-del-viaducto-del-ave-sobre-el-rio-vinalopo-en-aspe-alicante-2\/\" tabindex=\"-1\" >\n\t\t\t<div class=\"elementor-post__thumbnail\"><img loading=\"lazy\" decoding=\"async\" width=\"300\" height=\"169\" src=\"https:\/\/www.proes.es\/wp-content\/uploads\/2021\/03\/aspe-300x169.jpg\" class=\"attachment-medium size-medium wp-image-30271\" alt=\"\" srcset=\"https:\/\/www.proes.es\/wp-content\/uploads\/2021\/03\/aspe-300x169.jpg 300w, https:\/\/www.proes.es\/wp-content\/uploads\/2021\/03\/aspe-768x432.jpg 768w, https:\/\/www.proes.es\/wp-content\/uploads\/2021\/03\/aspe.jpg 880w\" sizes=\"(max-width: 300px) 100vw, 300px\" \/><\/div>\n\t\t<\/a>\n\t\t\t\t<div class=\"elementor-post__text\">\n\t\t\t\t<h3 class=\"elementor-post__title\">\n\t\t\t<a href=\"https:\/\/www.proes.es\/en\/estudio-hidraulico-del-viaducto-del-ave-sobre-el-rio-vinalopo-en-aspe-alicante-2\/\" >\n\t\t\t\tHydraulic study of the AVE viaduct over the Vinalop\u00f3 river at Aspe, Alicante\t\t\t<\/a>\n\t\t<\/h3>\n\t\t\t\t<div class=\"elementor-post__meta-data\">\n\t\t\t\t\t<span class=\"elementor-post-date\">\n\t\t\t13 de February de 2024\t\t<\/span>\n\t\t\t\t<span class=\"elementor-post-avatar\">\n\t\t\tNo Comments\t\t<\/span>\n\t\t\t\t<\/div>\n\t\t\t\t<div class=\"elementor-post__excerpt\">\n\t\t\t<p>Foto Horta Coslada 295 m longitud\u00a0 El tramo de la L\u00ednea de Alta Velocidad Monforte del Cid-Aspe, en la provincia de Alicante, con una longitud<\/p>\n\t\t<\/div>\n\t\t\n\t\t<a class=\"elementor-post__read-more\" href=\"https:\/\/www.proes.es\/en\/estudio-hidraulico-del-viaducto-del-ave-sobre-el-rio-vinalopo-en-aspe-alicante-2\/\" aria-label=\"Read more about Estudio hidr\u00e1ulico del viaducto del AVE sobre el r\u00edo Vinalop\u00f3 en Aspe, Alicante\" tabindex=\"-1\" >\n\t\t\tREAD MORE \u00bb\t\t<\/a>\n\n\t\t\t\t<\/div>\n\t\t\t\t<\/article>\n\t\t\t\t<article class=\"elementor-post elementor-grid-item post-46231 post type-post status-publish format-standard has-post-thumbnail hentry category-diseno-de-infraestructuras-maritimas tag-espana\" role=\"listitem\">\n\t\t\t\t<a class=\"elementor-post__thumbnail__link\" href=\"https:\/\/www.proes.es\/en\/armado-del-cajon-de-celdas-circulares-del-puerto-de-ciutadella-menorca-2\/\" tabindex=\"-1\" >\n\t\t\t<div class=\"elementor-post__thumbnail\"><img loading=\"lazy\" decoding=\"async\" width=\"300\" height=\"169\" src=\"https:\/\/www.proes.es\/wp-content\/uploads\/2021\/03\/vista-aerea-del-puerto-de-ciutadella-300x169.jpg\" class=\"attachment-medium size-medium wp-image-30286\" alt=\"\" srcset=\"https:\/\/www.proes.es\/wp-content\/uploads\/2021\/03\/vista-aerea-del-puerto-de-ciutadella-300x169.jpg 300w, https:\/\/www.proes.es\/wp-content\/uploads\/2021\/03\/vista-aerea-del-puerto-de-ciutadella-1024x576.jpg 1024w, https:\/\/www.proes.es\/wp-content\/uploads\/2021\/03\/vista-aerea-del-puerto-de-ciutadella-768x432.jpg 768w, https:\/\/www.proes.es\/wp-content\/uploads\/2021\/03\/vista-aerea-del-puerto-de-ciutadella.jpg 1200w\" sizes=\"(max-width: 300px) 100vw, 300px\" \/><\/div>\n\t\t<\/a>\n\t\t\t\t<div class=\"elementor-post__text\">\n\t\t\t\t<h3 class=\"elementor-post__title\">\n\t\t\t<a href=\"https:\/\/www.proes.es\/en\/armado-del-cajon-de-celdas-circulares-del-puerto-de-ciutadella-menorca-2\/\" >\n\t\t\t\tReinforcement of the circular cells box at the port of Ciutadella, Menorca\t\t\t<\/a>\n\t\t<\/h3>\n\t\t\t\t<div class=\"elementor-post__meta-data\">\n\t\t\t\t\t<span class=\"elementor-post-date\">\n\t\t\t13 de February de 2024\t\t<\/span>\n\t\t\t\t<span class=\"elementor-post-avatar\">\n\t\t\tNo Comments\t\t<\/span>\n\t\t\t\t<\/div>\n\t\t\t\t<div class=\"elementor-post__excerpt\">\n\t\t\t<p>29,70 m eslora total\u00a0 3,51 m di\u00e1metro de celda circular El proyecto tiene como objetivo el c\u00e1lculo estructural y definici\u00f3n de armadura los cajones que<\/p>\n\t\t<\/div>\n\t\t\n\t\t<a class=\"elementor-post__read-more\" href=\"https:\/\/www.proes.es\/en\/armado-del-cajon-de-celdas-circulares-del-puerto-de-ciutadella-menorca-2\/\" aria-label=\"Read more about Armado del caj\u00f3n de celdas circulares del puerto de Ciutadella, Menorca\" tabindex=\"-1\" >\n\t\t\tREAD MORE \u00bb\t\t<\/a>\n\n\t\t\t\t<\/div>\n\t\t\t\t<\/article>\n\t\t\t\t<article class=\"elementor-post elementor-grid-item post-46220 post type-post status-publish format-standard has-post-thumbnail hentry category-edificacion tag-espana\" role=\"listitem\">\n\t\t\t\t<a class=\"elementor-post__thumbnail__link\" href=\"https:\/\/www.proes.es\/en\/157-viviendas-de-proteccion-publica-en-espartales-norte-alcala-de-henares-madrid\/\" tabindex=\"-1\" >\n\t\t\t<div class=\"elementor-post__thumbnail\"><img loading=\"lazy\" decoding=\"async\" width=\"300\" height=\"192\" src=\"https:\/\/www.proes.es\/wp-content\/uploads\/2023\/07\/08164-Viviendas-Alcala-300x192.jpg\" class=\"attachment-medium size-medium wp-image-35849\" alt=\"\" srcset=\"https:\/\/www.proes.es\/wp-content\/uploads\/2023\/07\/08164-Viviendas-Alcala-300x192.jpg 300w, https:\/\/www.proes.es\/wp-content\/uploads\/2023\/07\/08164-Viviendas-Alcala-1024x655.jpg 1024w, https:\/\/www.proes.es\/wp-content\/uploads\/2023\/07\/08164-Viviendas-Alcala-768x491.jpg 768w, https:\/\/www.proes.es\/wp-content\/uploads\/2023\/07\/08164-Viviendas-Alcala-1536x983.jpg 1536w, https:\/\/www.proes.es\/wp-content\/uploads\/2023\/07\/08164-Viviendas-Alcala-2048x1310.jpg 2048w, https:\/\/www.proes.es\/wp-content\/uploads\/2023\/07\/08164-Viviendas-Alcala-18x12.jpg 18w\" sizes=\"(max-width: 300px) 100vw, 300px\" \/><\/div>\n\t\t<\/a>\n\t\t\t\t<div class=\"elementor-post__text\">\n\t\t\t\t<h3 class=\"elementor-post__title\">\n\t\t\t<a href=\"https:\/\/www.proes.es\/en\/157-viviendas-de-proteccion-publica-en-espartales-norte-alcala-de-henares-madrid\/\" >\n\t\t\t\t157 social housing units in Espartales Norte, Alcal\u00e1 de Henares, Madrid\t\t\t<\/a>\n\t\t<\/h3>\n\t\t\t\t<div class=\"elementor-post__meta-data\">\n\t\t\t\t\t<span class=\"elementor-post-date\">\n\t\t\t13 de February de 2024\t\t<\/span>\n\t\t\t\t<span class=\"elementor-post-avatar\">\n\t\t\tNo Comments\t\t<\/span>\n\t\t\t\t<\/div>\n\t\t\t\t<div class=\"elementor-post__excerpt\">\n\t\t\t<p>11.728.000 \u20ac PEM&nbsp; 1.500.000 m\u00b3 anuales Espartales\u00a0es un barrio residencial de 230 hect\u00e1reas de extensi\u00f3n, perteneciente al Distrito IV de\u00a0Alcal\u00e1 de Henares, en la\u00a0Comunidad de<\/p>\n\t\t<\/div>\n\t\t\n\t\t<a class=\"elementor-post__read-more\" href=\"https:\/\/www.proes.es\/en\/157-viviendas-de-proteccion-publica-en-espartales-norte-alcala-de-henares-madrid\/\" aria-label=\"Read more about 157 viviendas de protecci\u00f3n p\u00fablica en Espartales Norte, Alcal\u00e1 de Henares, Madrid\" tabindex=\"-1\" >\n\t\t\tREAD MORE \u00bb\t\t<\/a>\n\n\t\t\t\t<\/div>\n\t\t\t\t<\/article>\n\t\t\t\t<article class=\"elementor-post elementor-grid-item post-46208 post type-post status-publish format-standard has-post-thumbnail hentry category-diseno-de-infraestructuras-maritimas tag-espana\" role=\"listitem\">\n\t\t\t\t<a class=\"elementor-post__thumbnail__link\" href=\"https:\/\/www.proes.es\/en\/direccion-de-obra-y-asistencia-tecnica-de-un-nuevo-atraque-en-el-pantalan-reina-sofia-del-puerto-de-huelva\/\" tabindex=\"-1\" >\n\t\t\t<div class=\"elementor-post__thumbnail\"><img loading=\"lazy\" decoding=\"async\" width=\"300\" height=\"223\" src=\"https:\/\/www.proes.es\/wp-content\/uploads\/2023\/07\/Foto-3_By-courtesy-of-CEPSA-300x223.jpg\" class=\"attachment-medium size-medium wp-image-35930\" alt=\"\" srcset=\"https:\/\/www.proes.es\/wp-content\/uploads\/2023\/07\/Foto-3_By-courtesy-of-CEPSA-300x223.jpg 300w, https:\/\/www.proes.es\/wp-content\/uploads\/2023\/07\/Foto-3_By-courtesy-of-CEPSA-1024x762.jpg 1024w, https:\/\/www.proes.es\/wp-content\/uploads\/2023\/07\/Foto-3_By-courtesy-of-CEPSA-768x572.jpg 768w, https:\/\/www.proes.es\/wp-content\/uploads\/2023\/07\/Foto-3_By-courtesy-of-CEPSA-1536x1144.jpg 1536w, https:\/\/www.proes.es\/wp-content\/uploads\/2023\/07\/Foto-3_By-courtesy-of-CEPSA-2048x1525.jpg 2048w, https:\/\/www.proes.es\/wp-content\/uploads\/2023\/07\/Foto-3_By-courtesy-of-CEPSA-16x12.jpg 16w\" sizes=\"(max-width: 300px) 100vw, 300px\" \/><\/div>\n\t\t<\/a>\n\t\t\t\t<div class=\"elementor-post__text\">\n\t\t\t\t<h3 class=\"elementor-post__title\">\n\t\t\t<a href=\"https:\/\/www.proes.es\/en\/direccion-de-obra-y-asistencia-tecnica-de-un-nuevo-atraque-en-el-pantalan-reina-sofia-del-puerto-de-huelva\/\" >\n\t\t\t\tProject management and technical assistance for a new berth at the Reina Sofia jetty in the port of Huelva\t\t\t<\/a>\n\t\t<\/h3>\n\t\t\t\t<div class=\"elementor-post__meta-data\">\n\t\t\t\t\t<span class=\"elementor-post-date\">\n\t\t\t13 de February de 2024\t\t<\/span>\n\t\t\t\t<span class=\"elementor-post-avatar\">\n\t\t\tNo Comments\t\t<\/span>\n\t\t\t\t<\/div>\n\t\t\t\t<div class=\"elementor-post__excerpt\">\n\t\t\t<p>10.343.000 \u20ac PEM&nbsp; El proyecto tiene por objeto la definici\u00f3n de las obras realizadas para la construcci\u00f3n de un nuevo frente de atraque en la<\/p>\n\t\t<\/div>\n\t\t\n\t\t<a class=\"elementor-post__read-more\" href=\"https:\/\/www.proes.es\/en\/direccion-de-obra-y-asistencia-tecnica-de-un-nuevo-atraque-en-el-pantalan-reina-sofia-del-puerto-de-huelva\/\" aria-label=\"Read more about Direcci\u00f3n de obra y asistencia t\u00e9cnica de un nuevo atraque en el pantal\u00e1n Reina Sof\u00eda del puerto de Huelva\" tabindex=\"-1\" >\n\t\t\tREAD MORE \u00bb\t\t<\/a>\n\n\t\t\t\t<\/div>\n\t\t\t\t<\/article>\n\t\t\t\t<article class=\"elementor-post elementor-grid-item post-46202 post type-post status-publish format-standard has-post-thumbnail hentry category-infraestructuras-del-transporte-terrestre tag-espana\" role=\"listitem\">\n\t\t\t\t<a class=\"elementor-post__thumbnail__link\" href=\"https:\/\/www.proes.es\/en\/proyecto-basico-de-plataforma-de-la-linea-de-alta-velocidad-vitoria-bilbao-san-sebastian-tramo-atxondo-abadino-2\/\" tabindex=\"-1\" >\n\t\t\t<div class=\"elementor-post__thumbnail\"><img loading=\"lazy\" decoding=\"async\" width=\"300\" height=\"165\" src=\"https:\/\/www.proes.es\/wp-content\/uploads\/2021\/03\/tav-abadino_20200707122943-300x165.jpg\" class=\"attachment-medium size-medium wp-image-30283\" alt=\"\" srcset=\"https:\/\/www.proes.es\/wp-content\/uploads\/2021\/03\/tav-abadino_20200707122943-300x165.jpg 300w, https:\/\/www.proes.es\/wp-content\/uploads\/2021\/03\/tav-abadino_20200707122943-1024x563.jpg 1024w, https:\/\/www.proes.es\/wp-content\/uploads\/2021\/03\/tav-abadino_20200707122943-768x422.jpg 768w, https:\/\/www.proes.es\/wp-content\/uploads\/2021\/03\/tav-abadino_20200707122943.jpg 1200w\" sizes=\"(max-width: 300px) 100vw, 300px\" \/><\/div>\n\t\t<\/a>\n\t\t\t\t<div class=\"elementor-post__text\">\n\t\t\t\t<h3 class=\"elementor-post__title\">\n\t\t\t<a href=\"https:\/\/www.proes.es\/en\/proyecto-basico-de-plataforma-de-la-linea-de-alta-velocidad-vitoria-bilbao-san-sebastian-tramo-atxondo-abadino-2\/\" >\n\t\t\t\tBasic platform design for the Vitoria-Bilbao-San Sebasti\u00e1n high-speed railway line, Atxondo-Abadi\u00f1o section.\t\t\t<\/a>\n\t\t<\/h3>\n\t\t\t\t<div class=\"elementor-post__meta-data\">\n\t\t\t\t\t<span class=\"elementor-post-date\">\n\t\t\t13 de February de 2024\t\t<\/span>\n\t\t\t\t<span class=\"elementor-post-avatar\">\n\t\t\tNo Comments\t\t<\/span>\n\t\t\t\t<\/div>\n\t\t\t\t<div class=\"elementor-post__excerpt\">\n\t\t\t<p>53.350.000 \u20ac PEM 1.755 m length Arrazola viaduct The Atxondo-Abadi\u00f1o section is 5,66 km long and runs entirely along the<\/p>\n\t\t<\/div>\n\t\t\n\t\t<a class=\"elementor-post__read-more\" href=\"https:\/\/www.proes.es\/en\/proyecto-basico-de-plataforma-de-la-linea-de-alta-velocidad-vitoria-bilbao-san-sebastian-tramo-atxondo-abadino-2\/\" aria-label=\"Read more about Proyecto b\u00e1sico de plataforma de la l\u00ednea de alta velocidad Vitoria-Bilbao-San Sebasti\u00e1n, tramo Atxondo-Abadi\u00f1o\" tabindex=\"-1\" >\n\t\t\tREAD MORE \u00bb\t\t<\/a>\n\n\t\t\t\t<\/div>\n\t\t\t\t<\/article>\n\t\t\t\t<article class=\"elementor-post elementor-grid-item post-46196 post type-post status-publish format-standard has-post-thumbnail hentry category-diseno-de-infraestructuras-maritimas tag-espana\" role=\"listitem\">\n\t\t\t\t<a class=\"elementor-post__thumbnail__link\" href=\"https:\/\/www.proes.es\/en\/proyecto-y-asistencia-tecnica-del-nuevo-rack-de-tuberias-en-el-pantalan-reina-sofia-del-puerto-de-huelva\/\" tabindex=\"-1\" >\n\t\t\t<div class=\"elementor-post__thumbnail\"><img loading=\"lazy\" decoding=\"async\" width=\"300\" height=\"225\" src=\"https:\/\/www.proes.es\/wp-content\/uploads\/2021\/03\/IMG_3637-300x225.jpg\" class=\"attachment-medium size-medium wp-image-30248\" alt=\"\" srcset=\"https:\/\/www.proes.es\/wp-content\/uploads\/2021\/03\/IMG_3637-300x225.jpg 300w, https:\/\/www.proes.es\/wp-content\/uploads\/2021\/03\/IMG_3637-1024x768.jpg 1024w, https:\/\/www.proes.es\/wp-content\/uploads\/2021\/03\/IMG_3637-768x576.jpg 768w, https:\/\/www.proes.es\/wp-content\/uploads\/2021\/03\/IMG_3637-1536x1152.jpg 1536w, https:\/\/www.proes.es\/wp-content\/uploads\/2021\/03\/IMG_3637-2048x1536.jpg 2048w\" sizes=\"(max-width: 300px) 100vw, 300px\" \/><\/div>\n\t\t<\/a>\n\t\t\t\t<div class=\"elementor-post__text\">\n\t\t\t\t<h3 class=\"elementor-post__title\">\n\t\t\t<a href=\"https:\/\/www.proes.es\/en\/proyecto-y-asistencia-tecnica-del-nuevo-rack-de-tuberias-en-el-pantalan-reina-sofia-del-puerto-de-huelva\/\" >\n\t\t\t\tProject and technical assistance for the new pipe rack on the Reina Sofia pontoon in the port of Huelva\t\t\t<\/a>\n\t\t<\/h3>\n\t\t\t\t<div class=\"elementor-post__meta-data\">\n\t\t\t\t\t<span class=\"elementor-post-date\">\n\t\t\t13 de February de 2024\t\t<\/span>\n\t\t\t\t<span class=\"elementor-post-avatar\">\n\t\t\tNo Comments\t\t<\/span>\n\t\t\t\t<\/div>\n\t\t\t\t<div class=\"elementor-post__excerpt\">\n\t\t\t<p>Debido al aumento de la demanda en la operaci\u00f3n de nuevos productos por v\u00eda mar\u00edtima, surge la necesidad de ampliaci\u00f3n del rack de tuber\u00edas del<\/p>\n\t\t<\/div>\n\t\t\n\t\t<a class=\"elementor-post__read-more\" href=\"https:\/\/www.proes.es\/en\/proyecto-y-asistencia-tecnica-del-nuevo-rack-de-tuberias-en-el-pantalan-reina-sofia-del-puerto-de-huelva\/\" aria-label=\"Read more about Proyecto y asistencia t\u00e9cnica del nuevo rack de tuber\u00edas en el pantal\u00e1n Reina Sof\u00eda del puerto de Huelva\" tabindex=\"-1\" >\n\t\t\tREAD MORE \u00bb\t\t<\/a>\n\n\t\t\t\t<\/div>\n\t\t\t\t<\/article>\n\t\t\t\t<article class=\"elementor-post elementor-grid-item post-46190 post type-post status-publish format-standard has-post-thumbnail hentry category-diseno-de-infraestructuras-maritimas tag-espana\" role=\"listitem\">\n\t\t\t\t<a class=\"elementor-post__thumbnail__link\" href=\"https:\/\/www.proes.es\/en\/proyecto-variante-para-la-prolongacion-del-dique-de-poniente-del-puerto-de-almeria-2\/\" tabindex=\"-1\" >\n\t\t\t<div class=\"elementor-post__thumbnail\"><img loading=\"lazy\" decoding=\"async\" width=\"300\" height=\"169\" src=\"https:\/\/www.proes.es\/wp-content\/uploads\/2021\/03\/AlmeraUTEPechina-300x169.jpg\" class=\"attachment-medium size-medium wp-image-30237\" alt=\"\" srcset=\"https:\/\/www.proes.es\/wp-content\/uploads\/2021\/03\/AlmeraUTEPechina-300x169.jpg 300w, https:\/\/www.proes.es\/wp-content\/uploads\/2021\/03\/AlmeraUTEPechina-1024x576.jpg 1024w, https:\/\/www.proes.es\/wp-content\/uploads\/2021\/03\/AlmeraUTEPechina-768x432.jpg 768w, https:\/\/www.proes.es\/wp-content\/uploads\/2021\/03\/AlmeraUTEPechina-1536x864.jpg 1536w, https:\/\/www.proes.es\/wp-content\/uploads\/2021\/03\/AlmeraUTEPechina.jpg 2000w\" sizes=\"(max-width: 300px) 100vw, 300px\" \/><\/div>\n\t\t<\/a>\n\t\t\t\t<div class=\"elementor-post__text\">\n\t\t\t\t<h3 class=\"elementor-post__title\">\n\t\t\t<a href=\"https:\/\/www.proes.es\/en\/proyecto-variante-para-la-prolongacion-del-dique-de-poniente-del-puerto-de-almeria-2\/\" >\n\t\t\t\tProject for the extension of the Poniente breakwater in the port of Almeria\t\t\t<\/a>\n\t\t<\/h3>\n\t\t\t\t<div class=\"elementor-post__meta-data\">\n\t\t\t\t\t<span class=\"elementor-post-date\">\n\t\t\t13 de February de 2024\t\t<\/span>\n\t\t\t\t<span class=\"elementor-post-avatar\">\n\t\t\tNo Comments\t\t<\/span>\n\t\t\t\t<\/div>\n\t\t\t\t<div class=\"elementor-post__excerpt\">\n\t\t\t<p>18.523.000 \u20ac PEM&nbsp; 416,10 m longitud primer tramo La Autoridad Portuaria de Almer\u00eda acomete el desarrollo de poniente del puerto con vistas a dotarlo de<\/p>\n\t\t<\/div>\n\t\t\n\t\t<a class=\"elementor-post__read-more\" href=\"https:\/\/www.proes.es\/en\/proyecto-variante-para-la-prolongacion-del-dique-de-poniente-del-puerto-de-almeria-2\/\" aria-label=\"Read more about Proyecto variante para la prolongaci\u00f3n del dique de Poniente del puerto de Almer\u00eda\" tabindex=\"-1\" >\n\t\t\tREAD MORE \u00bb\t\t<\/a>\n\n\t\t\t\t<\/div>\n\t\t\t\t<\/article>\n\t\t\t\t<article class=\"elementor-post elementor-grid-item post-46182 post type-post status-publish format-standard has-post-thumbnail hentry category-agua tag-espana\" role=\"listitem\">\n\t\t\t\t<a class=\"elementor-post__thumbnail__link\" href=\"https:\/\/www.proes.es\/en\/emisario-submarino-de-la-edar-de-lagares-vigo-2\/\" tabindex=\"-1\" >\n\t\t\t<div class=\"elementor-post__thumbnail\"><img loading=\"lazy\" decoding=\"async\" width=\"300\" height=\"199\" src=\"https:\/\/www.proes.es\/wp-content\/uploads\/2024\/02\/Emisario-submarino-Lagares-300x199.jpg\" class=\"attachment-medium size-medium wp-image-46185\" alt=\"\" srcset=\"https:\/\/www.proes.es\/wp-content\/uploads\/2024\/02\/Emisario-submarino-Lagares-300x199.jpg 300w, https:\/\/www.proes.es\/wp-content\/uploads\/2024\/02\/Emisario-submarino-Lagares-1024x678.jpg 1024w, https:\/\/www.proes.es\/wp-content\/uploads\/2024\/02\/Emisario-submarino-Lagares-768x509.jpg 768w, https:\/\/www.proes.es\/wp-content\/uploads\/2024\/02\/Emisario-submarino-Lagares-1536x1017.jpg 1536w, https:\/\/www.proes.es\/wp-content\/uploads\/2024\/02\/Emisario-submarino-Lagares-2048x1356.jpg 2048w, https:\/\/www.proes.es\/wp-content\/uploads\/2024\/02\/Emisario-submarino-Lagares-18x12.jpg 18w\" sizes=\"(max-width: 300px) 100vw, 300px\" \/><\/div>\n\t\t<\/a>\n\t\t\t\t<div class=\"elementor-post__text\">\n\t\t\t\t<h3 class=\"elementor-post__title\">\n\t\t\t<a href=\"https:\/\/www.proes.es\/en\/emisario-submarino-de-la-edar-de-lagares-vigo-2\/\" >\n\t\t\t\tSubmarine outfall of the Lagares WWTP, Vigo\t\t\t<\/a>\n\t\t<\/h3>\n\t\t\t\t<div class=\"elementor-post__meta-data\">\n\t\t\t\t\t<span class=\"elementor-post-date\">\n\t\t\t13 de February de 2024\t\t<\/span>\n\t\t\t\t<span class=\"elementor-post-avatar\">\n\t\t\tNo Comments\t\t<\/span>\n\t\t\t\t<\/div>\n\t\t\t\t<div class=\"elementor-post__excerpt\">\n\t\t\t<p>2,090 m length 2,000 mm outer diameter The works consist of the construction of an outfall that has two sections: the land section with a length of<\/p>\n\t\t<\/div>\n\t\t\n\t\t<a class=\"elementor-post__read-more\" href=\"https:\/\/www.proes.es\/en\/emisario-submarino-de-la-edar-de-lagares-vigo-2\/\" aria-label=\"Read more about Emisario submarino de la EDAR de Lagares, Vigo\" tabindex=\"-1\" >\n\t\t\tREAD MORE \u00bb\t\t<\/a>\n\n\t\t\t\t<\/div>\n\t\t\t\t<\/article>\n\t\t\t\t<article class=\"elementor-post elementor-grid-item post-46176 post type-post status-publish format-standard has-post-thumbnail hentry category-agua tag-espana\" role=\"listitem\">\n\t\t\t\t<a class=\"elementor-post__thumbnail__link\" href=\"https:\/\/www.proes.es\/en\/proyecto-constructivo-del-emisario-submarino-de-xago-asturias-2\/\" tabindex=\"-1\" >\n\t\t\t<div class=\"elementor-post__thumbnail\"><img loading=\"lazy\" decoding=\"async\" width=\"300\" height=\"225\" src=\"https:\/\/www.proes.es\/wp-content\/uploads\/2021\/03\/05099.-Emisario-de-Xago9-300x225.jpg\" class=\"attachment-medium size-medium wp-image-30232\" alt=\"\" srcset=\"https:\/\/www.proes.es\/wp-content\/uploads\/2021\/03\/05099.-Emisario-de-Xago9-300x225.jpg 300w, https:\/\/www.proes.es\/wp-content\/uploads\/2021\/03\/05099.-Emisario-de-Xago9-1024x768.jpg 1024w, https:\/\/www.proes.es\/wp-content\/uploads\/2021\/03\/05099.-Emisario-de-Xago9-768x576.jpg 768w, https:\/\/www.proes.es\/wp-content\/uploads\/2021\/03\/05099.-Emisario-de-Xago9-1536x1152.jpg 1536w, https:\/\/www.proes.es\/wp-content\/uploads\/2021\/03\/05099.-Emisario-de-Xago9-2048x1536.jpg 2048w\" sizes=\"(max-width: 300px) 100vw, 300px\" \/><\/div>\n\t\t<\/a>\n\t\t\t\t<div class=\"elementor-post__text\">\n\t\t\t\t<h3 class=\"elementor-post__title\">\n\t\t\t<a href=\"https:\/\/www.proes.es\/en\/proyecto-constructivo-del-emisario-submarino-de-xago-asturias-2\/\" >\n\t\t\t\tConstruction project for the submarine outfall at Xag\u00f3, Asturias\t\t\t<\/a>\n\t\t<\/h3>\n\t\t\t\t<div class=\"elementor-post__meta-data\">\n\t\t\t\t\t<span class=\"elementor-post-date\">\n\t\t\t13 de February de 2024\t\t<\/span>\n\t\t\t\t<span class=\"elementor-post-avatar\">\n\t\t\tNo Comments\t\t<\/span>\n\t\t\t\t<\/div>\n\t\t\t\t<div class=\"elementor-post__excerpt\">\n\t\t\t<p>14.560.000 PEM 2.588 m length submarine outfall This is the constructive design of a submarine outfall in Xag\u00f3, Asturias, for the drainage of the estuary.<\/p>\n\t\t<\/div>\n\t\t\n\t\t<a class=\"elementor-post__read-more\" href=\"https:\/\/www.proes.es\/en\/proyecto-constructivo-del-emisario-submarino-de-xago-asturias-2\/\" aria-label=\"Read more about Proyecto constructivo del emisario submarino de Xag\u00f3, Asturias\" tabindex=\"-1\" >\n\t\t\tREAD MORE \u00bb\t\t<\/a>\n\n\t\t\t\t<\/div>\n\t\t\t\t<\/article>\n\t\t\t\t<article class=\"elementor-post elementor-grid-item post-46169 post type-post status-publish format-standard has-post-thumbnail hentry category-diseno-de-infraestructuras-maritimas tag-espana\" role=\"listitem\">\n\t\t\t\t<a class=\"elementor-post__thumbnail__link\" href=\"https:\/\/www.proes.es\/en\/plan-director-de-infraestructuras-de-la-autoridad-portuaria-de-la-bahia-de-algeciras\/\" tabindex=\"-1\" >\n\t\t\t<div class=\"elementor-post__thumbnail\"><img loading=\"lazy\" decoding=\"async\" width=\"300\" height=\"98\" src=\"https:\/\/www.proes.es\/wp-content\/uploads\/2024\/02\/Algeciras-300x98.png\" class=\"attachment-medium size-medium wp-image-49454\" alt=\"\" srcset=\"https:\/\/www.proes.es\/wp-content\/uploads\/2024\/02\/Algeciras-300x98.png 300w, https:\/\/www.proes.es\/wp-content\/uploads\/2024\/02\/Algeciras-1024x333.png 1024w, https:\/\/www.proes.es\/wp-content\/uploads\/2024\/02\/Algeciras-768x250.png 768w, https:\/\/www.proes.es\/wp-content\/uploads\/2024\/02\/Algeciras-1536x500.png 1536w, https:\/\/www.proes.es\/wp-content\/uploads\/2024\/02\/Algeciras-18x6.png 18w, https:\/\/www.proes.es\/wp-content\/uploads\/2024\/02\/Algeciras.png 1949w\" sizes=\"(max-width: 300px) 100vw, 300px\" \/><\/div>\n\t\t<\/a>\n\t\t\t\t<div class=\"elementor-post__text\">\n\t\t\t\t<h3 class=\"elementor-post__title\">\n\t\t\t<a href=\"https:\/\/www.proes.es\/en\/plan-director-de-infraestructuras-de-la-autoridad-portuaria-de-la-bahia-de-algeciras\/\" >\n\t\t\t\tInfrastructure Master Plan of the Port Authority of the Bay of Algeciras\t\t\t<\/a>\n\t\t<\/h3>\n\t\t\t\t<div class=\"elementor-post__meta-data\">\n\t\t\t\t\t<span class=\"elementor-post-date\">\n\t\t\t13 de February de 2024\t\t<\/span>\n\t\t\t\t<span class=\"elementor-post-avatar\">\n\t\t\tNo Comments\t\t<\/span>\n\t\t\t\t<\/div>\n\t\t\t\t<div class=\"elementor-post__excerpt\">\n\t\t\t<p>315.000 pasajeros\u00a0 380.000 Teu anuales de contenedores El objetivo del proyecto es la redacci\u00f3n del Plan Director de Infraestructuras de la Autoridad Portuaria de la<\/p>\n\t\t<\/div>\n\t\t\n\t\t<a class=\"elementor-post__read-more\" href=\"https:\/\/www.proes.es\/en\/plan-director-de-infraestructuras-de-la-autoridad-portuaria-de-la-bahia-de-algeciras\/\" aria-label=\"Read more about Plan director de infraestructuras de la Autoridad Portuaria de la Bah\u00eda de Algeciras\" tabindex=\"-1\" >\n\t\t\tREAD MORE \u00bb\t\t<\/a>\n\n\t\t\t\t<\/div>\n\t\t\t\t<\/article>\n\t\t\t\t<article class=\"elementor-post elementor-grid-item post-46160 post type-post status-publish format-standard has-post-thumbnail hentry category-rehabilitacion-y-mantenimiento-de-estructuras tag-espana\" role=\"listitem\">\n\t\t\t\t<a class=\"elementor-post__thumbnail__link\" href=\"https:\/\/www.proes.es\/en\/inspeccion-y-evaluacion-estructural-de-un-muelle-dique-en-salinetas-gran-canaria\/\" tabindex=\"-1\" >\n\t\t\t<div class=\"elementor-post__thumbnail\"><img loading=\"lazy\" decoding=\"async\" width=\"300\" height=\"169\" src=\"https:\/\/www.proes.es\/wp-content\/uploads\/2021\/03\/DISA-SALINETAS-300x169.jpg\" class=\"attachment-medium size-medium wp-image-30243\" alt=\"\" srcset=\"https:\/\/www.proes.es\/wp-content\/uploads\/2021\/03\/DISA-SALINETAS-300x169.jpg 300w, https:\/\/www.proes.es\/wp-content\/uploads\/2021\/03\/DISA-SALINETAS-768x432.jpg 768w, https:\/\/www.proes.es\/wp-content\/uploads\/2021\/03\/DISA-SALINETAS.jpg 880w\" sizes=\"(max-width: 300px) 100vw, 300px\" \/><\/div>\n\t\t<\/a>\n\t\t\t\t<div class=\"elementor-post__text\">\n\t\t\t\t<h3 class=\"elementor-post__title\">\n\t\t\t<a href=\"https:\/\/www.proes.es\/en\/inspeccion-y-evaluacion-estructural-de-un-muelle-dique-en-salinetas-gran-canaria\/\" >\n\t\t\t\tStructural inspection and assessment of a dock-dock in Salinetas, Gran Canaria\t\t\t<\/a>\n\t\t<\/h3>\n\t\t\t\t<div class=\"elementor-post__meta-data\">\n\t\t\t\t\t<span class=\"elementor-post-date\">\n\t\t\t13 de February de 2024\t\t<\/span>\n\t\t\t\t<span class=\"elementor-post-avatar\">\n\t\t\tNo Comments\t\t<\/span>\n\t\t\t\t<\/div>\n\t\t\t\t<div class=\"elementor-post__excerpt\">\n\t\t\t<p>2.940.000 \u20ac PEM 50 years old The Disa hydrocarbon plant dock-dock is at the end of its useful life, and presents<\/p>\n\t\t<\/div>\n\t\t\n\t\t<a class=\"elementor-post__read-more\" href=\"https:\/\/www.proes.es\/en\/inspeccion-y-evaluacion-estructural-de-un-muelle-dique-en-salinetas-gran-canaria\/\" aria-label=\"Read more about Inspecci\u00f3n y evaluaci\u00f3n estructural de un muelle-dique en Salinetas, Gran Canaria\" tabindex=\"-1\" >\n\t\t\tREAD MORE \u00bb\t\t<\/a>\n\n\t\t\t\t<\/div>\n\t\t\t\t<\/article>\n\t\t\t\t<article class=\"elementor-post elementor-grid-item post-46153 post type-post status-publish format-standard has-post-thumbnail hentry category-diseno-de-infraestructuras-maritimas tag-espana\" role=\"listitem\">\n\t\t\t\t<a class=\"elementor-post__thumbnail__link\" href=\"https:\/\/www.proes.es\/en\/evaluacion-de-la-demanda-de-servicios-portuarios-para-la-terminal-de-contenedores-de-ttia-algeciras-2\/\" tabindex=\"-1\" >\n\t\t\t<div class=\"elementor-post__thumbnail\"><img loading=\"lazy\" decoding=\"async\" width=\"300\" height=\"198\" src=\"https:\/\/www.proes.es\/wp-content\/uploads\/2021\/03\/Puerto-Algeciras-TTIA-300x198.jpg\" class=\"attachment-medium size-medium wp-image-30263\" alt=\"\" srcset=\"https:\/\/www.proes.es\/wp-content\/uploads\/2021\/03\/Puerto-Algeciras-TTIA-300x198.jpg 300w, https:\/\/www.proes.es\/wp-content\/uploads\/2021\/03\/Puerto-Algeciras-TTIA-1024x676.jpg 1024w, https:\/\/www.proes.es\/wp-content\/uploads\/2021\/03\/Puerto-Algeciras-TTIA-768x507.jpg 768w, https:\/\/www.proes.es\/wp-content\/uploads\/2021\/03\/Puerto-Algeciras-TTIA-1536x1014.jpg 1536w, https:\/\/www.proes.es\/wp-content\/uploads\/2021\/03\/Puerto-Algeciras-TTIA-2048x1352.jpg 2048w\" sizes=\"(max-width: 300px) 100vw, 300px\" \/><\/div>\n\t\t<\/a>\n\t\t\t\t<div class=\"elementor-post__text\">\n\t\t\t\t<h3 class=\"elementor-post__title\">\n\t\t\t<a href=\"https:\/\/www.proes.es\/en\/evaluacion-de-la-demanda-de-servicios-portuarios-para-la-terminal-de-contenedores-de-ttia-algeciras-2\/\" >\n\t\t\t\tAssessment of the demand for port services for the TTIA container terminal, Algeciras\t\t\t<\/a>\n\t\t<\/h3>\n\t\t\t\t<div class=\"elementor-post__meta-data\">\n\t\t\t\t\t<span class=\"elementor-post-date\">\n\t\t\t13 de February de 2024\t\t<\/span>\n\t\t\t\t<span class=\"elementor-post-avatar\">\n\t\t\tNo Comments\t\t<\/span>\n\t\t\t\t<\/div>\n\t\t\t\t<div class=\"elementor-post__excerpt\">\n\t\t\t<p>57.621 m2 \u00e1rea de atraque 300.119 m2 patio La Autoridad Portuaria de la Bah\u00eda de Algeciras (APBA) contrata a Proes como asistencia t\u00e9cnica para llevar<\/p>\n\t\t<\/div>\n\t\t\n\t\t<a class=\"elementor-post__read-more\" href=\"https:\/\/www.proes.es\/en\/evaluacion-de-la-demanda-de-servicios-portuarios-para-la-terminal-de-contenedores-de-ttia-algeciras-2\/\" aria-label=\"Read more about Evaluaci\u00f3n de la demanda de servicios portuarios para la terminal de contenedores de TTIA, Algeciras\" tabindex=\"-1\" >\n\t\t\tREAD MORE \u00bb\t\t<\/a>\n\n\t\t\t\t<\/div>\n\t\t\t\t<\/article>\n\t\t\t\t<article class=\"elementor-post elementor-grid-item post-46147 post type-post status-publish format-standard has-post-thumbnail hentry category-diseno-de-infraestructuras-maritimas tag-espana\" role=\"listitem\">\n\t\t\t\t<a class=\"elementor-post__thumbnail__link\" href=\"https:\/\/www.proes.es\/en\/proyecto-basico-de-prolongacion-del-espigon-de-el-tarajal-en-ceuta\/\" tabindex=\"-1\" >\n\t\t\t<div class=\"elementor-post__thumbnail\"><img loading=\"lazy\" decoding=\"async\" width=\"300\" height=\"200\" src=\"https:\/\/www.proes.es\/wp-content\/uploads\/2021\/03\/obras-espigon-tarajal-300x200.jpg\" class=\"attachment-medium size-medium wp-image-38415\" alt=\"\" srcset=\"https:\/\/www.proes.es\/wp-content\/uploads\/2021\/03\/obras-espigon-tarajal-300x200.jpg 300w, https:\/\/www.proes.es\/wp-content\/uploads\/2021\/03\/obras-espigon-tarajal-1024x683.jpg 1024w, https:\/\/www.proes.es\/wp-content\/uploads\/2021\/03\/obras-espigon-tarajal-768x512.jpg 768w, https:\/\/www.proes.es\/wp-content\/uploads\/2021\/03\/obras-espigon-tarajal-1536x1024.jpg 1536w, https:\/\/www.proes.es\/wp-content\/uploads\/2021\/03\/obras-espigon-tarajal-18x12.jpg 18w, https:\/\/www.proes.es\/wp-content\/uploads\/2021\/03\/obras-espigon-tarajal.jpg 2040w\" sizes=\"(max-width: 300px) 100vw, 300px\" \/><\/div>\n\t\t<\/a>\n\t\t\t\t<div class=\"elementor-post__text\">\n\t\t\t\t<h3 class=\"elementor-post__title\">\n\t\t\t<a href=\"https:\/\/www.proes.es\/en\/proyecto-basico-de-prolongacion-del-espigon-de-el-tarajal-en-ceuta\/\" >\n\t\t\t\tBasic project for the extension of the breakwater at El Tarajal in Ceuta\t\t\t<\/a>\n\t\t<\/h3>\n\t\t\t\t<div class=\"elementor-post__meta-data\">\n\t\t\t\t\t<span class=\"elementor-post-date\">\n\t\t\t13 de February de 2024\t\t<\/span>\n\t\t\t\t<span class=\"elementor-post-avatar\">\n\t\t\tNo Comments\t\t<\/span>\n\t\t\t\t<\/div>\n\t\t\t\t<div class=\"elementor-post__excerpt\">\n\t\t\t<p>42 m longitud de la estructura\u00a0 El proyecto consiste en el dise\u00f1o de una estructura proyectada para ampliar el espig\u00f3n del Tarajal, que act\u00faa de<\/p>\n\t\t<\/div>\n\t\t\n\t\t<a class=\"elementor-post__read-more\" href=\"https:\/\/www.proes.es\/en\/proyecto-basico-de-prolongacion-del-espigon-de-el-tarajal-en-ceuta\/\" aria-label=\"Read more about Proyecto b\u00e1sico de prolongaci\u00f3n del espig\u00f3n de El Tarajal en Ceuta\" tabindex=\"-1\" >\n\t\t\tREAD MORE \u00bb\t\t<\/a>\n\n\t\t\t\t<\/div>\n\t\t\t\t<\/article>\n\t\t\t\t<article class=\"elementor-post elementor-grid-item post-46140 post type-post status-publish format-standard has-post-thumbnail hentry category-diseno-de-infraestructuras-maritimas tag-espana\" role=\"listitem\">\n\t\t\t\t<a class=\"elementor-post__thumbnail__link\" href=\"https:\/\/www.proes.es\/en\/plan-de-emergencia-interior-del-puerto-de-san-ciprian-lugo-2\/\" tabindex=\"-1\" >\n\t\t\t<div class=\"elementor-post__thumbnail\"><img loading=\"lazy\" decoding=\"async\" width=\"300\" height=\"169\" src=\"https:\/\/www.proes.es\/wp-content\/uploads\/2021\/03\/san-cibrao-1-300x169.jpg\" class=\"attachment-medium size-medium wp-image-30282\" alt=\"\" srcset=\"https:\/\/www.proes.es\/wp-content\/uploads\/2021\/03\/san-cibrao-1-300x169.jpg 300w, https:\/\/www.proes.es\/wp-content\/uploads\/2021\/03\/san-cibrao-1-1024x577.jpg 1024w, https:\/\/www.proes.es\/wp-content\/uploads\/2021\/03\/san-cibrao-1-768x433.jpg 768w, https:\/\/www.proes.es\/wp-content\/uploads\/2021\/03\/san-cibrao-1.jpg 1278w\" sizes=\"(max-width: 300px) 100vw, 300px\" \/><\/div>\n\t\t<\/a>\n\t\t\t\t<div class=\"elementor-post__text\">\n\t\t\t\t<h3 class=\"elementor-post__title\">\n\t\t\t<a href=\"https:\/\/www.proes.es\/en\/plan-de-emergencia-interior-del-puerto-de-san-ciprian-lugo-2\/\" >\n\t\t\t\tInland emergency plan for the port of San Cipri\u00e1n, Lugo\t\t\t<\/a>\n\t\t<\/h3>\n\t\t\t\t<div class=\"elementor-post__meta-data\">\n\t\t\t\t\t<span class=\"elementor-post-date\">\n\t\t\t13 de February de 2024\t\t<\/span>\n\t\t\t\t<span class=\"elementor-post-avatar\">\n\t\t\tNo Comments\t\t<\/span>\n\t\t\t\t<\/div>\n\t\t\t\t<div class=\"elementor-post__excerpt\">\n\t\t\t<p>6,000,000 t annual cargo volume of the port The aim of the Internal Emergency or Self-Protection Plan is to establish the foreseen organisational and functional framework.<\/p>\n\t\t<\/div>\n\t\t\n\t\t<a class=\"elementor-post__read-more\" href=\"https:\/\/www.proes.es\/en\/plan-de-emergencia-interior-del-puerto-de-san-ciprian-lugo-2\/\" aria-label=\"Read more about Plan de emergencia interior del puerto de San Cipri\u00e1n, Lugo\" tabindex=\"-1\" >\n\t\t\tREAD MORE \u00bb\t\t<\/a>\n\n\t\t\t\t<\/div>\n\t\t\t\t<\/article>\n\t\t\t\t<article class=\"elementor-post elementor-grid-item post-46133 post type-post status-publish format-standard has-post-thumbnail hentry category-rehabilitacion-y-mantenimiento-de-estructuras tag-espana\" role=\"listitem\">\n\t\t\t\t<a class=\"elementor-post__thumbnail__link\" href=\"https:\/\/www.proes.es\/en\/proyecto-de-actualizacion-de-los-viaductos-de-somonte-asturias-2\/\" tabindex=\"-1\" >\n\t\t\t<div class=\"elementor-post__thumbnail\"><img loading=\"lazy\" decoding=\"async\" width=\"300\" height=\"201\" src=\"https:\/\/www.proes.es\/wp-content\/uploads\/2021\/03\/2019-Viaducto-SOMONTE-Asturias-344-300x201.jpg\" class=\"attachment-medium size-medium wp-image-30235\" alt=\"\" srcset=\"https:\/\/www.proes.es\/wp-content\/uploads\/2021\/03\/2019-Viaducto-SOMONTE-Asturias-344-300x201.jpg 300w, https:\/\/www.proes.es\/wp-content\/uploads\/2021\/03\/2019-Viaducto-SOMONTE-Asturias-344-1024x684.jpg 1024w, https:\/\/www.proes.es\/wp-content\/uploads\/2021\/03\/2019-Viaducto-SOMONTE-Asturias-344-768x513.jpg 768w, https:\/\/www.proes.es\/wp-content\/uploads\/2021\/03\/2019-Viaducto-SOMONTE-Asturias-344-1536x1027.jpg 1536w, https:\/\/www.proes.es\/wp-content\/uploads\/2021\/03\/2019-Viaducto-SOMONTE-Asturias-344-2048x1369.jpg 2048w\" sizes=\"(max-width: 300px) 100vw, 300px\" \/><\/div>\n\t\t<\/a>\n\t\t\t\t<div class=\"elementor-post__text\">\n\t\t\t\t<h3 class=\"elementor-post__title\">\n\t\t\t<a href=\"https:\/\/www.proes.es\/en\/proyecto-de-actualizacion-de-los-viaductos-de-somonte-asturias-2\/\" >\n\t\t\t\tProject for upgrading the Somonte viaducts, Asturias\t\t\t<\/a>\n\t\t<\/h3>\n\t\t\t\t<div class=\"elementor-post__meta-data\">\n\t\t\t\t\t<span class=\"elementor-post-date\">\n\t\t\t13 de February de 2024\t\t<\/span>\n\t\t\t\t<span class=\"elementor-post-avatar\">\n\t\t\tNo Comments\t\t<\/span>\n\t\t\t\t<\/div>\n\t\t\t\t<div class=\"elementor-post__excerpt\">\n\t\t\t<p>The Somonte viaducts (both carriageways) are located on the A-8 motorway, and are included in a joint project of Proes and Fomento,<\/p>\n\t\t<\/div>\n\t\t\n\t\t<a class=\"elementor-post__read-more\" href=\"https:\/\/www.proes.es\/en\/proyecto-de-actualizacion-de-los-viaductos-de-somonte-asturias-2\/\" aria-label=\"Read more about Proyecto de actualizaci\u00f3n de los viaductos de Somonte, Asturias\" tabindex=\"-1\" >\n\t\t\tREAD MORE \u00bb\t\t<\/a>\n\n\t\t\t\t<\/div>\n\t\t\t\t<\/article>\n\t\t\t\t<article class=\"elementor-post elementor-grid-item post-46126 post type-post status-publish format-standard has-post-thumbnail hentry category-diseno-de-infraestructuras-maritimas tag-espana\" role=\"listitem\">\n\t\t\t\t<a class=\"elementor-post__thumbnail__link\" href=\"https:\/\/www.proes.es\/en\/evaluacion-y-plan-de-proteccion-de-la-instalacion-portuaria-de-holcim-en-carboneras-almeria\/\" tabindex=\"-1\" >\n\t\t\t<div class=\"elementor-post__thumbnail\"><img loading=\"lazy\" decoding=\"async\" width=\"300\" height=\"169\" src=\"https:\/\/www.proes.es\/wp-content\/uploads\/2021\/03\/Holcim-300x169.jpg\" class=\"attachment-medium size-medium wp-image-30246\" alt=\"\" srcset=\"https:\/\/www.proes.es\/wp-content\/uploads\/2021\/03\/Holcim-300x169.jpg 300w, https:\/\/www.proes.es\/wp-content\/uploads\/2021\/03\/Holcim-1024x576.jpg 1024w, https:\/\/www.proes.es\/wp-content\/uploads\/2021\/03\/Holcim-768x432.jpg 768w, https:\/\/www.proes.es\/wp-content\/uploads\/2021\/03\/Holcim.jpg 1200w\" sizes=\"(max-width: 300px) 100vw, 300px\" \/><\/div>\n\t\t<\/a>\n\t\t\t\t<div class=\"elementor-post__text\">\n\t\t\t\t<h3 class=\"elementor-post__title\">\n\t\t\t<a href=\"https:\/\/www.proes.es\/en\/evaluacion-y-plan-de-proteccion-de-la-instalacion-portuaria-de-holcim-en-carboneras-almeria\/\" >\n\t\t\t\tAssessment and security plan for the Holcim port facility at Carboneras, Almeria\t\t\t<\/a>\n\t\t<\/h3>\n\t\t\t\t<div class=\"elementor-post__meta-data\">\n\t\t\t\t\t<span class=\"elementor-post-date\">\n\t\t\t13 de February de 2024\t\t<\/span>\n\t\t\t\t<span class=\"elementor-post-avatar\">\n\t\t\tNo Comments\t\t<\/span>\n\t\t\t\t<\/div>\n\t\t\t\t<div class=\"elementor-post__excerpt\">\n\t\t\t<p>75 y 121 m longitud de los muelles 6,7 y 12 m calados El proyecto consiste en la asistencia t\u00e9cnica para la Evaluaci\u00f3n de la<\/p>\n\t\t<\/div>\n\t\t\n\t\t<a class=\"elementor-post__read-more\" href=\"https:\/\/www.proes.es\/en\/evaluacion-y-plan-de-proteccion-de-la-instalacion-portuaria-de-holcim-en-carboneras-almeria\/\" aria-label=\"Read more about Evaluaci\u00f3n y plan de protecci\u00f3n de la instalaci\u00f3n portuaria de Holcim, en Carboneras, Almer\u00eda\" tabindex=\"-1\" >\n\t\t\tREAD MORE \u00bb\t\t<\/a>\n\n\t\t\t\t<\/div>\n\t\t\t\t<\/article>\n\t\t\t\t<article class=\"elementor-post elementor-grid-item post-46119 post type-post status-publish format-standard has-post-thumbnail hentry category-rehabilitacion-y-mantenimiento-de-estructuras tag-espana\" role=\"listitem\">\n\t\t\t\t<a class=\"elementor-post__thumbnail__link\" href=\"https:\/\/www.proes.es\/en\/inspeccion-e-informe-del-cajon-de-la-plataforma-oceanica-de-canarias-plocan-2\/\" tabindex=\"-1\" >\n\t\t\t<div class=\"elementor-post__thumbnail\"><img loading=\"lazy\" decoding=\"async\" width=\"300\" height=\"162\" src=\"https:\/\/www.proes.es\/wp-content\/uploads\/2021\/03\/PLOCAN-e1690975232474-300x162.jpg\" class=\"attachment-medium size-medium wp-image-30259\" alt=\"\" srcset=\"https:\/\/www.proes.es\/wp-content\/uploads\/2021\/03\/PLOCAN-e1690975232474-300x162.jpg 300w, https:\/\/www.proes.es\/wp-content\/uploads\/2021\/03\/PLOCAN-e1690975232474-18x10.jpg 18w, https:\/\/www.proes.es\/wp-content\/uploads\/2021\/03\/PLOCAN-e1690975232474.jpg 512w\" sizes=\"(max-width: 300px) 100vw, 300px\" \/><\/div>\n\t\t<\/a>\n\t\t\t\t<div class=\"elementor-post__text\">\n\t\t\t\t<h3 class=\"elementor-post__title\">\n\t\t\t<a href=\"https:\/\/www.proes.es\/en\/inspeccion-e-informe-del-cajon-de-la-plataforma-oceanica-de-canarias-plocan-2\/\" >\n\t\t\t\tInspection and report on the Canary Islands oceanic platform caisson (PLOCAN)\t\t\t<\/a>\n\t\t<\/h3>\n\t\t\t\t<div class=\"elementor-post__meta-data\">\n\t\t\t\t\t<span class=\"elementor-post-date\">\n\t\t\t13 de February de 2024\t\t<\/span>\n\t\t\t\t<span class=\"elementor-post-avatar\">\n\t\t\tNo Comments\t\t<\/span>\n\t\t\t\t<\/div>\n\t\t\t\t<div class=\"elementor-post__excerpt\">\n\t\t\t<p>5.000 m2 superficie\u00a0 3,0 x 6,7 m dimensiones dos muelles flotantes El caj\u00f3n de la PLOCAN (Plataforma Oce\u00e1nica de Canarias) se encuentra fondeado en el<\/p>\n\t\t<\/div>\n\t\t\n\t\t<a class=\"elementor-post__read-more\" href=\"https:\/\/www.proes.es\/en\/inspeccion-e-informe-del-cajon-de-la-plataforma-oceanica-de-canarias-plocan-2\/\" aria-label=\"Read more about Inspecci\u00f3n e informe del caj\u00f3n de la plataforma oce\u00e1nica de Canarias (PLOCAN)\" tabindex=\"-1\" >\n\t\t\tREAD MORE \u00bb\t\t<\/a>\n\n\t\t\t\t<\/div>\n\t\t\t\t<\/article>\n\t\t\t\t<article class=\"elementor-post elementor-grid-item post-46114 post type-post status-publish format-standard has-post-thumbnail hentry category-rehabilitacion-y-mantenimiento-de-estructuras tag-espana\" role=\"listitem\">\n\t\t\t\t<a class=\"elementor-post__thumbnail__link\" href=\"https:\/\/www.proes.es\/en\/inspeccion-de-apoyos-en-los-viaductos-de-motril-de-la-autovia-a-7-granada-2\/\" tabindex=\"-1\" >\n\t\t\t<div class=\"elementor-post__thumbnail\"><img loading=\"lazy\" decoding=\"async\" width=\"300\" height=\"123\" src=\"https:\/\/www.proes.es\/wp-content\/uploads\/2021\/03\/Pontes-300x123.jpg\" class=\"attachment-medium size-medium wp-image-30261\" alt=\"\" srcset=\"https:\/\/www.proes.es\/wp-content\/uploads\/2021\/03\/Pontes-300x123.jpg 300w, https:\/\/www.proes.es\/wp-content\/uploads\/2021\/03\/Pontes-1024x421.jpg 1024w, https:\/\/www.proes.es\/wp-content\/uploads\/2021\/03\/Pontes-768x316.jpg 768w, https:\/\/www.proes.es\/wp-content\/uploads\/2021\/03\/Pontes-1536x632.jpg 1536w, https:\/\/www.proes.es\/wp-content\/uploads\/2021\/03\/Pontes.jpg 1600w\" sizes=\"(max-width: 300px) 100vw, 300px\" \/><\/div>\n\t\t<\/a>\n\t\t\t\t<div class=\"elementor-post__text\">\n\t\t\t\t<h3 class=\"elementor-post__title\">\n\t\t\t<a href=\"https:\/\/www.proes.es\/en\/inspeccion-de-apoyos-en-los-viaductos-de-motril-de-la-autovia-a-7-granada-2\/\" >\n\t\t\t\tInspection of supports on the Motril viaducts of the A-7 motorway, Granada\t\t\t<\/a>\n\t\t<\/h3>\n\t\t\t\t<div class=\"elementor-post__meta-data\">\n\t\t\t\t\t<span class=\"elementor-post-date\">\n\t\t\t12 de February de 2024\t\t<\/span>\n\t\t\t\t<span class=\"elementor-post-avatar\">\n\t\t\tNo Comments\t\t<\/span>\n\t\t\t\t<\/div>\n\t\t\t\t<div class=\"elementor-post__excerpt\">\n\t\t\t<p>The analysis of the state of the supports of the Provincias viaduct, and of the Pontes I and II viaducts, located in the section<\/p>\n\t\t<\/div>\n\t\t\n\t\t<a class=\"elementor-post__read-more\" href=\"https:\/\/www.proes.es\/en\/inspeccion-de-apoyos-en-los-viaductos-de-motril-de-la-autovia-a-7-granada-2\/\" aria-label=\"Read more about Inspecci\u00f3n de apoyos en los viaductos de Motril de la autov\u00eda A-7, Granada\" tabindex=\"-1\" >\n\t\t\tREAD MORE \u00bb\t\t<\/a>\n\n\t\t\t\t<\/div>\n\t\t\t\t<\/article>\n\t\t\t\t<article class=\"elementor-post elementor-grid-item post-46099 post type-post status-publish format-standard has-post-thumbnail hentry category-infraestructuras-del-transporte-terrestre tag-estados-unidos\" role=\"listitem\">\n\t\t\t\t<a class=\"elementor-post__thumbnail__link\" href=\"https:\/\/www.proes.es\/en\/proyecto-de-licitacion-de-estructuras-en-la-i-70-en-denver-estados-unidos\/\" tabindex=\"-1\" >\n\t\t\t<div class=\"elementor-post__thumbnail\"><img loading=\"lazy\" decoding=\"async\" width=\"300\" height=\"191\" src=\"https:\/\/www.proes.es\/wp-content\/uploads\/2021\/03\/Denver_i70-300x191.jpg\" class=\"attachment-medium size-medium wp-image-30244\" alt=\"\" srcset=\"https:\/\/www.proes.es\/wp-content\/uploads\/2021\/03\/Denver_i70-300x191.jpg 300w, https:\/\/www.proes.es\/wp-content\/uploads\/2021\/03\/Denver_i70-1024x654.jpg 1024w, https:\/\/www.proes.es\/wp-content\/uploads\/2021\/03\/Denver_i70-768x490.jpg 768w, https:\/\/www.proes.es\/wp-content\/uploads\/2021\/03\/Denver_i70-1536x980.jpg 1536w, https:\/\/www.proes.es\/wp-content\/uploads\/2021\/03\/Denver_i70.jpg 1880w\" sizes=\"(max-width: 300px) 100vw, 300px\" \/><\/div>\n\t\t<\/a>\n\t\t\t\t<div class=\"elementor-post__text\">\n\t\t\t\t<h3 class=\"elementor-post__title\">\n\t\t\t<a href=\"https:\/\/www.proes.es\/en\/proyecto-de-licitacion-de-estructuras-en-la-i-70-en-denver-estados-unidos\/\" >\n\t\t\t\tBidding project for structures on I-70 in Denver, USA\t\t\t<\/a>\n\t\t<\/h3>\n\t\t\t\t<div class=\"elementor-post__meta-data\">\n\t\t\t\t\t<span class=\"elementor-post-date\">\n\t\t\t12 de February de 2024\t\t<\/span>\n\t\t\t\t<span class=\"elementor-post-avatar\">\n\t\t\tNo Comments\t\t<\/span>\n\t\t\t\t<\/div>\n\t\t\t\t<div class=\"elementor-post__excerpt\">\n\t\t\t<p>Proyecto de licitaci\u00f3n de estructuras en la I-70 en Denver, Estados Unidos 3.462 km longitud de la autopista Proyecto de licitaci\u00f3n de un puente y<\/p>\n\t\t<\/div>\n\t\t\n\t\t<a class=\"elementor-post__read-more\" href=\"https:\/\/www.proes.es\/en\/proyecto-de-licitacion-de-estructuras-en-la-i-70-en-denver-estados-unidos\/\" aria-label=\"Read more about Proyecto de licitaci\u00f3n de estructuras en la I-70 en Denver, Estados Unidos\" tabindex=\"-1\" >\n\t\t\tREAD MORE \u00bb\t\t<\/a>\n\n\t\t\t\t<\/div>\n\t\t\t\t<\/article>\n\t\t\t\t<article class=\"elementor-post elementor-grid-item post-46093 post type-post status-publish format-standard has-post-thumbnail hentry category-infraestructuras-del-transporte-terrestre tag-estados-unidos\" role=\"listitem\">\n\t\t\t\t<a class=\"elementor-post__thumbnail__link\" href=\"https:\/\/www.proes.es\/en\/mediciones-del-puente-peace-bridge-en-buffalo-nueva-york-2\/\" tabindex=\"-1\" >\n\t\t\t<div class=\"elementor-post__thumbnail\"><img loading=\"lazy\" decoding=\"async\" width=\"300\" height=\"223\" src=\"https:\/\/www.proes.es\/wp-content\/uploads\/2021\/03\/Peace-Bridge1930s-300x223.jpg\" class=\"attachment-medium size-medium wp-image-30260\" alt=\"\" srcset=\"https:\/\/www.proes.es\/wp-content\/uploads\/2021\/03\/Peace-Bridge1930s-300x223.jpg 300w, https:\/\/www.proes.es\/wp-content\/uploads\/2021\/03\/Peace-Bridge1930s-1024x762.jpg 1024w, https:\/\/www.proes.es\/wp-content\/uploads\/2021\/03\/Peace-Bridge1930s-768x571.jpg 768w, https:\/\/www.proes.es\/wp-content\/uploads\/2021\/03\/Peace-Bridge1930s-1536x1142.jpg 1536w, https:\/\/www.proes.es\/wp-content\/uploads\/2021\/03\/Peace-Bridge1930s.jpg 1600w\" sizes=\"(max-width: 300px) 100vw, 300px\" \/><\/div>\n\t\t<\/a>\n\t\t\t\t<div class=\"elementor-post__text\">\n\t\t\t\t<h3 class=\"elementor-post__title\">\n\t\t\t<a href=\"https:\/\/www.proes.es\/en\/mediciones-del-puente-peace-bridge-en-buffalo-nueva-york-2\/\" >\n\t\t\t\tMeasurements of the Peace Bridge in Buffalo, New York\t\t\t<\/a>\n\t\t<\/h3>\n\t\t\t\t<div class=\"elementor-post__meta-data\">\n\t\t\t\t\t<span class=\"elementor-post-date\">\n\t\t\t12 de February de 2024\t\t<\/span>\n\t\t\t\t<span class=\"elementor-post-avatar\">\n\t\t\tNo Comments\t\t<\/span>\n\t\t\t\t<\/div>\n\t\t\t\t<div class=\"elementor-post__excerpt\">\n\t\t\t<p>5.400.000 veh\u00edculos tr\u00e1fico anual en 2015\u00a0 1.768 m longitud del puente El inicio de construcci\u00f3n del puente fue en 1925, aunque fue inaugurado en 1927.<\/p>\n\t\t<\/div>\n\t\t\n\t\t<a class=\"elementor-post__read-more\" href=\"https:\/\/www.proes.es\/en\/mediciones-del-puente-peace-bridge-en-buffalo-nueva-york-2\/\" aria-label=\"Read more about Mediciones del puente Peace Bridge en Buffalo, Nueva York\" tabindex=\"-1\" >\n\t\t\tREAD MORE \u00bb\t\t<\/a>\n\n\t\t\t\t<\/div>\n\t\t\t\t<\/article>\n\t\t\t\t<article class=\"elementor-post elementor-grid-item post-46088 post type-post status-publish format-standard has-post-thumbnail hentry category-infraestructuras-del-transporte-terrestre tag-estados-unidos\" role=\"listitem\">\n\t\t\t\t<a class=\"elementor-post__thumbnail__link\" href=\"https:\/\/www.proes.es\/en\/proyecto-de-licitacion-de-las-estructuras-y-el-drenaje-de-la-autopista-i-66-virginia-estados-unidos\/\" tabindex=\"-1\" >\n\t\t\t<div class=\"elementor-post__thumbnail\"><img loading=\"lazy\" decoding=\"async\" width=\"300\" height=\"185\" src=\"https:\/\/www.proes.es\/wp-content\/uploads\/2021\/03\/I66-300x185.jpg\" class=\"attachment-medium size-medium wp-image-30247\" alt=\"\" srcset=\"https:\/\/www.proes.es\/wp-content\/uploads\/2021\/03\/I66-300x185.jpg 300w, https:\/\/www.proes.es\/wp-content\/uploads\/2021\/03\/I66-1024x633.jpg 1024w, https:\/\/www.proes.es\/wp-content\/uploads\/2021\/03\/I66-768x475.jpg 768w, https:\/\/www.proes.es\/wp-content\/uploads\/2021\/03\/I66-1536x949.jpg 1536w, https:\/\/www.proes.es\/wp-content\/uploads\/2021\/03\/I66.jpg 2000w\" sizes=\"(max-width: 300px) 100vw, 300px\" \/><\/div>\n\t\t<\/a>\n\t\t\t\t<div class=\"elementor-post__text\">\n\t\t\t\t<h3 class=\"elementor-post__title\">\n\t\t\t<a href=\"https:\/\/www.proes.es\/en\/proyecto-de-licitacion-de-las-estructuras-y-el-drenaje-de-la-autopista-i-66-virginia-estados-unidos\/\" >\n\t\t\t\tI-66 highway structures and drainage bidding project, Virginia, USA\t\t\t<\/a>\n\t\t<\/h3>\n\t\t\t\t<div class=\"elementor-post__meta-data\">\n\t\t\t\t\t<span class=\"elementor-post-date\">\n\t\t\t12 de February de 2024\t\t<\/span>\n\t\t\t\t<span class=\"elementor-post-avatar\">\n\t\t\tNo Comments\t\t<\/span>\n\t\t\t\t<\/div>\n\t\t\t\t<div class=\"elementor-post__excerpt\">\n\t\t\t<p>500.000.000 US$ PEM&nbsp; El proyecto consiste en la licitaci\u00f3n de las obras de drenaje y estructuras de la autopista I-66. El proyecto contempla la remodelaci\u00f3n<\/p>\n\t\t<\/div>\n\t\t\n\t\t<a class=\"elementor-post__read-more\" href=\"https:\/\/www.proes.es\/en\/proyecto-de-licitacion-de-las-estructuras-y-el-drenaje-de-la-autopista-i-66-virginia-estados-unidos\/\" aria-label=\"Read more about Proyecto de licitaci\u00f3n de las estructuras y el drenaje de la autopista I-66, Virginia, Estados Unidos\" tabindex=\"-1\" >\n\t\t\tREAD MORE \u00bb\t\t<\/a>\n\n\t\t\t\t<\/div>\n\t\t\t\t<\/article>\n\t\t\t\t<article class=\"elementor-post elementor-grid-item post-46082 post type-post status-publish format-standard has-post-thumbnail hentry category-infraestructuras-del-transporte-terrestre tag-estados-unidos\" role=\"listitem\">\n\t\t\t\t<a class=\"elementor-post__thumbnail__link\" href=\"https:\/\/www.proes.es\/en\/proyecto-de-ampliacion-estructural-en-la-autopista-sh-288-en-houston-texas-estados-unidos\/\" tabindex=\"-1\" >\n\t\t\t<div class=\"elementor-post__thumbnail\"><img loading=\"lazy\" decoding=\"async\" width=\"300\" height=\"201\" src=\"https:\/\/www.proes.es\/wp-content\/uploads\/2021\/03\/SH-288-300x201.jpg\" class=\"attachment-medium size-medium wp-image-30265\" alt=\"\" srcset=\"https:\/\/www.proes.es\/wp-content\/uploads\/2021\/03\/SH-288-300x201.jpg 300w, https:\/\/www.proes.es\/wp-content\/uploads\/2021\/03\/SH-288-1024x687.jpg 1024w, https:\/\/www.proes.es\/wp-content\/uploads\/2021\/03\/SH-288-768x515.jpg 768w, https:\/\/www.proes.es\/wp-content\/uploads\/2021\/03\/SH-288-1536x1031.jpg 1536w, https:\/\/www.proes.es\/wp-content\/uploads\/2021\/03\/SH-288-2048x1375.jpg 2048w\" sizes=\"(max-width: 300px) 100vw, 300px\" \/><\/div>\n\t\t<\/a>\n\t\t\t\t<div class=\"elementor-post__text\">\n\t\t\t\t<h3 class=\"elementor-post__title\">\n\t\t\t<a href=\"https:\/\/www.proes.es\/en\/proyecto-de-ampliacion-estructural-en-la-autopista-sh-288-en-houston-texas-estados-unidos\/\" >\n\t\t\t\tSH-288 highway structural extension project in Houston, Texas, USA\t\t\t<\/a>\n\t\t<\/h3>\n\t\t\t\t<div class=\"elementor-post__meta-data\">\n\t\t\t\t\t<span class=\"elementor-post-date\">\n\t\t\t12 de February de 2024\t\t<\/span>\n\t\t\t\t<span class=\"elementor-post-avatar\">\n\t\t\tNo Comments\t\t<\/span>\n\t\t\t\t<\/div>\n\t\t\t\t<div class=\"elementor-post__excerpt\">\n\t\t\t<p>Se trata de un proyecto de ampliaci\u00f3n de la estructura ante un incremento de las cargas actuantes sobre la mediana de la autopista SH-288 en<\/p>\n\t\t<\/div>\n\t\t\n\t\t<a class=\"elementor-post__read-more\" href=\"https:\/\/www.proes.es\/en\/proyecto-de-ampliacion-estructural-en-la-autopista-sh-288-en-houston-texas-estados-unidos\/\" aria-label=\"Read more about Proyecto de ampliaci\u00f3n estructural en la autopista SH-288 en Houston, Texas, Estados Unidos\" tabindex=\"-1\" >\n\t\t\tREAD MORE \u00bb\t\t<\/a>\n\n\t\t\t\t<\/div>\n\t\t\t\t<\/article>\n\t\t\t\t<article class=\"elementor-post elementor-grid-item post-46073 post type-post status-publish format-standard has-post-thumbnail hentry category-infraestructuras-del-transporte-terrestre tag-estados-unidos\" role=\"listitem\">\n\t\t\t\t<a class=\"elementor-post__thumbnail__link\" href=\"https:\/\/www.proes.es\/en\/proyecto-de-licitacion-de-un-tramo-de-autopista-en-indiana-e-illinois-estados-unidos-2\/\" tabindex=\"-1\" >\n\t\t\t<div class=\"elementor-post__thumbnail\"><img loading=\"lazy\" decoding=\"async\" width=\"300\" height=\"200\" src=\"https:\/\/www.proes.es\/wp-content\/uploads\/2021\/03\/Illiana-300x200.jpg\" class=\"attachment-medium size-medium wp-image-30250\" alt=\"\" srcset=\"https:\/\/www.proes.es\/wp-content\/uploads\/2021\/03\/Illiana-300x200.jpg 300w, https:\/\/www.proes.es\/wp-content\/uploads\/2021\/03\/Illiana-1024x684.jpg 1024w, https:\/\/www.proes.es\/wp-content\/uploads\/2021\/03\/Illiana-768x513.jpg 768w, https:\/\/www.proes.es\/wp-content\/uploads\/2021\/03\/Illiana.jpg 1200w\" sizes=\"(max-width: 300px) 100vw, 300px\" \/><\/div>\n\t\t<\/a>\n\t\t\t\t<div class=\"elementor-post__text\">\n\t\t\t\t<h3 class=\"elementor-post__title\">\n\t\t\t<a href=\"https:\/\/www.proes.es\/en\/proyecto-de-licitacion-de-un-tramo-de-autopista-en-indiana-e-illinois-estados-unidos-2\/\" >\n\t\t\t\tBidding project for a stretch of highway in Indiana and Illinois, USA\t\t\t<\/a>\n\t\t<\/h3>\n\t\t\t\t<div class=\"elementor-post__meta-data\">\n\t\t\t\t\t<span class=\"elementor-post-date\">\n\t\t\t12 de February de 2024\t\t<\/span>\n\t\t\t\t<span class=\"elementor-post-avatar\">\n\t\t\tNo Comments\t\t<\/span>\n\t\t\t\t<\/div>\n\t\t\t\t<div class=\"elementor-post__excerpt\">\n\t\t\t<p>69.270.000 US$ PEM&nbsp; 75 km longitud Proes desarrolla el proyecto de licitaci\u00f3n de la autopista Illiana para la filial estadounidense de la constructora espa\u00f1ola Ferrovial,<\/p>\n\t\t<\/div>\n\t\t\n\t\t<a class=\"elementor-post__read-more\" href=\"https:\/\/www.proes.es\/en\/proyecto-de-licitacion-de-un-tramo-de-autopista-en-indiana-e-illinois-estados-unidos-2\/\" aria-label=\"Read more about Proyecto de licitaci\u00f3n de un tramo de autopista en Indiana e Illinois, Estados Unidos\" tabindex=\"-1\" >\n\t\t\tREAD MORE \u00bb\t\t<\/a>\n\n\t\t\t\t<\/div>\n\t\t\t\t<\/article>\n\t\t\t\t<article class=\"elementor-post elementor-grid-item post-46067 post type-post status-publish format-standard has-post-thumbnail hentry category-infraestructuras-del-transporte-terrestre tag-estados-unidos\" role=\"listitem\">\n\t\t\t\t<a class=\"elementor-post__thumbnail__link\" href=\"https:\/\/www.proes.es\/en\/proyecto-del-nuevo-puente-de-goethals-nueva-york\/\" tabindex=\"-1\" >\n\t\t\t<div class=\"elementor-post__thumbnail\"><img loading=\"lazy\" decoding=\"async\" width=\"300\" height=\"203\" src=\"https:\/\/www.proes.es\/wp-content\/uploads\/2021\/03\/goethals2-300x203.jpg\" class=\"attachment-medium size-medium wp-image-30278\" alt=\"\" srcset=\"https:\/\/www.proes.es\/wp-content\/uploads\/2021\/03\/goethals2-300x203.jpg 300w, https:\/\/www.proes.es\/wp-content\/uploads\/2021\/03\/goethals2-1024x692.jpg 1024w, https:\/\/www.proes.es\/wp-content\/uploads\/2021\/03\/goethals2-768x519.jpg 768w, https:\/\/www.proes.es\/wp-content\/uploads\/2021\/03\/goethals2-1536x1038.jpg 1536w, https:\/\/www.proes.es\/wp-content\/uploads\/2021\/03\/goethals2-2048x1383.jpg 2048w\" sizes=\"(max-width: 300px) 100vw, 300px\" \/><\/div>\n\t\t<\/a>\n\t\t\t\t<div class=\"elementor-post__text\">\n\t\t\t\t<h3 class=\"elementor-post__title\">\n\t\t\t<a href=\"https:\/\/www.proes.es\/en\/proyecto-del-nuevo-puente-de-goethals-nueva-york\/\" >\n\t\t\t\tNew bridge project in Goethals, New York\t\t\t<\/a>\n\t\t<\/h3>\n\t\t\t\t<div class=\"elementor-post__meta-data\">\n\t\t\t\t\t<span class=\"elementor-post-date\">\n\t\t\t12 de February de 2024\t\t<\/span>\n\t\t\t\t<span class=\"elementor-post-avatar\">\n\t\t\tNo Comments\t\t<\/span>\n\t\t\t\t<\/div>\n\t\t\t\t<div class=\"elementor-post__excerpt\">\n\t\t\t<p>1.500.000.000 US$ PEM&nbsp; 215 M LONGITUD DEL VANO CENTRAL Proes participa en el estudio de alternativas en fase de licitaci\u00f3n para el consorcio formado por<\/p>\n\t\t<\/div>\n\t\t\n\t\t<a class=\"elementor-post__read-more\" href=\"https:\/\/www.proes.es\/en\/proyecto-del-nuevo-puente-de-goethals-nueva-york\/\" aria-label=\"Read more about Proyecto del nuevo puente de Goethals, Nueva York\" tabindex=\"-1\" >\n\t\t\tREAD MORE \u00bb\t\t<\/a>\n\n\t\t\t\t<\/div>\n\t\t\t\t<\/article>\n\t\t\t\t<article class=\"elementor-post elementor-grid-item post-46049 post type-post status-publish format-standard has-post-thumbnail hentry category-infraestructuras-maritimas-y-fluviales tag-espana\" role=\"listitem\">\n\t\t\t\t<a class=\"elementor-post__thumbnail__link\" href=\"https:\/\/www.proes.es\/en\/ampliacion-del-puerto-de-estepona-malaga-2\/\" tabindex=\"-1\" >\n\t\t\t<div class=\"elementor-post__thumbnail\"><img loading=\"lazy\" decoding=\"async\" width=\"300\" height=\"225\" src=\"https:\/\/www.proes.es\/wp-content\/uploads\/2021\/04\/camara-00-300x225.jpg\" class=\"attachment-medium size-medium wp-image-30340\" alt=\"\" srcset=\"https:\/\/www.proes.es\/wp-content\/uploads\/2021\/04\/camara-00-300x225.jpg 300w, https:\/\/www.proes.es\/wp-content\/uploads\/2021\/04\/camara-00.jpg 640w\" sizes=\"(max-width: 300px) 100vw, 300px\" \/><\/div>\n\t\t<\/a>\n\t\t\t\t<div class=\"elementor-post__text\">\n\t\t\t\t<h3 class=\"elementor-post__title\">\n\t\t\t<a href=\"https:\/\/www.proes.es\/en\/ampliacion-del-puerto-de-estepona-malaga-2\/\" >\n\t\t\t\tExpansion of the port of Estepona, Malaga\t\t\t<\/a>\n\t\t<\/h3>\n\t\t\t\t<div class=\"elementor-post__meta-data\">\n\t\t\t\t\t<span class=\"elementor-post-date\">\n\t\t\t9 de February de 2024\t\t<\/span>\n\t\t\t\t<span class=\"elementor-post-avatar\">\n\t\t\tNo Comments\t\t<\/span>\n\t\t\t\t<\/div>\n\t\t\t\t<div class=\"elementor-post__excerpt\">\n\t\t\t<p>45.8 M\u20ac Budget 24 new hectares of surface area The extension of the port of Estepona involves work on 24 new hectares of surface area, of which<\/p>\n\t\t<\/div>\n\t\t\n\t\t<a class=\"elementor-post__read-more\" href=\"https:\/\/www.proes.es\/en\/ampliacion-del-puerto-de-estepona-malaga-2\/\" aria-label=\"Read more about Ampliaci\u00f3n del puerto de Estepona, M\u00e1laga\" tabindex=\"-1\" >\n\t\t\tREAD MORE \u00bb\t\t<\/a>\n\n\t\t\t\t<\/div>\n\t\t\t\t<\/article>\n\t\t\t\t<article class=\"elementor-post elementor-grid-item post-46039 post type-post status-publish format-standard has-post-thumbnail hentry category-agua tag-espana\" role=\"listitem\">\n\t\t\t\t<a class=\"elementor-post__thumbnail__link\" href=\"https:\/\/www.proes.es\/en\/proyecto-constructivo-de-toma-de-agua-de-la-desaladora-de-carboneras-almeria\/\" tabindex=\"-1\" >\n\t\t\t<div class=\"elementor-post__thumbnail\"><img loading=\"lazy\" decoding=\"async\" width=\"300\" height=\"225\" src=\"https:\/\/www.proes.es\/wp-content\/uploads\/2021\/04\/carboneras_balsa-impulsion-cubierta-300x225.jpg\" class=\"attachment-medium size-medium wp-image-30341\" alt=\"\" srcset=\"https:\/\/www.proes.es\/wp-content\/uploads\/2021\/04\/carboneras_balsa-impulsion-cubierta-300x225.jpg 300w, https:\/\/www.proes.es\/wp-content\/uploads\/2021\/04\/carboneras_balsa-impulsion-cubierta-768x576.jpg 768w, https:\/\/www.proes.es\/wp-content\/uploads\/2021\/04\/carboneras_balsa-impulsion-cubierta.jpg 1024w\" sizes=\"(max-width: 300px) 100vw, 300px\" \/><\/div>\n\t\t<\/a>\n\t\t\t\t<div class=\"elementor-post__text\">\n\t\t\t\t<h3 class=\"elementor-post__title\">\n\t\t\t<a href=\"https:\/\/www.proes.es\/en\/proyecto-constructivo-de-toma-de-agua-de-la-desaladora-de-carboneras-almeria\/\" >\n\t\t\t\tConstruction project for the water intake of the Carboneras desalination plant, Almeria\t\t\t<\/a>\n\t\t<\/h3>\n\t\t\t\t<div class=\"elementor-post__meta-data\">\n\t\t\t\t\t<span class=\"elementor-post-date\">\n\t\t\t9 de February de 2024\t\t<\/span>\n\t\t\t\t<span class=\"elementor-post-avatar\">\n\t\t\tNo Comments\t\t<\/span>\n\t\t\t\t<\/div>\n\t\t\t\t<div class=\"elementor-post__excerpt\">\n\t\t\t<p>4.32 M\u20ac EMP 1846.2 mm \u00d8 submarine immisary This project is being drawn up to extend the intake works.<\/p>\n\t\t<\/div>\n\t\t\n\t\t<a class=\"elementor-post__read-more\" href=\"https:\/\/www.proes.es\/en\/proyecto-constructivo-de-toma-de-agua-de-la-desaladora-de-carboneras-almeria\/\" aria-label=\"Read more about Proyecto constructivo de toma de agua de la desaladora de Carboneras, Almer\u00eda\" tabindex=\"-1\" >\n\t\t\tREAD MORE \u00bb\t\t<\/a>\n\n\t\t\t\t<\/div>\n\t\t\t\t<\/article>\n\t\t\t\t<article class=\"elementor-post elementor-grid-item post-46028 post type-post status-publish format-standard has-post-thumbnail hentry category-infraestructuras-del-transporte-terrestre tag-estados-unidos\" role=\"listitem\">\n\t\t\t\t<a class=\"elementor-post__thumbnail__link\" href=\"https:\/\/www.proes.es\/en\/proyecto-de-licitacion-y-construccion-de-un-tramo-de-la-autopista-us-460-en-virginia-estados-unidos\/\" tabindex=\"-1\" >\n\t\t\t<div class=\"elementor-post__thumbnail\"><img loading=\"lazy\" decoding=\"async\" width=\"300\" height=\"225\" src=\"https:\/\/www.proes.es\/wp-content\/uploads\/2021\/02\/us460-richmond-300x225.jpg\" class=\"attachment-medium size-medium wp-image-30227\" alt=\"\" srcset=\"https:\/\/www.proes.es\/wp-content\/uploads\/2021\/02\/us460-richmond-300x225.jpg 300w, https:\/\/www.proes.es\/wp-content\/uploads\/2021\/02\/us460-richmond-768x576.jpg 768w, https:\/\/www.proes.es\/wp-content\/uploads\/2021\/02\/us460-richmond.jpg 1024w\" sizes=\"(max-width: 300px) 100vw, 300px\" \/><\/div>\n\t\t<\/a>\n\t\t\t\t<div class=\"elementor-post__text\">\n\t\t\t\t<h3 class=\"elementor-post__title\">\n\t\t\t<a href=\"https:\/\/www.proes.es\/en\/proyecto-de-licitacion-y-construccion-de-un-tramo-de-la-autopista-us-460-en-virginia-estados-unidos\/\" >\n\t\t\t\tBidding and construction project for a section of the US-460 highway in Virginia, USA.\t\t\t<\/a>\n\t\t<\/h3>\n\t\t\t\t<div class=\"elementor-post__meta-data\">\n\t\t\t\t\t<span class=\"elementor-post-date\">\n\t\t\t9 de February de 2024\t\t<\/span>\n\t\t\t\t<span class=\"elementor-post-avatar\">\n\t\t\tNo Comments\t\t<\/span>\n\t\t\t\t<\/div>\n\t\t\t\t<div class=\"elementor-post__excerpt\">\n\t\t\t<p>2.000.000.000 US$ PEM&nbsp; Este proyecto de licitaci\u00f3n comprende el tramo desde la autopista actual US-460 en las proximidades de su enlace 295, al sureste del<\/p>\n\t\t<\/div>\n\t\t\n\t\t<a class=\"elementor-post__read-more\" href=\"https:\/\/www.proes.es\/en\/proyecto-de-licitacion-y-construccion-de-un-tramo-de-la-autopista-us-460-en-virginia-estados-unidos\/\" aria-label=\"Read more about Proyecto de licitaci\u00f3n y construcci\u00f3n de un tramo de la autopista US-460 en Virginia, Estados Unidos\" tabindex=\"-1\" >\n\t\t\tREAD MORE \u00bb\t\t<\/a>\n\n\t\t\t\t<\/div>\n\t\t\t\t<\/article>\n\t\t\t\t<article class=\"elementor-post elementor-grid-item post-46016 post type-post status-publish format-standard has-post-thumbnail hentry category-diseno-de-infraestructuras-maritimas tag-espana\" role=\"listitem\">\n\t\t\t\t<a class=\"elementor-post__thumbnail__link\" href=\"https:\/\/www.proes.es\/en\/asistencia-tecnica-a-la-terminal-de-saggas-en-sagunto-valencia\/\" tabindex=\"-1\" >\n\t\t\t<div class=\"elementor-post__thumbnail\"><img loading=\"lazy\" decoding=\"async\" width=\"300\" height=\"225\" src=\"https:\/\/www.proes.es\/wp-content\/uploads\/2021\/04\/IMG_6824-300x225.jpg\" class=\"attachment-medium size-medium wp-image-30323\" alt=\"\" srcset=\"https:\/\/www.proes.es\/wp-content\/uploads\/2021\/04\/IMG_6824-300x225.jpg 300w, https:\/\/www.proes.es\/wp-content\/uploads\/2021\/04\/IMG_6824-1024x768.jpg 1024w, https:\/\/www.proes.es\/wp-content\/uploads\/2021\/04\/IMG_6824-768x576.jpg 768w, https:\/\/www.proes.es\/wp-content\/uploads\/2021\/04\/IMG_6824-1536x1152.jpg 1536w, https:\/\/www.proes.es\/wp-content\/uploads\/2021\/04\/IMG_6824-2048x1536.jpg 2048w\" sizes=\"(max-width: 300px) 100vw, 300px\" \/><\/div>\n\t\t<\/a>\n\t\t\t\t<div class=\"elementor-post__text\">\n\t\t\t\t<h3 class=\"elementor-post__title\">\n\t\t\t<a href=\"https:\/\/www.proes.es\/en\/asistencia-tecnica-a-la-terminal-de-saggas-en-sagunto-valencia\/\" >\n\t\t\t\tTechnical assistance to the Saggas terminal in Sagunto, Valencia.\t\t\t<\/a>\n\t\t<\/h3>\n\t\t\t\t<div class=\"elementor-post__meta-data\">\n\t\t\t\t\t<span class=\"elementor-post-date\">\n\t\t\t8 de February de 2024\t\t<\/span>\n\t\t\t\t<span class=\"elementor-post-avatar\">\n\t\t\tNo Comments\t\t<\/span>\n\t\t\t\t<\/div>\n\t\t\t\t<div class=\"elementor-post__excerpt\">\n\t\t\t<p>4 tanques de almacenamiento de GNL 140.000 m\u00b3 capacidad metaneros La planta de regasificaci\u00f3n de GNL en Sagunto, propiedad de SAGGAS, consta de instalaciones de<\/p>\n\t\t<\/div>\n\t\t\n\t\t<a class=\"elementor-post__read-more\" href=\"https:\/\/www.proes.es\/en\/asistencia-tecnica-a-la-terminal-de-saggas-en-sagunto-valencia\/\" aria-label=\"Read more about Asistencia t\u00e9cnica a la terminal de Saggas, en Sagunto, Valencia\" tabindex=\"-1\" >\n\t\t\tREAD MORE \u00bb\t\t<\/a>\n\n\t\t\t\t<\/div>\n\t\t\t\t<\/article>\n\t\t\t\t<article class=\"elementor-post elementor-grid-item post-46003 post type-post status-publish format-standard has-post-thumbnail hentry category-edificacion tag-espana\" role=\"listitem\">\n\t\t\t\t<a class=\"elementor-post__thumbnail__link\" href=\"https:\/\/www.proes.es\/en\/proyecto-y-direccion-de-obra-de-la-lonja-de-pescado-en-el-puerto-de-bonanza-sanlucar-de-barrameda-cadiz\/\" tabindex=\"-1\" >\n\t\t\t<div class=\"elementor-post__thumbnail\"><img loading=\"lazy\" decoding=\"async\" width=\"300\" height=\"200\" src=\"https:\/\/www.proes.es\/wp-content\/uploads\/2023\/07\/08031-Lonja-Bonanza-300x200.jpg\" class=\"attachment-medium size-medium wp-image-35847\" alt=\"\" srcset=\"https:\/\/www.proes.es\/wp-content\/uploads\/2023\/07\/08031-Lonja-Bonanza-300x200.jpg 300w, https:\/\/www.proes.es\/wp-content\/uploads\/2023\/07\/08031-Lonja-Bonanza-1024x683.jpg 1024w, https:\/\/www.proes.es\/wp-content\/uploads\/2023\/07\/08031-Lonja-Bonanza-768x512.jpg 768w, https:\/\/www.proes.es\/wp-content\/uploads\/2023\/07\/08031-Lonja-Bonanza-1536x1024.jpg 1536w, https:\/\/www.proes.es\/wp-content\/uploads\/2023\/07\/08031-Lonja-Bonanza-2048x1365.jpg 2048w, https:\/\/www.proes.es\/wp-content\/uploads\/2023\/07\/08031-Lonja-Bonanza-18x12.jpg 18w\" sizes=\"(max-width: 300px) 100vw, 300px\" \/><\/div>\n\t\t<\/a>\n\t\t\t\t<div class=\"elementor-post__text\">\n\t\t\t\t<h3 class=\"elementor-post__title\">\n\t\t\t<a href=\"https:\/\/www.proes.es\/en\/proyecto-y-direccion-de-obra-de-la-lonja-de-pescado-en-el-puerto-de-bonanza-sanlucar-de-barrameda-cadiz\/\" >\n\t\t\t\tDesign and project management of the fish market in the port of Bonanza, Sanl\u00facar de Barrameda, C\u00e1diz.\t\t\t<\/a>\n\t\t<\/h3>\n\t\t\t\t<div class=\"elementor-post__meta-data\">\n\t\t\t\t\t<span class=\"elementor-post-date\">\n\t\t\t8 de February de 2024\t\t<\/span>\n\t\t\t\t<span class=\"elementor-post-avatar\">\n\t\t\tNo Comments\t\t<\/span>\n\t\t\t\t<\/div>\n\t\t\t\t<div class=\"elementor-post__excerpt\">\n\t\t\t<p>4.91 M\u20ac EMP 3,858.74 m\u00b2 total surface area This involves the extension of an existing fish market building and the provision of a new use for it.<\/p>\n\t\t<\/div>\n\t\t\n\t\t<a class=\"elementor-post__read-more\" href=\"https:\/\/www.proes.es\/en\/proyecto-y-direccion-de-obra-de-la-lonja-de-pescado-en-el-puerto-de-bonanza-sanlucar-de-barrameda-cadiz\/\" aria-label=\"Read more about Proyecto y direcci\u00f3n de obra de la lonja de pescado en el puerto de Bonanza, Sanl\u00facar de Barrameda, C\u00e1diz\" tabindex=\"-1\" >\n\t\t\tREAD MORE \u00bb\t\t<\/a>\n\n\t\t\t\t<\/div>\n\t\t\t\t<\/article>\n\t\t\t\t<article class=\"elementor-post elementor-grid-item post-45988 post type-post status-publish format-standard has-post-thumbnail hentry category-rehabilitacion-y-mantenimiento-de-estructuras tag-espana\" role=\"listitem\">\n\t\t\t\t<a class=\"elementor-post__thumbnail__link\" href=\"https:\/\/www.proes.es\/en\/inspeccion-especial-y-proyecto-de-rehabilitacion-y-asistencia-tecnica-del-puente-colgante-en-amposta-tarragona\/\" tabindex=\"-1\" >\n\t\t\t<div class=\"elementor-post__thumbnail\"><img loading=\"lazy\" decoding=\"async\" width=\"300\" height=\"162\" src=\"https:\/\/www.proes.es\/wp-content\/uploads\/2024\/02\/04019-Rehabilitacion-Puente-de-Amposta3-e1707391623995-300x162.jpg\" class=\"attachment-medium size-medium wp-image-45997\" alt=\"\" srcset=\"https:\/\/www.proes.es\/wp-content\/uploads\/2024\/02\/04019-Rehabilitacion-Puente-de-Amposta3-e1707391623995-300x162.jpg 300w, https:\/\/www.proes.es\/wp-content\/uploads\/2024\/02\/04019-Rehabilitacion-Puente-de-Amposta3-e1707391623995-1024x554.jpg 1024w, https:\/\/www.proes.es\/wp-content\/uploads\/2024\/02\/04019-Rehabilitacion-Puente-de-Amposta3-e1707391623995-768x416.jpg 768w, https:\/\/www.proes.es\/wp-content\/uploads\/2024\/02\/04019-Rehabilitacion-Puente-de-Amposta3-e1707391623995-18x10.jpg 18w, https:\/\/www.proes.es\/wp-content\/uploads\/2024\/02\/04019-Rehabilitacion-Puente-de-Amposta3-e1707391623995.jpg 1280w\" sizes=\"(max-width: 300px) 100vw, 300px\" \/><\/div>\n\t\t<\/a>\n\t\t\t\t<div class=\"elementor-post__text\">\n\t\t\t\t<h3 class=\"elementor-post__title\">\n\t\t\t<a href=\"https:\/\/www.proes.es\/en\/inspeccion-especial-y-proyecto-de-rehabilitacion-y-asistencia-tecnica-del-puente-colgante-en-amposta-tarragona\/\" >\n\t\t\t\tSpecial inspection and rehabilitation project and technical assistance for the suspension bridge in Amposta, Tarragona.\t\t\t<\/a>\n\t\t<\/h3>\n\t\t\t\t<div class=\"elementor-post__meta-data\">\n\t\t\t\t\t<span class=\"elementor-post-date\">\n\t\t\t8 de February de 2024\t\t<\/span>\n\t\t\t\t<span class=\"elementor-post-avatar\">\n\t\t\tNo Comments\t\t<\/span>\n\t\t\t\t<\/div>\n\t\t\t\t<div class=\"elementor-post__excerpt\">\n\t\t\t<p>Special inspection of the bridge on the old CN-340 road, km 1082.3, in Amposta, the subsequent rehabilitation project and technical assistance.<\/p>\n\t\t<\/div>\n\t\t\n\t\t<a class=\"elementor-post__read-more\" href=\"https:\/\/www.proes.es\/en\/inspeccion-especial-y-proyecto-de-rehabilitacion-y-asistencia-tecnica-del-puente-colgante-en-amposta-tarragona\/\" aria-label=\"Read more about Inspecci\u00f3n especial y proyecto de rehabilitaci\u00f3n y asistencia t\u00e9cnica del puente colgante en Amposta, Tarragona\" tabindex=\"-1\" >\n\t\t\tREAD MORE \u00bb\t\t<\/a>\n\n\t\t\t\t<\/div>\n\t\t\t\t<\/article>\n\t\t\t\t<article class=\"elementor-post elementor-grid-item post-45973 post type-post status-publish format-standard has-post-thumbnail hentry category-infraestructuras-del-transporte-terrestre tag-estados-unidos\" role=\"listitem\">\n\t\t\t\t<a class=\"elementor-post__thumbnail__link\" href=\"https:\/\/www.proes.es\/en\/proyecto-de-licitacion-de-un-tramo-de-la-autopista-ih-35-en-dallas-estados-unidos-2\/\" tabindex=\"-1\" >\n\t\t\t<div class=\"elementor-post__thumbnail\"><img loading=\"lazy\" decoding=\"async\" width=\"300\" height=\"171\" src=\"https:\/\/www.proes.es\/wp-content\/uploads\/2024\/02\/IH-35-300x171.jpg\" class=\"attachment-medium size-medium wp-image-45977\" alt=\"\" srcset=\"https:\/\/www.proes.es\/wp-content\/uploads\/2024\/02\/IH-35-300x171.jpg 300w, https:\/\/www.proes.es\/wp-content\/uploads\/2024\/02\/IH-35-768x437.jpg 768w, https:\/\/www.proes.es\/wp-content\/uploads\/2024\/02\/IH-35-18x10.jpg 18w, https:\/\/www.proes.es\/wp-content\/uploads\/2024\/02\/IH-35.jpg 1022w\" sizes=\"(max-width: 300px) 100vw, 300px\" \/><\/div>\n\t\t<\/a>\n\t\t\t\t<div class=\"elementor-post__text\">\n\t\t\t\t<h3 class=\"elementor-post__title\">\n\t\t\t<a href=\"https:\/\/www.proes.es\/en\/proyecto-de-licitacion-de-un-tramo-de-la-autopista-ih-35-en-dallas-estados-unidos-2\/\" >\n\t\t\t\tBidding project for a section of the IH-35 highway in Dallas, USA.\t\t\t<\/a>\n\t\t<\/h3>\n\t\t\t\t<div class=\"elementor-post__meta-data\">\n\t\t\t\t\t<span class=\"elementor-post-date\">\n\t\t\t8 de February de 2024\t\t<\/span>\n\t\t\t\t<span class=\"elementor-post-avatar\">\n\t\t\tNo Comments\t\t<\/span>\n\t\t\t\t<\/div>\n\t\t\t\t<div class=\"elementor-post__excerpt\">\n\t\t\t<p>2.000.000.000 US$ PEM&nbsp; El proyecto consiste en el redesarrollo de un tramo de 8 millas de la autopista interestatal IH-35E, desde la IH-635 hasta US-380<\/p>\n\t\t<\/div>\n\t\t\n\t\t<a class=\"elementor-post__read-more\" href=\"https:\/\/www.proes.es\/en\/proyecto-de-licitacion-de-un-tramo-de-la-autopista-ih-35-en-dallas-estados-unidos-2\/\" aria-label=\"Read more about Proyecto de licitaci\u00f3n de un tramo de la autopista IH-35 en Dallas, Estados Unidos\" tabindex=\"-1\" >\n\t\t\tREAD MORE \u00bb\t\t<\/a>\n\n\t\t\t\t<\/div>\n\t\t\t\t<\/article>\n\t\t\t\t<article class=\"elementor-post elementor-grid-item post-45967 post type-post status-publish format-standard has-post-thumbnail hentry category-infraestructuras-del-transporte-terrestre tag-estados-unidos\" role=\"listitem\">\n\t\t\t\t<a class=\"elementor-post__thumbnail__link\" href=\"https:\/\/www.proes.es\/en\/proyecto-de-la-autopista-lbj-express-en-dallas-estados-unidos\/\" tabindex=\"-1\" >\n\t\t\t<div class=\"elementor-post__thumbnail\"><img loading=\"lazy\" decoding=\"async\" width=\"300\" height=\"173\" src=\"https:\/\/www.proes.es\/wp-content\/uploads\/2020\/05\/dallas_apaisada-300x173.jpg\" class=\"attachment-medium size-medium wp-image-29965\" alt=\"\" srcset=\"https:\/\/www.proes.es\/wp-content\/uploads\/2020\/05\/dallas_apaisada-300x173.jpg 300w, https:\/\/www.proes.es\/wp-content\/uploads\/2020\/05\/dallas_apaisada-768x442.jpg 768w, https:\/\/www.proes.es\/wp-content\/uploads\/2020\/05\/dallas_apaisada.jpg 800w\" sizes=\"(max-width: 300px) 100vw, 300px\" \/><\/div>\n\t\t<\/a>\n\t\t\t\t<div class=\"elementor-post__text\">\n\t\t\t\t<h3 class=\"elementor-post__title\">\n\t\t\t<a href=\"https:\/\/www.proes.es\/en\/proyecto-de-la-autopista-lbj-express-en-dallas-estados-unidos\/\" >\n\t\t\t\tLBJ Express highway project in Dallas, USA\t\t\t<\/a>\n\t\t<\/h3>\n\t\t\t\t<div class=\"elementor-post__meta-data\">\n\t\t\t\t\t<span class=\"elementor-post-date\">\n\t\t\t8 de February de 2024\t\t<\/span>\n\t\t\t\t<span class=\"elementor-post-avatar\">\n\t\t\tNo Comments\t\t<\/span>\n\t\t\t\t<\/div>\n\t\t\t\t<div class=\"elementor-post__excerpt\">\n\t\t\t<p>8 km longitud del tramo 250.000-500.000 veh\u00edculos diarios La autopista LBJ se sit\u00faa al norte de la cuidad de Dallas, Texas. Debido al nivel del<\/p>\n\t\t<\/div>\n\t\t\n\t\t<a class=\"elementor-post__read-more\" href=\"https:\/\/www.proes.es\/en\/proyecto-de-la-autopista-lbj-express-en-dallas-estados-unidos\/\" aria-label=\"Read more about Proyecto de la autopista LBJ Express en Dallas, Estados Unidos\" tabindex=\"-1\" >\n\t\t\tREAD MORE \u00bb\t\t<\/a>\n\n\t\t\t\t<\/div>\n\t\t\t\t<\/article>\n\t\t\t\t<article class=\"elementor-post elementor-grid-item post-45960 post type-post status-publish format-standard has-post-thumbnail hentry category-infraestructuras-maritimas-y-fluviales tag-espana\" role=\"listitem\">\n\t\t\t\t<a class=\"elementor-post__thumbnail__link\" href=\"https:\/\/www.proes.es\/en\/prolongacion-del-muelle-de-levante-en-el-puerto-de-valencia\/\" tabindex=\"-1\" >\n\t\t\t<div class=\"elementor-post__thumbnail\"><img loading=\"lazy\" decoding=\"async\" width=\"300\" height=\"198\" src=\"https:\/\/www.proes.es\/wp-content\/uploads\/2022\/06\/1-muelle valencia-300x198.jpg\" class=\"attachment-medium size-medium wp-image-30897\" alt=\"\" srcset=\"https:\/\/www.proes.es\/wp-content\/uploads\/2022\/06\/1-muelle%20valencia-300x198.jpg 300w, https:\/\/www.proes.es\/wp-content\/uploads\/2022\/06\/1-muelle%20valencia-1024x676.jpg 1024w, https:\/\/www.proes.es\/wp-content\/uploads\/2022\/06\/1-muelle%20valencia-768x507.jpg 768w, https:\/\/www.proes.es\/wp-content\/uploads\/2022\/06\/1-muelle%20valencia-1536x1014.jpg 1536w, https:\/\/www.proes.es\/wp-content\/uploads\/2022\/06\/1-muelle%20valencia-2048x1352.jpg 2048w\" sizes=\"(max-width: 300px) 100vw, 300px\" \/><\/div>\n\t\t<\/a>\n\t\t\t\t<div class=\"elementor-post__text\">\n\t\t\t\t<h3 class=\"elementor-post__title\">\n\t\t\t<a href=\"https:\/\/www.proes.es\/en\/prolongacion-del-muelle-de-levante-en-el-puerto-de-valencia\/\" >\n\t\t\t\tExtension of the Muelle de Levante in the port of Valencia\t\t\t<\/a>\n\t\t<\/h3>\n\t\t\t\t<div class=\"elementor-post__meta-data\">\n\t\t\t\t\t<span class=\"elementor-post-date\">\n\t\t\t8 de February de 2024\t\t<\/span>\n\t\t\t\t<span class=\"elementor-post-avatar\">\n\t\t\tNo Comments\t\t<\/span>\n\t\t\t\t<\/div>\n\t\t\t\t<div class=\"elementor-post__excerpt\">\n\t\t\t<p>11.53 M\u20ac Budget 17 m reinforced concrete caisson props On the occasion of the America's Cup, and the use of the inner harbour basin, the following works have been carried out<\/p>\n\t\t<\/div>\n\t\t\n\t\t<a class=\"elementor-post__read-more\" href=\"https:\/\/www.proes.es\/en\/prolongacion-del-muelle-de-levante-en-el-puerto-de-valencia\/\" aria-label=\"Read more about Prolongaci\u00f3n del Muelle de Levante en el puerto de Valencia\" tabindex=\"-1\" >\n\t\t\tREAD MORE \u00bb\t\t<\/a>\n\n\t\t\t\t<\/div>\n\t\t\t\t<\/article>\n\t\t\t\t<article class=\"elementor-post elementor-grid-item post-45952 post type-post status-publish format-standard has-post-thumbnail hentry category-diseno-de-infraestructuras-maritimas tag-turquia\" role=\"listitem\">\n\t\t\t\t<a class=\"elementor-post__thumbnail__link\" href=\"https:\/\/www.proes.es\/en\/asistencia-tecnica-para-la-construccion-de-la-terminal-de-contenedores-de-ege-gubre-en-izmir-turquia-2\/\" tabindex=\"-1\" >\n\t\t\t<div class=\"elementor-post__thumbnail\"><img loading=\"lazy\" decoding=\"async\" width=\"300\" height=\"196\" src=\"https:\/\/www.proes.es\/wp-content\/uploads\/2021\/02\/ege-gubre-300x196.jpg\" class=\"attachment-medium size-medium wp-image-30191\" alt=\"\" srcset=\"https:\/\/www.proes.es\/wp-content\/uploads\/2021\/02\/ege-gubre-300x196.jpg 300w, https:\/\/www.proes.es\/wp-content\/uploads\/2021\/02\/ege-gubre-1024x668.jpg 1024w, https:\/\/www.proes.es\/wp-content\/uploads\/2021\/02\/ege-gubre-768x501.jpg 768w, https:\/\/www.proes.es\/wp-content\/uploads\/2021\/02\/ege-gubre-1536x1002.jpg 1536w, https:\/\/www.proes.es\/wp-content\/uploads\/2021\/02\/ege-gubre-2048x1336.jpg 2048w\" sizes=\"(max-width: 300px) 100vw, 300px\" \/><\/div>\n\t\t<\/a>\n\t\t\t\t<div class=\"elementor-post__text\">\n\t\t\t\t<h3 class=\"elementor-post__title\">\n\t\t\t<a href=\"https:\/\/www.proes.es\/en\/asistencia-tecnica-para-la-construccion-de-la-terminal-de-contenedores-de-ege-gubre-en-izmir-turquia-2\/\" >\n\t\t\t\tTechnical assistance for the construction of the Ege G\u00fcbre container terminal in Izmir, Turkey\t\t\t<\/a>\n\t\t<\/h3>\n\t\t\t\t<div class=\"elementor-post__meta-data\">\n\t\t\t\t\t<span class=\"elementor-post-date\">\n\t\t\t8 de February de 2024\t\t<\/span>\n\t\t\t\t<span class=\"elementor-post-avatar\">\n\t\t\tNo Comments\t\t<\/span>\n\t\t\t\t<\/div>\n\t\t\t\t<div class=\"elementor-post__excerpt\">\n\t\t\t<p>51.700.000 \u20ac EMP The new container terminal in Izmir will include new berths as well as the upgrading of existing ones to provide maritime infrastructure.<\/p>\n\t\t<\/div>\n\t\t\n\t\t<a class=\"elementor-post__read-more\" href=\"https:\/\/www.proes.es\/en\/asistencia-tecnica-para-la-construccion-de-la-terminal-de-contenedores-de-ege-gubre-en-izmir-turquia-2\/\" aria-label=\"Read more about Asistencia t\u00e9cnica para la construcci\u00f3n de la terminal de contenedores de Ege G\u00fcbre en Izmir, Turqu\u00eda\" tabindex=\"-1\" >\n\t\t\tREAD MORE \u00bb\t\t<\/a>\n\n\t\t\t\t<\/div>\n\t\t\t\t<\/article>\n\t\t\t\t<article class=\"elementor-post elementor-grid-item post-45946 post type-post status-publish format-standard has-post-thumbnail hentry category-diseno-de-infraestructuras-maritimas tag-turquia\" role=\"listitem\">\n\t\t\t\t<a class=\"elementor-post__thumbnail__link\" href=\"https:\/\/www.proes.es\/en\/estudio-de-viabilidad-de-una-terminal-de-gnl-en-ceyhan-turquia-2\/\" tabindex=\"-1\" >\n\t\t\t<div class=\"elementor-post__thumbnail\"><img loading=\"lazy\" decoding=\"async\" width=\"300\" height=\"199\" src=\"https:\/\/www.proes.es\/wp-content\/uploads\/2021\/02\/CEYHAN-300x199.jpg\" class=\"attachment-medium size-medium wp-image-30150\" alt=\"\" srcset=\"https:\/\/www.proes.es\/wp-content\/uploads\/2021\/02\/CEYHAN-300x199.jpg 300w, https:\/\/www.proes.es\/wp-content\/uploads\/2021\/02\/CEYHAN.jpg 512w\" sizes=\"(max-width: 300px) 100vw, 300px\" \/><\/div>\n\t\t<\/a>\n\t\t\t\t<div class=\"elementor-post__text\">\n\t\t\t\t<h3 class=\"elementor-post__title\">\n\t\t\t<a href=\"https:\/\/www.proes.es\/en\/estudio-de-viabilidad-de-una-terminal-de-gnl-en-ceyhan-turquia-2\/\" >\n\t\t\t\tFeasibility study for an LNG terminal in Ceyhan, Turkey\t\t\t<\/a>\n\t\t<\/h3>\n\t\t\t\t<div class=\"elementor-post__meta-data\">\n\t\t\t\t\t<span class=\"elementor-post-date\">\n\t\t\t8 de February de 2024\t\t<\/span>\n\t\t\t\t<span class=\"elementor-post-avatar\">\n\t\t\tNo Comments\t\t<\/span>\n\t\t\t\t<\/div>\n\t\t\t\t<div class=\"elementor-post__excerpt\">\n\t\t\t<p>The possibility of an LNG import terminal in Turkey is being assessed. In preliminary phases of the project, it was concluded that Ceyhana<\/p>\n\t\t<\/div>\n\t\t\n\t\t<a class=\"elementor-post__read-more\" href=\"https:\/\/www.proes.es\/en\/estudio-de-viabilidad-de-una-terminal-de-gnl-en-ceyhan-turquia-2\/\" aria-label=\"Read more about Estudio de viabilidad de una terminal de GNL en Ceyhan, Turqu\u00eda\" tabindex=\"-1\" >\n\t\t\tREAD MORE \u00bb\t\t<\/a>\n\n\t\t\t\t<\/div>\n\t\t\t\t<\/article>\n\t\t\t\t<article class=\"elementor-post elementor-grid-item post-45929 post type-post status-publish format-standard has-post-thumbnail hentry category-agua tag-espana\" role=\"listitem\">\n\t\t\t\t<a class=\"elementor-post__thumbnail__link\" href=\"https:\/\/www.proes.es\/en\/galeria-de-conexion-y-deposito-de-la-estacion-de-tratamiento-de-agua-potable-etap-de-majadahonda-madrid\/\" tabindex=\"-1\" >\n\t\t\t<div class=\"elementor-post__thumbnail\"><img loading=\"lazy\" decoding=\"async\" width=\"300\" height=\"173\" src=\"https:\/\/www.proes.es\/wp-content\/uploads\/2020\/05\/depC3B3sito20de2060.00020m320para20el20canal20yii20en20majadahonda20madrid-300x173.jpg\" class=\"attachment-medium size-medium wp-image-29967\" alt=\"\" srcset=\"https:\/\/www.proes.es\/wp-content\/uploads\/2020\/05\/depC3B3sito20de2060.00020m320para20el20canal20yii20en20majadahonda20madrid-300x173.jpg 300w, https:\/\/www.proes.es\/wp-content\/uploads\/2020\/05\/depC3B3sito20de2060.00020m320para20el20canal20yii20en20majadahonda20madrid-768x442.jpg 768w, https:\/\/www.proes.es\/wp-content\/uploads\/2020\/05\/depC3B3sito20de2060.00020m320para20el20canal20yii20en20majadahonda20madrid.jpg 800w\" sizes=\"(max-width: 300px) 100vw, 300px\" \/><\/div>\n\t\t<\/a>\n\t\t\t\t<div class=\"elementor-post__text\">\n\t\t\t\t<h3 class=\"elementor-post__title\">\n\t\t\t<a href=\"https:\/\/www.proes.es\/en\/galeria-de-conexion-y-deposito-de-la-estacion-de-tratamiento-de-agua-potable-etap-de-majadahonda-madrid\/\" >\n\t\t\t\tConnection gallery and reservoir of the drinking water treatment plant (DWTP) of Majadahonda, Madrid\t\t\t<\/a>\n\t\t<\/h3>\n\t\t\t\t<div class=\"elementor-post__meta-data\">\n\t\t\t\t\t<span class=\"elementor-post-date\">\n\t\t\t8 de February de 2024\t\t<\/span>\n\t\t\t\t<span class=\"elementor-post-avatar\">\n\t\t\tNo Comments\t\t<\/span>\n\t\t\t\t<\/div>\n\t\t\t\t<div class=\"elementor-post__excerpt\">\n\t\t\t<p>60,000 m\u00b3 capacity 750,000 inhabitants The purpose of the work is to draw up the construction project for a drinking water reservoir from the<\/p>\n\t\t<\/div>\n\t\t\n\t\t<a class=\"elementor-post__read-more\" href=\"https:\/\/www.proes.es\/en\/galeria-de-conexion-y-deposito-de-la-estacion-de-tratamiento-de-agua-potable-etap-de-majadahonda-madrid\/\" aria-label=\"Read more about Galer\u00eda de conexi\u00f3n y dep\u00f3sito de la estaci\u00f3n de tratamiento de agua potable (ETAP) de Majadahonda, Madrid\" tabindex=\"-1\" >\n\t\t\tREAD MORE \u00bb\t\t<\/a>\n\n\t\t\t\t<\/div>\n\t\t\t\t<\/article>\n\t\t\t\t<article class=\"elementor-post elementor-grid-item post-45935 post type-post status-publish format-standard has-post-thumbnail hentry category-diseno-de-infraestructuras-maritimas tag-rusia\" role=\"listitem\">\n\t\t\t\t<a class=\"elementor-post__thumbnail__link\" href=\"https:\/\/www.proes.es\/en\/ingenieria-de-detalle-para-la-nueva-terminal-de-gnl-de-gazprom-en-portovaya-rusia\/\" tabindex=\"-1\" >\n\t\t\t<div class=\"elementor-post__thumbnail\"><img loading=\"lazy\" decoding=\"async\" width=\"300\" height=\"169\" src=\"https:\/\/www.proes.es\/wp-content\/uploads\/2021\/02\/GAZPROM-300x169.jpg\" class=\"attachment-medium size-medium wp-image-30154\" alt=\"\" srcset=\"https:\/\/www.proes.es\/wp-content\/uploads\/2021\/02\/GAZPROM-300x169.jpg 300w, https:\/\/www.proes.es\/wp-content\/uploads\/2021\/02\/GAZPROM-1024x576.jpg 1024w, https:\/\/www.proes.es\/wp-content\/uploads\/2021\/02\/GAZPROM-768x432.jpg 768w, https:\/\/www.proes.es\/wp-content\/uploads\/2021\/02\/GAZPROM.jpg 1280w\" sizes=\"(max-width: 300px) 100vw, 300px\" \/><\/div>\n\t\t<\/a>\n\t\t\t\t<div class=\"elementor-post__text\">\n\t\t\t\t<h3 class=\"elementor-post__title\">\n\t\t\t<a href=\"https:\/\/www.proes.es\/en\/ingenieria-de-detalle-para-la-nueva-terminal-de-gnl-de-gazprom-en-portovaya-rusia\/\" >\n\t\t\t\tDetailed engineering for Gazprom's new LNG terminal in Portovaya, Russia\t\t\t<\/a>\n\t\t<\/h3>\n\t\t\t\t<div class=\"elementor-post__meta-data\">\n\t\t\t\t\t<span class=\"elementor-post-date\">\n\t\t\t8 de February de 2024\t\t<\/span>\n\t\t\t\t<span class=\"elementor-post-avatar\">\n\t\t\tNo Comments\t\t<\/span>\n\t\t\t\t<\/div>\n\t\t\t\t<div class=\"elementor-post__excerpt\">\n\t\t\t<p>1,500,000 t LNG Gazprom is promoting the project for the construction of a new LNG terminal in Portovaya on the Baltic Sea. The scope<\/p>\n\t\t<\/div>\n\t\t\n\t\t<a class=\"elementor-post__read-more\" href=\"https:\/\/www.proes.es\/en\/ingenieria-de-detalle-para-la-nueva-terminal-de-gnl-de-gazprom-en-portovaya-rusia\/\" aria-label=\"Read more about Ingenier\u00eda de detalle para la nueva terminal de GNL de Gazprom en Portovaya, Rusia\" tabindex=\"-1\" >\n\t\t\tREAD MORE \u00bb\t\t<\/a>\n\n\t\t\t\t<\/div>\n\t\t\t\t<\/article>\n\t\t\t\t<article class=\"elementor-post elementor-grid-item post-45927 post type-post status-publish format-standard has-post-thumbnail hentry category-diseno-de-infraestructuras-maritimas tag-rusia\" role=\"listitem\">\n\t\t\t\t<a class=\"elementor-post__thumbnail__link\" href=\"https:\/\/www.proes.es\/en\/estudio-de-viabilidad-de-una-terminal-de-gnl-en-el-mar-negro-rusia-2\/\" tabindex=\"-1\" >\n\t\t\t<div class=\"elementor-post__thumbnail\"><img loading=\"lazy\" decoding=\"async\" width=\"300\" height=\"177\" src=\"https:\/\/www.proes.es\/wp-content\/uploads\/2021\/02\/GNL-Mar-Negro-300x177.jpg\" class=\"attachment-medium size-medium wp-image-30155\" alt=\"\" srcset=\"https:\/\/www.proes.es\/wp-content\/uploads\/2021\/02\/GNL-Mar-Negro-300x177.jpg 300w, https:\/\/www.proes.es\/wp-content\/uploads\/2021\/02\/GNL-Mar-Negro-1024x605.jpg 1024w, https:\/\/www.proes.es\/wp-content\/uploads\/2021\/02\/GNL-Mar-Negro-768x454.jpg 768w, https:\/\/www.proes.es\/wp-content\/uploads\/2021\/02\/GNL-Mar-Negro-1536x907.jpg 1536w, https:\/\/www.proes.es\/wp-content\/uploads\/2021\/02\/GNL-Mar-Negro-2048x1210.jpg 2048w\" sizes=\"(max-width: 300px) 100vw, 300px\" \/><\/div>\n\t\t<\/a>\n\t\t\t\t<div class=\"elementor-post__text\">\n\t\t\t\t<h3 class=\"elementor-post__title\">\n\t\t\t<a href=\"https:\/\/www.proes.es\/en\/estudio-de-viabilidad-de-una-terminal-de-gnl-en-el-mar-negro-rusia-2\/\" >\n\t\t\t\tFeasibility study for an LNG terminal in the Black Sea, Russia\t\t\t<\/a>\n\t\t<\/h3>\n\t\t\t\t<div class=\"elementor-post__meta-data\">\n\t\t\t\t\t<span class=\"elementor-post-date\">\n\t\t\t8 de February de 2024\t\t<\/span>\n\t\t\t\t<span class=\"elementor-post-avatar\">\n\t\t\tNo Comments\t\t<\/span>\n\t\t\t\t<\/div>\n\t\t\t\t<div class=\"elementor-post__excerpt\">\n\t\t\t<p>The purpose of this work is to locate a site that has the optimal conditions to host a new LNG terminal for operation.<\/p>\n\t\t<\/div>\n\t\t\n\t\t<a class=\"elementor-post__read-more\" href=\"https:\/\/www.proes.es\/en\/estudio-de-viabilidad-de-una-terminal-de-gnl-en-el-mar-negro-rusia-2\/\" aria-label=\"Read more about Estudio de viabilidad de una terminal de GNL en el mar Negro, Rusia\" tabindex=\"-1\" >\n\t\t\tREAD MORE \u00bb\t\t<\/a>\n\n\t\t\t\t<\/div>\n\t\t\t\t<\/article>\n\t\t\t\t<article class=\"elementor-post elementor-grid-item post-45914 post type-post status-publish format-standard has-post-thumbnail hentry category-infraestructuras-maritimas-y-fluviales tag-reino_unido\" role=\"listitem\">\n\t\t\t\t<a class=\"elementor-post__thumbnail__link\" href=\"https:\/\/www.proes.es\/en\/procedimiento-de-evaluacion-probabilistico-de-la-energia-de-impacto-de-buques-en-las-margenes-del-rio-tamesis-londres\/\" tabindex=\"-1\" >\n\t\t\t<div class=\"elementor-post__thumbnail\"><img loading=\"lazy\" decoding=\"async\" width=\"300\" height=\"212\" src=\"https:\/\/www.proes.es\/wp-content\/uploads\/2021\/02\/RIVER-THAMES-300x212.jpg\" class=\"attachment-medium size-medium wp-image-30170\" alt=\"\" srcset=\"https:\/\/www.proes.es\/wp-content\/uploads\/2021\/02\/RIVER-THAMES-300x212.jpg 300w, https:\/\/www.proes.es\/wp-content\/uploads\/2021\/02\/RIVER-THAMES-1024x725.jpg 1024w, https:\/\/www.proes.es\/wp-content\/uploads\/2021\/02\/RIVER-THAMES-768x544.jpg 768w, https:\/\/www.proes.es\/wp-content\/uploads\/2021\/02\/RIVER-THAMES-1536x1087.jpg 1536w, https:\/\/www.proes.es\/wp-content\/uploads\/2021\/02\/RIVER-THAMES.jpg 1800w\" sizes=\"(max-width: 300px) 100vw, 300px\" \/><\/div>\n\t\t<\/a>\n\t\t\t\t<div class=\"elementor-post__text\">\n\t\t\t\t<h3 class=\"elementor-post__title\">\n\t\t\t<a href=\"https:\/\/www.proes.es\/en\/procedimiento-de-evaluacion-probabilistico-de-la-energia-de-impacto-de-buques-en-las-margenes-del-rio-tamesis-londres\/\" >\n\t\t\t\tEvaluaci\u00f3n probabil\u00edstica de la energ\u00eda de impacto de buques en las m\u00e1rgenes del r\u00edo T\u00e1mesis, Londres\t\t\t<\/a>\n\t\t<\/h3>\n\t\t\t\t<div class=\"elementor-post__meta-data\">\n\t\t\t\t\t<span class=\"elementor-post-date\">\n\t\t\t8 de February de 2024\t\t<\/span>\n\t\t\t\t<span class=\"elementor-post-avatar\">\n\t\t\tNo Comments\t\t<\/span>\n\t\t\t\t<\/div>\n\t\t\t\t<div class=\"elementor-post__excerpt\">\n\t\t\t<p>The main objective of the project is the probabilistic assessment of the impact energy of ships on temporary structures located along the margins.<\/p>\n\t\t<\/div>\n\t\t\n\t\t<a class=\"elementor-post__read-more\" href=\"https:\/\/www.proes.es\/en\/procedimiento-de-evaluacion-probabilistico-de-la-energia-de-impacto-de-buques-en-las-margenes-del-rio-tamesis-londres\/\" aria-label=\"Read more about Evaluaci\u00f3n probabil\u00edstica de la energ\u00eda de impacto de buques en las m\u00e1rgenes del r\u00edo T\u00e1mesis, Londres\" tabindex=\"-1\" >\n\t\t\tREAD MORE \u00bb\t\t<\/a>\n\n\t\t\t\t<\/div>\n\t\t\t\t<\/article>\n\t\t\t\t<article class=\"elementor-post elementor-grid-item post-45907 post type-post status-publish format-standard has-post-thumbnail hentry category-supervision-de-proyectos-y-ejecucion-de-obras tag-espana\" role=\"listitem\">\n\t\t\t\t<a class=\"elementor-post__thumbnail__link\" href=\"https:\/\/www.proes.es\/en\/auscultacion-de-puentes-de-ferrocarril-de-la-gerencia-de-sevilla-para-adif\/\" tabindex=\"-1\" >\n\t\t\t<div class=\"elementor-post__thumbnail\"><img loading=\"lazy\" decoding=\"async\" width=\"300\" height=\"193\" src=\"https:\/\/www.proes.es\/wp-content\/uploads\/2021\/04\/Imagen-074-300x193.jpg\" class=\"attachment-medium size-medium wp-image-30324\" alt=\"\" srcset=\"https:\/\/www.proes.es\/wp-content\/uploads\/2021\/04\/Imagen-074-300x193.jpg 300w, https:\/\/www.proes.es\/wp-content\/uploads\/2021\/04\/Imagen-074-1024x657.jpg 1024w, https:\/\/www.proes.es\/wp-content\/uploads\/2021\/04\/Imagen-074-768x493.jpg 768w, https:\/\/www.proes.es\/wp-content\/uploads\/2021\/04\/Imagen-074-1536x986.jpg 1536w, https:\/\/www.proes.es\/wp-content\/uploads\/2021\/04\/Imagen-074-2048x1314.jpg 2048w\" sizes=\"(max-width: 300px) 100vw, 300px\" \/><\/div>\n\t\t<\/a>\n\t\t\t\t<div class=\"elementor-post__text\">\n\t\t\t\t<h3 class=\"elementor-post__title\">\n\t\t\t<a href=\"https:\/\/www.proes.es\/en\/auscultacion-de-puentes-de-ferrocarril-de-la-gerencia-de-sevilla-para-adif\/\" >\n\t\t\t\tAuscultation of railway bridges of the Seville Management Office for Adif\t\t\t<\/a>\n\t\t<\/h3>\n\t\t\t\t<div class=\"elementor-post__meta-data\">\n\t\t\t\t\t<span class=\"elementor-post-date\">\n\t\t\t8 de February de 2024\t\t<\/span>\n\t\t\t\t<span class=\"elementor-post-avatar\">\n\t\t\tNo Comments\t\t<\/span>\n\t\t\t\t<\/div>\n\t\t\t\t<div class=\"elementor-post__excerpt\">\n\t\t\t<p>211.365 \u20ac PEM 176 obras de paso inspeccionadas El objeto de este proyecto es la realizaci\u00f3n de una serie de inspecciones principales de puentes ferroviarios<\/p>\n\t\t<\/div>\n\t\t\n\t\t<a class=\"elementor-post__read-more\" href=\"https:\/\/www.proes.es\/en\/auscultacion-de-puentes-de-ferrocarril-de-la-gerencia-de-sevilla-para-adif\/\" aria-label=\"Read more about Auscultaci\u00f3n de puentes de ferrocarril de la Gerencia de Sevilla para Adif\" tabindex=\"-1\" >\n\t\t\tREAD MORE \u00bb\t\t<\/a>\n\n\t\t\t\t<\/div>\n\t\t\t\t<\/article>\n\t\t\t\t<article class=\"elementor-post elementor-grid-item post-45875 post type-post status-publish format-standard has-post-thumbnail hentry category-diseno-de-infraestructuras-maritimas tag-reino_unido\" role=\"listitem\">\n\t\t\t\t<a class=\"elementor-post__thumbnail__link\" href=\"https:\/\/www.proes.es\/en\/asistencia-tecnica-a-la-construccion-de-un-nuevo-puerto-en-la-bahia-de-nigg-aberdeen-escocia\/\" tabindex=\"-1\" >\n\t\t\t<div class=\"elementor-post__thumbnail\"><img loading=\"lazy\" decoding=\"async\" width=\"300\" height=\"169\" src=\"https:\/\/www.proes.es\/wp-content\/uploads\/2021\/02\/ABERDEEN-300x169.jpg\" class=\"attachment-medium size-medium wp-image-30141\" alt=\"\" srcset=\"https:\/\/www.proes.es\/wp-content\/uploads\/2021\/02\/ABERDEEN-300x169.jpg 300w, https:\/\/www.proes.es\/wp-content\/uploads\/2021\/02\/ABERDEEN-1024x576.jpg 1024w, https:\/\/www.proes.es\/wp-content\/uploads\/2021\/02\/ABERDEEN-768x432.jpg 768w, https:\/\/www.proes.es\/wp-content\/uploads\/2021\/02\/ABERDEEN-1536x864.jpg 1536w, https:\/\/www.proes.es\/wp-content\/uploads\/2021\/02\/ABERDEEN-2048x1152.jpg 2048w\" sizes=\"(max-width: 300px) 100vw, 300px\" \/><\/div>\n\t\t<\/a>\n\t\t\t\t<div class=\"elementor-post__text\">\n\t\t\t\t<h3 class=\"elementor-post__title\">\n\t\t\t<a href=\"https:\/\/www.proes.es\/en\/asistencia-tecnica-a-la-construccion-de-un-nuevo-puerto-en-la-bahia-de-nigg-aberdeen-escocia\/\" >\n\t\t\t\tTechnical assistance to the construction of a new harbour in Nigg Bay, Aberdeen, Scotland\t\t\t<\/a>\n\t\t<\/h3>\n\t\t\t\t<div class=\"elementor-post__meta-data\">\n\t\t\t\t\t<span class=\"elementor-post-date\">\n\t\t\t8 de February de 2024\t\t<\/span>\n\t\t\t\t<span class=\"elementor-post-avatar\">\n\t\t\tNo Comments\t\t<\/span>\n\t\t\t\t<\/div>\n\t\t\t\t<div class=\"elementor-post__excerpt\">\n\t\t\t<p>El proyecto consiste en la construcci\u00f3n de un dique de protecci\u00f3n para la creaci\u00f3n de un nuevo puerto en el acceso a la bah\u00eda de<\/p>\n\t\t<\/div>\n\t\t\n\t\t<a class=\"elementor-post__read-more\" href=\"https:\/\/www.proes.es\/en\/asistencia-tecnica-a-la-construccion-de-un-nuevo-puerto-en-la-bahia-de-nigg-aberdeen-escocia\/\" aria-label=\"Read more about Asistencia t\u00e9cnica a la construcci\u00f3n de un nuevo puerto en la bah\u00eda de Nigg, Aberdeen, Escocia\" tabindex=\"-1\" >\n\t\t\tREAD MORE \u00bb\t\t<\/a>\n\n\t\t\t\t<\/div>\n\t\t\t\t<\/article>\n\t\t\t\t<article class=\"elementor-post elementor-grid-item post-45888 post type-post status-publish format-standard has-post-thumbnail hentry category-diseno-de-infraestructuras-maritimas tag-espana\" role=\"listitem\">\n\t\t\t\t<a class=\"elementor-post__thumbnail__link\" href=\"https:\/\/www.proes.es\/en\/adecuacion-del-frente-de-atraque-de-forestal-del-atlantico-en-mugardos-la-coruna\/\" tabindex=\"-1\" >\n\t\t\t<div class=\"elementor-post__thumbnail\"><img loading=\"lazy\" decoding=\"async\" width=\"300\" height=\"192\" src=\"https:\/\/www.proes.es\/wp-content\/uploads\/2021\/04\/09-12-15_Forestal_Mugardos_AIO_18-300x192.jpg\" class=\"attachment-medium size-medium wp-image-30292\" alt=\"\" srcset=\"https:\/\/www.proes.es\/wp-content\/uploads\/2021\/04\/09-12-15_Forestal_Mugardos_AIO_18-300x192.jpg 300w, https:\/\/www.proes.es\/wp-content\/uploads\/2021\/04\/09-12-15_Forestal_Mugardos_AIO_18-1024x656.jpg 1024w, https:\/\/www.proes.es\/wp-content\/uploads\/2021\/04\/09-12-15_Forestal_Mugardos_AIO_18-768x492.jpg 768w, https:\/\/www.proes.es\/wp-content\/uploads\/2021\/04\/09-12-15_Forestal_Mugardos_AIO_18-1536x984.jpg 1536w, https:\/\/www.proes.es\/wp-content\/uploads\/2021\/04\/09-12-15_Forestal_Mugardos_AIO_18.jpg 1830w\" sizes=\"(max-width: 300px) 100vw, 300px\" \/><\/div>\n\t\t<\/a>\n\t\t\t\t<div class=\"elementor-post__text\">\n\t\t\t\t<h3 class=\"elementor-post__title\">\n\t\t\t<a href=\"https:\/\/www.proes.es\/en\/adecuacion-del-frente-de-atraque-de-forestal-del-atlantico-en-mugardos-la-coruna\/\" >\n\t\t\t\tAdequacy of the Forestal del Atl\u00e1ntico mooring front in Mugardos, La Coru\u00f1a.\t\t\t<\/a>\n\t\t<\/h3>\n\t\t\t\t<div class=\"elementor-post__meta-data\">\n\t\t\t\t\t<span class=\"elementor-post-date\">\n\t\t\t8 de February de 2024\t\t<\/span>\n\t\t\t\t<span class=\"elementor-post-avatar\">\n\t\t\tNo Comments\t\t<\/span>\n\t\t\t\t<\/div>\n\t\t\t\t<div class=\"elementor-post__excerpt\">\n\t\t\t<p>-12,00 a -14,00 m incremento de calado Con el fin de incrementar la competitividad en el sector y ofrecer servicio a buques de mayor capacidad,<\/p>\n\t\t<\/div>\n\t\t\n\t\t<a class=\"elementor-post__read-more\" href=\"https:\/\/www.proes.es\/en\/adecuacion-del-frente-de-atraque-de-forestal-del-atlantico-en-mugardos-la-coruna\/\" aria-label=\"Read more about Adecuaci\u00f3n del frente de atraque de Forestal del Atl\u00e1ntico en Mugardos, La Coru\u00f1a\" tabindex=\"-1\" >\n\t\t\tREAD MORE \u00bb\t\t<\/a>\n\n\t\t\t\t<\/div>\n\t\t\t\t<\/article>\n\t\t\t\t<article class=\"elementor-post elementor-grid-item post-45881 post type-post status-publish format-standard has-post-thumbnail hentry category-infraestructuras-del-transporte-terrestre tag-espana\" role=\"listitem\">\n\t\t\t\t<a class=\"elementor-post__thumbnail__link\" href=\"https:\/\/www.proes.es\/en\/linea-cercanias-c3-getafe-industrial-pinto-madrid\/\" tabindex=\"-1\" >\n\t\t\t<div class=\"elementor-post__thumbnail\"><img loading=\"lazy\" decoding=\"async\" width=\"300\" height=\"169\" src=\"https:\/\/www.proes.es\/wp-content\/uploads\/2021\/04\/Estacion-Cercanias-Pinto-300x169.jpg\" class=\"attachment-medium size-medium wp-image-38678\" alt=\"\" srcset=\"https:\/\/www.proes.es\/wp-content\/uploads\/2021\/04\/Estacion-Cercanias-Pinto-300x169.jpg 300w, https:\/\/www.proes.es\/wp-content\/uploads\/2021\/04\/Estacion-Cercanias-Pinto-1024x576.jpg 1024w, https:\/\/www.proes.es\/wp-content\/uploads\/2021\/04\/Estacion-Cercanias-Pinto-768x432.jpg 768w, https:\/\/www.proes.es\/wp-content\/uploads\/2021\/04\/Estacion-Cercanias-Pinto-18x10.jpg 18w, https:\/\/www.proes.es\/wp-content\/uploads\/2021\/04\/Estacion-Cercanias-Pinto.jpg 1300w\" sizes=\"(max-width: 300px) 100vw, 300px\" \/><\/div>\n\t\t<\/a>\n\t\t\t\t<div class=\"elementor-post__text\">\n\t\t\t\t<h3 class=\"elementor-post__title\">\n\t\t\t<a href=\"https:\/\/www.proes.es\/en\/linea-cercanias-c3-getafe-industrial-pinto-madrid\/\" >\n\t\t\t\tSuburban Line C3, Getafe industrial-Pinto, Madrid\t\t\t<\/a>\n\t\t<\/h3>\n\t\t\t\t<div class=\"elementor-post__meta-data\">\n\t\t\t\t\t<span class=\"elementor-post-date\">\n\t\t\t8 de February de 2024\t\t<\/span>\n\t\t\t\t<span class=\"elementor-post-avatar\">\n\t\t\tNo Comments\t\t<\/span>\n\t\t\t\t<\/div>\n\t\t\t\t<div class=\"elementor-post__excerpt\">\n\t\t\t<p>85,04 M\u20ac PEM&nbsp; 56 km tramo de via El tramo Getafe Industrial-Pinto estaba constituido por una doble v\u00eda electrificada y equipada con bloqueo autom\u00e1tico en<\/p>\n\t\t<\/div>\n\t\t\n\t\t<a class=\"elementor-post__read-more\" href=\"https:\/\/www.proes.es\/en\/linea-cercanias-c3-getafe-industrial-pinto-madrid\/\" aria-label=\"Read more about L\u00ednea Cercan\u00edas C3, Getafe industrial-Pinto, Madrid\" tabindex=\"-1\" >\n\t\t\tREAD MORE \u00bb\t\t<\/a>\n\n\t\t\t\t<\/div>\n\t\t\t\t<\/article>\n\t\t\t\t<article class=\"elementor-post elementor-grid-item post-45869 post type-post status-publish format-standard has-post-thumbnail hentry category-agua tag-reino_unido\" role=\"listitem\">\n\t\t\t\t<a class=\"elementor-post__thumbnail__link\" href=\"https:\/\/www.proes.es\/en\/toma-de-agua-y-vertido-de-la-central-nuclear-de-wylfa-gales-reino-unido-2\/\" tabindex=\"-1\" >\n\t\t\t<div class=\"elementor-post__thumbnail\"><img loading=\"lazy\" decoding=\"async\" width=\"300\" height=\"158\" src=\"https:\/\/www.proes.es\/wp-content\/uploads\/2024\/02\/WYLFA-MAGNOX-300x158.jpg\" class=\"attachment-medium size-medium wp-image-49536\" alt=\"\" srcset=\"https:\/\/www.proes.es\/wp-content\/uploads\/2024\/02\/WYLFA-MAGNOX-300x158.jpg 300w, https:\/\/www.proes.es\/wp-content\/uploads\/2024\/02\/WYLFA-MAGNOX-1024x540.jpg 1024w, https:\/\/www.proes.es\/wp-content\/uploads\/2024\/02\/WYLFA-MAGNOX-768x405.jpg 768w, https:\/\/www.proes.es\/wp-content\/uploads\/2024\/02\/WYLFA-MAGNOX-18x9.jpg 18w, https:\/\/www.proes.es\/wp-content\/uploads\/2024\/02\/WYLFA-MAGNOX.jpg 1200w\" sizes=\"(max-width: 300px) 100vw, 300px\" \/><\/div>\n\t\t<\/a>\n\t\t\t\t<div class=\"elementor-post__text\">\n\t\t\t\t<h3 class=\"elementor-post__title\">\n\t\t\t<a href=\"https:\/\/www.proes.es\/en\/toma-de-agua-y-vertido-de-la-central-nuclear-de-wylfa-gales-reino-unido-2\/\" >\n\t\t\t\tWater intake and discharge from Wylfa nuclear power station, Wales, UK\t\t\t<\/a>\n\t\t<\/h3>\n\t\t\t\t<div class=\"elementor-post__meta-data\">\n\t\t\t\t\t<span class=\"elementor-post-date\">\n\t\t\t8 de February de 2024\t\t<\/span>\n\t\t\t\t<span class=\"elementor-post-avatar\">\n\t\t\tNo Comments\t\t<\/span>\n\t\t\t\t<\/div>\n\t\t\t\t<div class=\"elementor-post__excerpt\">\n\t\t\t<p>foto: BBC (Magnox) 500.000 m3\/h caudal\u00a0 Junto a la planta nuclear de Wylfa, en Gales (Reino Unido), se proyecta la construcci\u00f3n de una nueva central<\/p>\n\t\t<\/div>\n\t\t\n\t\t<a class=\"elementor-post__read-more\" href=\"https:\/\/www.proes.es\/en\/toma-de-agua-y-vertido-de-la-central-nuclear-de-wylfa-gales-reino-unido-2\/\" aria-label=\"Read more about Toma de agua y vertido de la central nuclear de Wylfa, Gales, Reino Unido\" tabindex=\"-1\" >\n\t\t\tREAD MORE \u00bb\t\t<\/a>\n\n\t\t\t\t<\/div>\n\t\t\t\t<\/article>\n\t\t\t\t<article class=\"elementor-post elementor-grid-item post-45859 post type-post status-publish format-standard has-post-thumbnail hentry category-agua tag-reino_unido\" role=\"listitem\">\n\t\t\t\t<a class=\"elementor-post__thumbnail__link\" href=\"https:\/\/www.proes.es\/en\/diseno-del-colector-de-drenaje-de-blackfriars-londres-2\/\" tabindex=\"-1\" >\n\t\t\t<div class=\"elementor-post__thumbnail\"><img loading=\"lazy\" decoding=\"async\" width=\"300\" height=\"212\" src=\"https:\/\/www.proes.es\/wp-content\/uploads\/2021\/02\/BLACKFRIARS2-300x212.jpg\" class=\"attachment-medium size-medium wp-image-30147\" alt=\"\" srcset=\"https:\/\/www.proes.es\/wp-content\/uploads\/2021\/02\/BLACKFRIARS2-300x212.jpg 300w, https:\/\/www.proes.es\/wp-content\/uploads\/2021\/02\/BLACKFRIARS2-1024x724.jpg 1024w, https:\/\/www.proes.es\/wp-content\/uploads\/2021\/02\/BLACKFRIARS2-768x543.jpg 768w, https:\/\/www.proes.es\/wp-content\/uploads\/2021\/02\/BLACKFRIARS2.jpg 1500w\" sizes=\"(max-width: 300px) 100vw, 300px\" \/><\/div>\n\t\t<\/a>\n\t\t\t\t<div class=\"elementor-post__text\">\n\t\t\t\t<h3 class=\"elementor-post__title\">\n\t\t\t<a href=\"https:\/\/www.proes.es\/en\/diseno-del-colector-de-drenaje-de-blackfriars-londres-2\/\" >\n\t\t\t\tDesign of the Blackfriars drainage collector, London\t\t\t<\/a>\n\t\t<\/h3>\n\t\t\t\t<div class=\"elementor-post__meta-data\">\n\t\t\t\t\t<span class=\"elementor-post-date\">\n\t\t\t8 de February de 2024\t\t<\/span>\n\t\t\t\t<span class=\"elementor-post-avatar\">\n\t\t\tNo Comments\t\t<\/span>\n\t\t\t\t<\/div>\n\t\t\t\t<div class=\"elementor-post__excerpt\">\n\t\t\t<p>40 m depth of the collector The project consists of the design of a pre-cast concrete piece, with temporary flotation capacity, to redirect the wastewater to a new location.<\/p>\n\t\t<\/div>\n\t\t\n\t\t<a class=\"elementor-post__read-more\" href=\"https:\/\/www.proes.es\/en\/diseno-del-colector-de-drenaje-de-blackfriars-londres-2\/\" aria-label=\"Read more about Dise\u00f1o del colector de drenaje de Blackfriars, Londres\" tabindex=\"-1\" >\n\t\t\tREAD MORE \u00bb\t\t<\/a>\n\n\t\t\t\t<\/div>\n\t\t\t\t<\/article>\n\t\t\t\t<article class=\"elementor-post elementor-grid-item post-45861 post type-post status-publish format-standard has-post-thumbnail hentry category-edificacion category-infraestructuras-maritimas-y-fluviales tag-espana\" role=\"listitem\">\n\t\t\t\t<a class=\"elementor-post__thumbnail__link\" href=\"https:\/\/www.proes.es\/en\/proyecto-de-habilitacion-para-la-nueva-terminal-publica-de-contenedores-en-santa-cruz-de-tenerife\/\" tabindex=\"-1\" >\n\t\t\t<div class=\"elementor-post__thumbnail\"><img loading=\"lazy\" decoding=\"async\" width=\"300\" height=\"188\" src=\"https:\/\/www.proes.es\/wp-content\/uploads\/2021\/04\/tenerife-300x188.jpg\" class=\"attachment-medium size-medium wp-image-30350\" alt=\"\" srcset=\"https:\/\/www.proes.es\/wp-content\/uploads\/2021\/04\/tenerife-300x188.jpg 300w, https:\/\/www.proes.es\/wp-content\/uploads\/2021\/04\/tenerife-1024x641.jpg 1024w, https:\/\/www.proes.es\/wp-content\/uploads\/2021\/04\/tenerife-768x481.jpg 768w, https:\/\/www.proes.es\/wp-content\/uploads\/2021\/04\/tenerife-1536x962.jpg 1536w, https:\/\/www.proes.es\/wp-content\/uploads\/2021\/04\/tenerife-2048x1282.jpg 2048w\" sizes=\"(max-width: 300px) 100vw, 300px\" \/><\/div>\n\t\t<\/a>\n\t\t\t\t<div class=\"elementor-post__text\">\n\t\t\t\t<h3 class=\"elementor-post__title\">\n\t\t\t<a href=\"https:\/\/www.proes.es\/en\/proyecto-de-habilitacion-para-la-nueva-terminal-publica-de-contenedores-en-santa-cruz-de-tenerife\/\" >\n\t\t\t\tProject for the new public container terminal in Santa Cruz de Tenerife\t\t\t<\/a>\n\t\t<\/h3>\n\t\t\t\t<div class=\"elementor-post__meta-data\">\n\t\t\t\t\t<span class=\"elementor-post-date\">\n\t\t\t8 de February de 2024\t\t<\/span>\n\t\t\t\t<span class=\"elementor-post-avatar\">\n\t\t\tNo Comments\t\t<\/span>\n\t\t\t\t<\/div>\n\t\t\t\t<div class=\"elementor-post__excerpt\">\n\t\t\t<p>8.9 M\u20ac Budget 152,804 m\u00b2 surface area excluding the manoeuvring area The project defines the adaptation works for the concession of the occupation of the<\/p>\n\t\t<\/div>\n\t\t\n\t\t<a class=\"elementor-post__read-more\" href=\"https:\/\/www.proes.es\/en\/proyecto-de-habilitacion-para-la-nueva-terminal-publica-de-contenedores-en-santa-cruz-de-tenerife\/\" aria-label=\"Read more about Proyecto de habilitaci\u00f3n para la nueva terminal p\u00fablica de contenedores en Santa Cruz de Tenerife\" tabindex=\"-1\" >\n\t\t\tREAD MORE \u00bb\t\t<\/a>\n\n\t\t\t\t<\/div>\n\t\t\t\t<\/article>\n\t\t\t\t<article class=\"elementor-post elementor-grid-item post-45849 post type-post status-publish format-standard has-post-thumbnail hentry category-agua tag-reino_unido\" role=\"listitem\">\n\t\t\t\t<a class=\"elementor-post__thumbnail__link\" href=\"https:\/\/www.proes.es\/en\/diseno-de-la-red-de-drenaje-del-colegio-matthews-green-en-wokingham-reino-unido-2\/\" tabindex=\"-1\" >\n\t\t\t<div class=\"elementor-post__thumbnail\"><img loading=\"lazy\" decoding=\"async\" width=\"300\" height=\"216\" src=\"https:\/\/www.proes.es\/wp-content\/uploads\/2021\/02\/colegio-MATTHEWS-GREEN2-300x216.jpg\" class=\"attachment-medium size-medium wp-image-30187\" alt=\"\" srcset=\"https:\/\/www.proes.es\/wp-content\/uploads\/2021\/02\/colegio-MATTHEWS-GREEN2-300x216.jpg 300w, https:\/\/www.proes.es\/wp-content\/uploads\/2021\/02\/colegio-MATTHEWS-GREEN2-1024x739.jpg 1024w, https:\/\/www.proes.es\/wp-content\/uploads\/2021\/02\/colegio-MATTHEWS-GREEN2-768x554.jpg 768w, https:\/\/www.proes.es\/wp-content\/uploads\/2021\/02\/colegio-MATTHEWS-GREEN2-1536x1108.jpg 1536w, https:\/\/www.proes.es\/wp-content\/uploads\/2021\/02\/colegio-MATTHEWS-GREEN2-2048x1477.jpg 2048w\" sizes=\"(max-width: 300px) 100vw, 300px\" \/><\/div>\n\t\t<\/a>\n\t\t\t\t<div class=\"elementor-post__text\">\n\t\t\t\t<h3 class=\"elementor-post__title\">\n\t\t\t<a href=\"https:\/\/www.proes.es\/en\/diseno-de-la-red-de-drenaje-del-colegio-matthews-green-en-wokingham-reino-unido-2\/\" >\n\t\t\t\tDrainage network design for Matthew's Green School in Wokingham, UK.\t\t\t<\/a>\n\t\t<\/h3>\n\t\t\t\t<div class=\"elementor-post__meta-data\">\n\t\t\t\t\t<span class=\"elementor-post-date\">\n\t\t\t8 de February de 2024\t\t<\/span>\n\t\t\t\t<span class=\"elementor-post-avatar\">\n\t\t\tNo Comments\t\t<\/span>\n\t\t\t\t<\/div>\n\t\t\t\t<div class=\"elementor-post__excerpt\">\n\t\t\t<p>50 years return period for the study The analysis of the stormwater drainage network has been carried out by<\/p>\n\t\t<\/div>\n\t\t\n\t\t<a class=\"elementor-post__read-more\" href=\"https:\/\/www.proes.es\/en\/diseno-de-la-red-de-drenaje-del-colegio-matthews-green-en-wokingham-reino-unido-2\/\" aria-label=\"Read more about Dise\u00f1o de la red de drenaje del colegio Matthew&#8217;s Green en Wokingham, Reino Unido\" tabindex=\"-1\" >\n\t\t\tREAD MORE \u00bb\t\t<\/a>\n\n\t\t\t\t<\/div>\n\t\t\t\t<\/article>\n\t\t\t\t<article class=\"elementor-post elementor-grid-item post-45842 post type-post status-publish format-standard has-post-thumbnail hentry category-diseno-de-infraestructuras-maritimas tag-reino_unido\" role=\"listitem\">\n\t\t\t\t<a class=\"elementor-post__thumbnail__link\" href=\"https:\/\/www.proes.es\/en\/estudio-de-viabilidad-de-una-terminal-de-gnl-offshore-en-morecambe-bay-reino-unido-2\/\" tabindex=\"-1\" >\n\t\t\t<div class=\"elementor-post__thumbnail\"><img loading=\"lazy\" decoding=\"async\" width=\"300\" height=\"212\" src=\"https:\/\/www.proes.es\/wp-content\/uploads\/2021\/02\/Morecambe-Bay-Central-Platform-300x212.jpg\" class=\"attachment-medium size-medium wp-image-30165\" alt=\"\" srcset=\"https:\/\/www.proes.es\/wp-content\/uploads\/2021\/02\/Morecambe-Bay-Central-Platform-300x212.jpg 300w, https:\/\/www.proes.es\/wp-content\/uploads\/2021\/02\/Morecambe-Bay-Central-Platform-1024x724.jpg 1024w, https:\/\/www.proes.es\/wp-content\/uploads\/2021\/02\/Morecambe-Bay-Central-Platform-768x543.jpg 768w, https:\/\/www.proes.es\/wp-content\/uploads\/2021\/02\/Morecambe-Bay-Central-Platform-1536x1086.jpg 1536w, https:\/\/www.proes.es\/wp-content\/uploads\/2021\/02\/Morecambe-Bay-Central-Platform-2048x1448.jpg 2048w\" sizes=\"(max-width: 300px) 100vw, 300px\" \/><\/div>\n\t\t<\/a>\n\t\t\t\t<div class=\"elementor-post__text\">\n\t\t\t\t<h3 class=\"elementor-post__title\">\n\t\t\t<a href=\"https:\/\/www.proes.es\/en\/estudio-de-viabilidad-de-una-terminal-de-gnl-offshore-en-morecambe-bay-reino-unido-2\/\" >\n\t\t\t\tFeasibility study for an offshore LNG terminal in Morecambe Bay, UK\t\t\t<\/a>\n\t\t<\/h3>\n\t\t\t\t<div class=\"elementor-post__meta-data\">\n\t\t\t\t\t<span class=\"elementor-post-date\">\n\t\t\t8 de February de 2024\t\t<\/span>\n\t\t\t\t<span class=\"elementor-post-avatar\">\n\t\t\tNo Comments\t\t<\/span>\n\t\t\t\t<\/div>\n\t\t\t\t<div class=\"elementor-post__excerpt\">\n\t\t\t<p>Se trata de un estudio de viabilidad para una terminal mar\u00edtima de regasificaci\u00f3n de GNL en Morecambe Bay. El objetivo principal ha sido la confirmaci\u00f3n<\/p>\n\t\t<\/div>\n\t\t\n\t\t<a class=\"elementor-post__read-more\" href=\"https:\/\/www.proes.es\/en\/estudio-de-viabilidad-de-una-terminal-de-gnl-offshore-en-morecambe-bay-reino-unido-2\/\" aria-label=\"Read more about Estudio de viabilidad de una terminal de GNL offshore en Morecambe Bay, Reino Unido\" tabindex=\"-1\" >\n\t\t\tREAD MORE \u00bb\t\t<\/a>\n\n\t\t\t\t<\/div>\n\t\t\t\t<\/article>\n\t\t\t\t<article class=\"elementor-post elementor-grid-item post-45836 post type-post status-publish format-standard has-post-thumbnail hentry category-agua tag-peru\" role=\"listitem\">\n\t\t\t\t<a class=\"elementor-post__thumbnail__link\" href=\"https:\/\/www.proes.es\/en\/ingenieria-basica-y-de-detalle-de-los-sistemas-de-captacion-de-la-nueva-refineria-de-talara-peru-2\/\" tabindex=\"-1\" >\n\t\t\t<div class=\"elementor-post__thumbnail\"><img loading=\"lazy\" decoding=\"async\" width=\"300\" height=\"169\" src=\"https:\/\/www.proes.es\/wp-content\/uploads\/2021\/02\/talara-refineria-300x169.jpg\" class=\"attachment-medium size-medium wp-image-30220\" alt=\"\" srcset=\"https:\/\/www.proes.es\/wp-content\/uploads\/2021\/02\/talara-refineria-300x169.jpg 300w, https:\/\/www.proes.es\/wp-content\/uploads\/2021\/02\/talara-refineria-1024x576.jpg 1024w, https:\/\/www.proes.es\/wp-content\/uploads\/2021\/02\/talara-refineria-768x432.jpg 768w, https:\/\/www.proes.es\/wp-content\/uploads\/2021\/02\/talara-refineria-1536x864.jpg 1536w, https:\/\/www.proes.es\/wp-content\/uploads\/2021\/02\/talara-refineria.jpg 1800w\" sizes=\"(max-width: 300px) 100vw, 300px\" \/><\/div>\n\t\t<\/a>\n\t\t\t\t<div class=\"elementor-post__text\">\n\t\t\t\t<h3 class=\"elementor-post__title\">\n\t\t\t<a href=\"https:\/\/www.proes.es\/en\/ingenieria-basica-y-de-detalle-de-los-sistemas-de-captacion-de-la-nueva-refineria-de-talara-peru-2\/\" >\n\t\t\t\tBasic and detailed engineering of the intake systems for the new Talara refinery, Peru\t\t\t<\/a>\n\t\t<\/h3>\n\t\t\t\t<div class=\"elementor-post__meta-data\">\n\t\t\t\t\t<span class=\"elementor-post-date\">\n\t\t\t8 de February de 2024\t\t<\/span>\n\t\t\t\t<span class=\"elementor-post-avatar\">\n\t\t\tNo Comments\t\t<\/span>\n\t\t\t\t<\/div>\n\t\t\t\t<div class=\"elementor-post__excerpt\">\n\t\t\t<p>\u00a049.000 m3\/h caudal total\u00a0 Petroper\u00fa, S.A. acomete el proyecto de ampliaci\u00f3n y modernizaci\u00f3n de la refiner\u00eda de Talara, y Proes desarrolla la ingenier\u00eda b\u00e1sica y<\/p>\n\t\t<\/div>\n\t\t\n\t\t<a class=\"elementor-post__read-more\" href=\"https:\/\/www.proes.es\/en\/ingenieria-basica-y-de-detalle-de-los-sistemas-de-captacion-de-la-nueva-refineria-de-talara-peru-2\/\" aria-label=\"Read more about Ingenier\u00eda b\u00e1sica y de detalle de los sistemas de captaci\u00f3n de la nueva refiner\u00eda de Talara, Per\u00fa\" tabindex=\"-1\" >\n\t\t\tREAD MORE \u00bb\t\t<\/a>\n\n\t\t\t\t<\/div>\n\t\t\t\t<\/article>\n\t\t\t\t<article class=\"elementor-post elementor-grid-item post-45829 post type-post status-publish format-standard has-post-thumbnail hentry category-diseno-de-infraestructuras-maritimas tag-peru\" role=\"listitem\">\n\t\t\t\t<a class=\"elementor-post__thumbnail__link\" href=\"https:\/\/www.proes.es\/en\/servicios-de-ingenieria-para-la-nueva-terminal-maritima-de-ilo-peru-2\/\" tabindex=\"-1\" >\n\t\t\t<div class=\"elementor-post__thumbnail\"><img loading=\"lazy\" decoding=\"async\" width=\"300\" height=\"182\" src=\"https:\/\/www.proes.es\/wp-content\/uploads\/2021\/02\/Terminal-Portuario-de-Ilo-300x182.jpg\" class=\"attachment-medium size-medium wp-image-30175\" alt=\"\" srcset=\"https:\/\/www.proes.es\/wp-content\/uploads\/2021\/02\/Terminal-Portuario-de-Ilo-300x182.jpg 300w, https:\/\/www.proes.es\/wp-content\/uploads\/2021\/02\/Terminal-Portuario-de-Ilo-1024x621.jpg 1024w, https:\/\/www.proes.es\/wp-content\/uploads\/2021\/02\/Terminal-Portuario-de-Ilo-768x466.jpg 768w, https:\/\/www.proes.es\/wp-content\/uploads\/2021\/02\/Terminal-Portuario-de-Ilo-1536x932.jpg 1536w, https:\/\/www.proes.es\/wp-content\/uploads\/2021\/02\/Terminal-Portuario-de-Ilo.jpg 2000w\" sizes=\"(max-width: 300px) 100vw, 300px\" \/><\/div>\n\t\t<\/a>\n\t\t\t\t<div class=\"elementor-post__text\">\n\t\t\t\t<h3 class=\"elementor-post__title\">\n\t\t\t<a href=\"https:\/\/www.proes.es\/en\/servicios-de-ingenieria-para-la-nueva-terminal-maritima-de-ilo-peru-2\/\" >\n\t\t\t\tEngineering services for the new maritime terminal at Ilo, Peru\t\t\t<\/a>\n\t\t<\/h3>\n\t\t\t\t<div class=\"elementor-post__meta-data\">\n\t\t\t\t\t<span class=\"elementor-post-date\">\n\t\t\t8 de February de 2024\t\t<\/span>\n\t\t\t\t<span class=\"elementor-post-avatar\">\n\t\t\tNo Comments\t\t<\/span>\n\t\t\t\t<\/div>\n\t\t\t\t<div class=\"elementor-post__excerpt\">\n\t\t\t<p>1.000.000 t capacidad\u00a0 30.000 Teu anuales Petr\u00f3leos del Per\u00fa, Petroper\u00fa, S.A., est\u00e1 desarrollando una nueva terminal para embarque, descarga y distribuci\u00f3n de productos petrol\u00edferos con<\/p>\n\t\t<\/div>\n\t\t\n\t\t<a class=\"elementor-post__read-more\" href=\"https:\/\/www.proes.es\/en\/servicios-de-ingenieria-para-la-nueva-terminal-maritima-de-ilo-peru-2\/\" aria-label=\"Read more about Servicios de ingenier\u00eda para la nueva terminal mar\u00edtima de Ilo, Per\u00fa\" tabindex=\"-1\" >\n\t\t\tREAD MORE \u00bb\t\t<\/a>\n\n\t\t\t\t<\/div>\n\t\t\t\t<\/article>\n\t\t\t\t<\/div>\n\t\t\n\t\t\t\t<div class=\"e-load-more-anchor\" data-page=\"1\" data-max-page=\"4\" data-next-page=\"https:\/\/www.proes.es\/en\/wp-json\/wp\/v2\/pages\/36205\/page\/2\/\"><\/div>\n\t\t\t\t<nav class=\"elementor-pagination\" aria-label=\"Pagination\">\n\t\t\t<span aria-current=\"page\" class=\"page-numbers current\"><span class=\"elementor-screen-only\">Page<\/span>1<\/span>\n<a class=\"page-numbers\" href=\"https:\/\/www.proes.es\/en\/wp-json\/wp\/v2\/pages\/36205\/page\/2\/\"><span class=\"elementor-screen-only\">Page<\/span>2<\/a>\n<a class=\"page-numbers\" href=\"https:\/\/www.proes.es\/en\/wp-json\/wp\/v2\/pages\/36205\/page\/3\/\"><span class=\"elementor-screen-only\">Page<\/span>3<\/a>\n<a class=\"page-numbers\" href=\"https:\/\/www.proes.es\/en\/wp-json\/wp\/v2\/pages\/36205\/page\/4\/\"><span class=\"elementor-screen-only\">Page<\/span>4<\/a>\t\t<\/nav>\n\t\t\t\t\t\t<\/div>\n\t\t\t\t<\/div>\n\t\t\t\t\t<\/div>\n\t\t\t\t<\/div>\n\t\t\t\t<\/div>","protected":false},"excerpt":{"rendered":"","protected":false},"author":14,"featured_media":0,"parent":0,"menu_order":0,"comment_status":"closed","ping_status":"closed","template":"","meta":{"footnotes":""},"class_list":["post-36205","page","type-page","status-publish","hentry"],"yoast_head":"<!-- This site is optimized with the Yoast SEO plugin v26.8 - https:\/\/yoast.com\/product\/yoast-seo-wordpress\/ -->\n<title>Todos los proyectos - Proes<\/title>\n<meta name=\"robots\" content=\"index, follow, max-snippet:-1, max-image-preview:large, max-video-preview:-1\" \/>\n<link rel=\"canonical\" href=\"https:\/\/www.proes.es\/en\/todas-los-proyectos\/\" \/>\n<meta property=\"og:locale\" content=\"en_GB\" \/>\n<meta property=\"og:type\" content=\"article\" \/>\n<meta property=\"og:title\" content=\"Todos los proyectos - Proes\" \/>\n<meta property=\"og:url\" content=\"https:\/\/www.proes.es\/en\/todas-los-proyectos\/\" \/>\n<meta property=\"og:site_name\" content=\"Proes\" \/>\n<meta property=\"article:modified_time\" content=\"2023-08-03T12:19:42+00:00\" \/>\n<meta name=\"twitter:card\" content=\"summary_large_image\" \/>\n<script type=\"application\/ld+json\" class=\"yoast-schema-graph\">{\"@context\":\"https:\/\/schema.org\",\"@graph\":[{\"@type\":\"WebPage\",\"@id\":\"https:\/\/www.proes.es\/todas-los-proyectos\/\",\"url\":\"https:\/\/www.proes.es\/todas-los-proyectos\/\",\"name\":\"Todos los proyectos - Proes\",\"isPartOf\":{\"@id\":\"https:\/\/p28223.grupoamper.com\/en\/#website\"},\"datePublished\":\"2023-07-13T09:58:10+00:00\",\"dateModified\":\"2023-08-03T12:19:42+00:00\",\"breadcrumb\":{\"@id\":\"https:\/\/www.proes.es\/todas-los-proyectos\/#breadcrumb\"},\"inLanguage\":\"en-GB\",\"potentialAction\":[{\"@type\":\"ReadAction\",\"target\":[\"https:\/\/www.proes.es\/todas-los-proyectos\/\"]}]},{\"@type\":\"BreadcrumbList\",\"@id\":\"https:\/\/www.proes.es\/todas-los-proyectos\/#breadcrumb\",\"itemListElement\":[{\"@type\":\"ListItem\",\"position\":1,\"name\":\"Portada\",\"item\":\"https:\/\/p28223.grupoamper.com\/en\/\"},{\"@type\":\"ListItem\",\"position\":2,\"name\":\"Todos los proyectos\"}]},{\"@type\":\"WebSite\",\"@id\":\"https:\/\/p28223.grupoamper.com\/en\/#website\",\"url\":\"https:\/\/p28223.grupoamper.com\/en\/\",\"name\":\"Proes\",\"description\":\"\",\"publisher\":{\"@id\":\"https:\/\/p28223.grupoamper.com\/en\/#organization\"},\"potentialAction\":[{\"@type\":\"SearchAction\",\"target\":{\"@type\":\"EntryPoint\",\"urlTemplate\":\"https:\/\/p28223.grupoamper.com\/en\/?s={search_term_string}\"},\"query-input\":{\"@type\":\"PropertyValueSpecification\",\"valueRequired\":true,\"valueName\":\"search_term_string\"}}],\"inLanguage\":\"en-GB\"},{\"@type\":\"Organization\",\"@id\":\"https:\/\/p28223.grupoamper.com\/en\/#organization\",\"name\":\"Proes\",\"url\":\"https:\/\/p28223.grupoamper.com\/en\/\",\"logo\":{\"@type\":\"ImageObject\",\"inLanguage\":\"en-GB\",\"@id\":\"https:\/\/p28223.grupoamper.com\/en\/#\/schema\/logo\/image\/\",\"url\":\"https:\/\/www.proes.es\/wp-content\/uploads\/2023\/05\/Logo-Proes.png\",\"contentUrl\":\"https:\/\/www.proes.es\/wp-content\/uploads\/2023\/05\/Logo-Proes.png\",\"width\":520,\"height\":140,\"caption\":\"Proes\"},\"image\":{\"@id\":\"https:\/\/p28223.grupoamper.com\/en\/#\/schema\/logo\/image\/\"}}]}<\/script>\n<!-- \/ Yoast SEO plugin. -->","yoast_head_json":{"title":"Todos los proyectos - Proes","robots":{"index":"index","follow":"follow","max-snippet":"max-snippet:-1","max-image-preview":"max-image-preview:large","max-video-preview":"max-video-preview:-1"},"canonical":"https:\/\/www.proes.es\/en\/todas-los-proyectos\/","og_locale":"en_GB","og_type":"article","og_title":"Todos los proyectos - Proes","og_url":"https:\/\/www.proes.es\/en\/todas-los-proyectos\/","og_site_name":"Proes","article_modified_time":"2023-08-03T12:19:42+00:00","twitter_card":"summary_large_image","schema":{"@context":"https:\/\/schema.org","@graph":[{"@type":"WebPage","@id":"https:\/\/www.proes.es\/todas-los-proyectos\/","url":"https:\/\/www.proes.es\/todas-los-proyectos\/","name":"Todos los proyectos - Proes","isPartOf":{"@id":"https:\/\/p28223.grupoamper.com\/en\/#website"},"datePublished":"2023-07-13T09:58:10+00:00","dateModified":"2023-08-03T12:19:42+00:00","breadcrumb":{"@id":"https:\/\/www.proes.es\/todas-los-proyectos\/#breadcrumb"},"inLanguage":"en-GB","potentialAction":[{"@type":"ReadAction","target":["https:\/\/www.proes.es\/todas-los-proyectos\/"]}]},{"@type":"BreadcrumbList","@id":"https:\/\/www.proes.es\/todas-los-proyectos\/#breadcrumb","itemListElement":[{"@type":"ListItem","position":1,"name":"Portada","item":"https:\/\/p28223.grupoamper.com\/en\/"},{"@type":"ListItem","position":2,"name":"Todos los proyectos"}]},{"@type":"WebSite","@id":"https:\/\/p28223.grupoamper.com\/en\/#website","url":"https:\/\/p28223.grupoamper.com\/en\/","name":"Proes,","description":"","publisher":{"@id":"https:\/\/p28223.grupoamper.com\/en\/#organization"},"potentialAction":[{"@type":"SearchAction","target":{"@type":"EntryPoint","urlTemplate":"https:\/\/p28223.grupoamper.com\/en\/?s={search_term_string}"},"query-input":{"@type":"PropertyValueSpecification","valueRequired":true,"valueName":"search_term_string"}}],"inLanguage":"en-GB"},{"@type":"Organization","@id":"https:\/\/p28223.grupoamper.com\/en\/#organization","name":"Proes,","url":"https:\/\/p28223.grupoamper.com\/en\/","logo":{"@type":"ImageObject","inLanguage":"en-GB","@id":"https:\/\/p28223.grupoamper.com\/en\/#\/schema\/logo\/image\/","url":"https:\/\/www.proes.es\/wp-content\/uploads\/2023\/05\/Logo-Proes.png","contentUrl":"https:\/\/www.proes.es\/wp-content\/uploads\/2023\/05\/Logo-Proes.png","width":520,"height":140,"caption":"Proes"},"image":{"@id":"https:\/\/p28223.grupoamper.com\/en\/#\/schema\/logo\/image\/"}}]}},"_links":{"self":[{"href":"https:\/\/www.proes.es\/en\/wp-json\/wp\/v2\/pages\/36205","targetHints":{"allow":["GET"]}}],"collection":[{"href":"https:\/\/www.proes.es\/en\/wp-json\/wp\/v2\/pages"}],"about":[{"href":"https:\/\/www.proes.es\/en\/wp-json\/wp\/v2\/types\/page"}],"author":[{"embeddable":true,"href":"https:\/\/www.proes.es\/en\/wp-json\/wp\/v2\/users\/14"}],"replies":[{"embeddable":true,"href":"https:\/\/www.proes.es\/en\/wp-json\/wp\/v2\/comments?post=36205"}],"version-history":[{"count":5,"href":"https:\/\/www.proes.es\/en\/wp-json\/wp\/v2\/pages\/36205\/revisions"}],"predecessor-version":[{"id":38498,"href":"https:\/\/www.proes.es\/en\/wp-json\/wp\/v2\/pages\/36205\/revisions\/38498"}],"wp:attachment":[{"href":"https:\/\/www.proes.es\/en\/wp-json\/wp\/v2\/media?parent=36205"}],"curies":[{"name":"wp","href":"https:\/\/api.w.org\/{rel}","templated":true}]}}