{"id":36620,"date":"2023-07-19T12:52:11","date_gmt":"2023-07-19T10:52:11","guid":{"rendered":"https:\/\/www.proes.es\/?page_id=36620"},"modified":"2026-04-13T14:09:57","modified_gmt":"2026-04-13T12:09:57","slug":"politica-de-privacidad","status":"publish","type":"page","link":"https:\/\/www.proes.es\/en\/politica-de-privacidad\/","title":{"rendered":"Privacy Policy"},"content":{"rendered":"<div data-elementor-type=\"wp-page\" data-elementor-id=\"36620\" class=\"elementor elementor-36620\" data-elementor-post-type=\"page\">\n\t\t\t\t\t\t<section class=\"elementor-section elementor-top-section elementor-element elementor-element-e5ae658 elementor-section-full_width elementor-section-stretched elementor-section-height-default elementor-section-height-default\" data-id=\"e5ae658\" data-element_type=\"section\" data-settings=\"{&quot;stretch_section&quot;:&quot;section-stretched&quot;}\">\n\t\t\t\t\t\t<div class=\"elementor-container elementor-column-gap-default\">\n\t\t\t\t\t<div class=\"elementor-column elementor-col-100 elementor-top-column elementor-element elementor-element-35ff998\" data-id=\"35ff998\" data-element_type=\"column\">\n\t\t\t<div class=\"elementor-widget-wrap elementor-element-populated\">\n\t\t\t\t<div class=\"elementor-element elementor-element-2fe77a3 e-flex e-con-boxed e-con e-parent\" data-id=\"2fe77a3\" data-element_type=\"container\">\n\t\t\t\t\t<div class=\"e-con-inner\">\n\t\t\t\t<div class=\"elementor-element elementor-element-9af4fe9 elementor-widget elementor-widget-text-editor\" data-id=\"9af4fe9\" data-element_type=\"widget\" data-widget_type=\"text-editor.default\">\n\t\t\t\t<div class=\"elementor-widget-container\">\n\t\t\t\t\t\t\t\t\t<p style=\"text-align: left;\">\u00a0 \u00a0 \u00a0 \u00a0 \u00a0 Privacy policy<\/p>\t\t\t\t\t\t\t\t<\/div>\n\t\t\t\t<\/div>\n\t\t\t\t\t<\/div>\n\t\t\t\t<\/div>\n\t\t\t\t\t<\/div>\n\t\t<\/div>\n\t\t\t\t\t<\/div>\n\t\t<\/section>\n\t\t<div class=\"elementor-element elementor-element-8212fd8 e-flex e-con-boxed e-con e-parent\" data-id=\"8212fd8\" data-element_type=\"container\">\n\t\t\t\t\t<div class=\"e-con-inner\">\n\t\t\t\t<div class=\"elementor-element elementor-element-51cf260 elementor-widget elementor-widget-spacer\" data-id=\"51cf260\" data-element_type=\"widget\" data-widget_type=\"spacer.default\">\n\t\t\t\t<div class=\"elementor-widget-container\">\n\t\t\t\t\t\t\t<div class=\"elementor-spacer\">\n\t\t\t<div class=\"elementor-spacer-inner\"><\/div>\n\t\t<\/div>\n\t\t\t\t\t\t<\/div>\n\t\t\t\t<\/div>\n\t\t\t\t\t<\/div>\n\t\t\t\t<\/div>\n\t\t<div class=\"elementor-element elementor-element-8131c59 e-flex e-con-boxed e-con e-parent\" data-id=\"8131c59\" data-element_type=\"container\">\n\t\t\t\t\t<div class=\"e-con-inner\">\n\t\t\t\t<div class=\"elementor-element elementor-element-e2bdbe0 elementor-widget elementor-widget-heading\" data-id=\"e2bdbe0\" data-element_type=\"widget\" data-widget_type=\"heading.default\">\n\t\t\t\t<div class=\"elementor-widget-container\">\n\t\t\t\t\t<h4 class=\"elementor-heading-title elementor-size-default\">Information concerning the protection of personal data<\/h4>\t\t\t\t<\/div>\n\t\t\t\t<\/div>\n\t\t\t\t<div class=\"elementor-element elementor-element-e20613b elementor-widget elementor-widget-text-editor\" data-id=\"e20613b\" data-element_type=\"widget\" data-widget_type=\"text-editor.default\">\n\t\t\t\t<div class=\"elementor-widget-container\">\n\t\t\t\t\t\t\t\t\t<p><span style=\"text-align: var(--text-align); background-color: var( --e-global-color-88e16c3 ); color: var(--total-body-color, #444); font-size: var(--total-body-size, 17px); font-style: var(--total-body-style, normal); font-weight: var(--total-body-weight, 400); letter-spacing: var(--total-body-letter-spacing, 0); text-transform: var(--total-body-text-transform, none);\">In the Amper Group we consider the privacy of individuals to be an essential element for the correct exercise of our commercial and business activity, and for this reason we have developed this Privacy Policy applicable to all the companies and websites of the Amper Group and which includes the requirements of the General Data Protection Regulation (Regulation 2016\/679 of 27 April) and the Organic Law on Data Protection and Digital Rights, 3\/2018 of 5 December.<\/span><\/p>\t\t\t\t\t\t\t\t<\/div>\n\t\t\t\t<\/div>\n\t\t\t\t\t<\/div>\n\t\t\t\t<\/div>\n\t\t<div class=\"elementor-element elementor-element-db25e6f e-flex e-con-boxed e-con e-parent\" data-id=\"db25e6f\" data-element_type=\"container\">\n\t\t\t\t\t<div class=\"e-con-inner\">\n\t\t\t\t<div class=\"elementor-element elementor-element-6099f1f elementor-widget elementor-widget-spacer\" data-id=\"6099f1f\" data-element_type=\"widget\" data-widget_type=\"spacer.default\">\n\t\t\t\t<div class=\"elementor-widget-container\">\n\t\t\t\t\t\t\t<div class=\"elementor-spacer\">\n\t\t\t<div class=\"elementor-spacer-inner\"><\/div>\n\t\t<\/div>\n\t\t\t\t\t\t<\/div>\n\t\t\t\t<\/div>\n\t\t\t\t\t<\/div>\n\t\t\t\t<\/div>\n\t\t<div class=\"elementor-element elementor-element-bd44b62 e-flex e-con-boxed e-con e-parent\" data-id=\"bd44b62\" data-element_type=\"container\">\n\t\t\t\t\t<div class=\"e-con-inner\">\n\t\t\t\t<div class=\"elementor-element elementor-element-197c798 elementor-widget elementor-widget-heading\" data-id=\"197c798\" data-element_type=\"widget\" data-widget_type=\"heading.default\">\n\t\t\t\t<div class=\"elementor-widget-container\">\n\t\t\t\t\t<h4 class=\"elementor-heading-title elementor-size-default\">1. Identity of data controller<\/h4>\t\t\t\t<\/div>\n\t\t\t\t<\/div>\n\t\t\t\t\t<\/div>\n\t\t\t\t<\/div>\n\t\t<div class=\"elementor-element elementor-element-d1d82e1 e-flex e-con-boxed e-con e-parent\" data-id=\"d1d82e1\" data-element_type=\"container\">\n\t\t\t\t\t<div class=\"e-con-inner\">\n\t\t\t\t<div class=\"elementor-element elementor-element-1e63352 elementor-widget elementor-widget-spacer\" data-id=\"1e63352\" data-element_type=\"widget\" data-widget_type=\"spacer.default\">\n\t\t\t\t<div class=\"elementor-widget-container\">\n\t\t\t\t\t\t\t<div class=\"elementor-spacer\">\n\t\t\t<div class=\"elementor-spacer-inner\"><\/div>\n\t\t<\/div>\n\t\t\t\t\t\t<\/div>\n\t\t\t\t<\/div>\n\t\t\t\t<div class=\"elementor-element elementor-element-1704e78 elementor-widget elementor-widget-text-editor\" data-id=\"1704e78\" data-element_type=\"widget\" data-widget_type=\"text-editor.default\">\n\t\t\t\t<div class=\"elementor-widget-container\">\n\t\t\t\t\t\t\t\t\t<p>The final Data Controller is PROES CONSULTORES, S.A. with CIF A-28261196 and located at calle Virgilio, 2, edificio 4, 28223 Pozuelo de Alarc\u00f3n, Madrid. You may contact us by writing to protecciondedatos@grupoamper.com. <u>protecciondedatos@grupoamper.com.<\/u><\/p>\t\t\t\t\t\t\t\t<\/div>\n\t\t\t\t<\/div>\n\t\t\t\t\t<\/div>\n\t\t\t\t<\/div>\n\t\t<div class=\"elementor-element elementor-element-4c15d89 e-flex e-con-boxed e-con e-parent\" data-id=\"4c15d89\" data-element_type=\"container\">\n\t\t\t\t\t<div class=\"e-con-inner\">\n\t\t\t\t<div class=\"elementor-element elementor-element-e38ffa3 elementor-widget elementor-widget-heading\" data-id=\"e38ffa3\" data-element_type=\"widget\" data-widget_type=\"heading.default\">\n\t\t\t\t<div class=\"elementor-widget-container\">\n\t\t\t\t\t<h4 class=\"elementor-heading-title elementor-size-default\">2. What personal data do we collect<\/h4>\t\t\t\t<\/div>\n\t\t\t\t<\/div>\n\t\t\t\t<div class=\"elementor-element elementor-element-a294498 elementor-widget elementor-widget-spacer\" data-id=\"a294498\" data-element_type=\"widget\" data-widget_type=\"spacer.default\">\n\t\t\t\t<div class=\"elementor-widget-container\">\n\t\t\t\t\t\t\t<div class=\"elementor-spacer\">\n\t\t\t<div class=\"elementor-spacer-inner\"><\/div>\n\t\t<\/div>\n\t\t\t\t\t\t<\/div>\n\t\t\t\t<\/div>\n\t\t\t\t\t<\/div>\n\t\t\t\t<\/div>\n\t\t<div class=\"elementor-element elementor-element-3f3988d e-flex e-con-boxed e-con e-parent\" data-id=\"3f3988d\" data-element_type=\"container\">\n\t\t\t\t\t<div class=\"e-con-inner\">\n\t\t\t\t<div class=\"elementor-element elementor-element-bdb03ef elementor-widget elementor-widget-text-editor\" data-id=\"bdb03ef\" data-element_type=\"widget\" data-widget_type=\"text-editor.default\">\n\t\t\t\t<div class=\"elementor-widget-container\">\n\t\t\t\t\t\t\t\t\t<p>Most often personal data we collect we can manage on our web are: name, surnames, phone number, email, IP address and cookies.<\/p>\t\t\t\t\t\t\t\t<\/div>\n\t\t\t\t<\/div>\n\t\t\t\t\t<\/div>\n\t\t\t\t<\/div>\n\t\t<div class=\"elementor-element elementor-element-09251bc e-flex e-con-boxed e-con e-parent\" data-id=\"09251bc\" data-element_type=\"container\">\n\t\t\t\t\t<div class=\"e-con-inner\">\n\t\t\t\t<div class=\"elementor-element elementor-element-8106260 elementor-widget elementor-widget-spacer\" data-id=\"8106260\" data-element_type=\"widget\" data-widget_type=\"spacer.default\">\n\t\t\t\t<div class=\"elementor-widget-container\">\n\t\t\t\t\t\t\t<div class=\"elementor-spacer\">\n\t\t\t<div class=\"elementor-spacer-inner\"><\/div>\n\t\t<\/div>\n\t\t\t\t\t\t<\/div>\n\t\t\t\t<\/div>\n\t\t\t\t\t<\/div>\n\t\t\t\t<\/div>\n\t\t<div class=\"elementor-element elementor-element-edcbc78 e-flex e-con-boxed e-con e-parent\" data-id=\"edcbc78\" data-element_type=\"container\">\n\t\t\t\t\t<div class=\"e-con-inner\">\n\t\t\t\t<div class=\"elementor-element elementor-element-f9b87ce elementor-widget elementor-widget-heading\" data-id=\"f9b87ce\" data-element_type=\"widget\" data-widget_type=\"heading.default\">\n\t\t\t\t<div class=\"elementor-widget-container\">\n\t\t\t\t\t<h4 class=\"elementor-heading-title elementor-size-default\">3. Purpose, legal basis processing and storage period<\/h4>\t\t\t\t<\/div>\n\t\t\t\t<\/div>\n\t\t\t\t\t<\/div>\n\t\t\t\t<\/div>\n\t\t<div class=\"elementor-element elementor-element-aa27c98 e-flex e-con-boxed e-con e-parent\" data-id=\"aa27c98\" data-element_type=\"container\">\n\t\t\t\t\t<div class=\"e-con-inner\">\n\t\t\t\t<div class=\"elementor-element elementor-element-481ebe3 elementor-widget elementor-widget-spacer\" data-id=\"481ebe3\" data-element_type=\"widget\" data-widget_type=\"spacer.default\">\n\t\t\t\t<div class=\"elementor-widget-container\">\n\t\t\t\t\t\t\t<div class=\"elementor-spacer\">\n\t\t\t<div class=\"elementor-spacer-inner\"><\/div>\n\t\t<\/div>\n\t\t\t\t\t\t<\/div>\n\t\t\t\t<\/div>\n\t\t\t\t<div class=\"elementor-element elementor-element-d68ef2c elementor-widget elementor-widget-text-editor\" data-id=\"d68ef2c\" data-element_type=\"widget\" data-widget_type=\"text-editor.default\">\n\t\t\t\t<div class=\"elementor-widget-container\">\n\t\t\t\t\t\t\t\t\t<p>Las finalidades para las que podemos tratar sus datos personales son:<\/p><ul><li>Answer the questions the interested party may send us:<ul><li>The data will be processed until the issue raised by the data subject is resolved or until consent is withdrawn.<\/li><li>The legal basis is the consent of the data subject.<\/li><\/ul><\/li><\/ul><ul><li>Sending commercial information:<ul><li>Data will be processed until consent is withdrawn.<\/li><li>The legal basis is the consent of the data subject.<\/li><\/ul><\/li><\/ul><ul><li><span style=\"background-color: var( --e-global-color-88e16c3 ); color: var(--total-body-color, #444); font-size: var(--total-body-size, 17px); font-style: var(--total-body-style, normal); font-weight: var(--total-body-weight, 400); letter-spacing: var(--total-body-letter-spacing, 0); text-transform: var(--total-body-text-transform, none);\">Statistical processing:<\/span><ul><li><span style=\"background-color: var( --e-global-color-88e16c3 ); color: var(--total-body-color, #444); font-size: var(--total-body-size, 17px); font-style: var(--total-body-style, normal); font-weight: var(--total-body-weight, 400); letter-spacing: var(--total-body-letter-spacing, 0); text-transform: var(--total-body-text-transform, none);\">The data will be processed in aggregate form. The data will be processed until statistical data is obtained.<\/span><\/li><li>The legal basis is legitimate interest.<\/li><\/ul><\/li><\/ul><ul><li>Website security reasons:<ul><li>The data will be stored for 1 year.<\/li><li>The legal basis is legitimate interest.<\/li><\/ul><\/li><\/ul><ul><li>Marketing tracking through cookies:<ul><li>You can consult the retention periods in our cookies policy.<\/li><li>The legal basis is the consent of the data subject.<\/li><\/ul><\/li><\/ul>\t\t\t\t\t\t\t\t<\/div>\n\t\t\t\t<\/div>\n\t\t\t\t\t<\/div>\n\t\t\t\t<\/div>\n\t\t<div class=\"elementor-element elementor-element-ac0161b e-flex e-con-boxed e-con e-parent\" data-id=\"ac0161b\" data-element_type=\"container\">\n\t\t\t\t\t<div class=\"e-con-inner\">\n\t\t\t\t<div class=\"elementor-element elementor-element-cb20123 elementor-widget elementor-widget-spacer\" data-id=\"cb20123\" data-element_type=\"widget\" data-widget_type=\"spacer.default\">\n\t\t\t\t<div class=\"elementor-widget-container\">\n\t\t\t\t\t\t\t<div class=\"elementor-spacer\">\n\t\t\t<div class=\"elementor-spacer-inner\"><\/div>\n\t\t<\/div>\n\t\t\t\t\t\t<\/div>\n\t\t\t\t<\/div>\n\t\t\t\t\t<\/div>\n\t\t\t\t<\/div>\n\t\t<div class=\"elementor-element elementor-element-5130466 e-flex e-con-boxed e-con e-parent\" data-id=\"5130466\" data-element_type=\"container\">\n\t\t\t\t\t<div class=\"e-con-inner\">\n\t\t\t\t<div class=\"elementor-element elementor-element-a355105 elementor-widget elementor-widget-heading\" data-id=\"a355105\" data-element_type=\"widget\" data-widget_type=\"heading.default\">\n\t\t\t\t<div class=\"elementor-widget-container\">\n\t\t\t\t\t<h4 class=\"elementor-heading-title elementor-size-default\">4. Recipients of your data<\/h4>\t\t\t\t<\/div>\n\t\t\t\t<\/div>\n\t\t\t\t<div class=\"elementor-element elementor-element-2bb7f13 elementor-widget elementor-widget-spacer\" data-id=\"2bb7f13\" data-element_type=\"widget\" data-widget_type=\"spacer.default\">\n\t\t\t\t<div class=\"elementor-widget-container\">\n\t\t\t\t\t\t\t<div class=\"elementor-spacer\">\n\t\t\t<div class=\"elementor-spacer-inner\"><\/div>\n\t\t<\/div>\n\t\t\t\t\t\t<\/div>\n\t\t\t\t<\/div>\n\t\t\t\t\t<\/div>\n\t\t\t\t<\/div>\n\t\t<div class=\"elementor-element elementor-element-b479caa e-flex e-con-boxed e-con e-parent\" data-id=\"b479caa\" data-element_type=\"container\">\n\t\t\t\t\t<div class=\"e-con-inner\">\n\t\t\t\t<div class=\"elementor-element elementor-element-d192360 elementor-widget elementor-widget-text-editor\" data-id=\"d192360\" data-element_type=\"widget\" data-widget_type=\"text-editor.default\">\n\t\t\t\t<div class=\"elementor-widget-container\">\n\t\t\t\t\t\t\t\t\t<p>Your data will not be disclosed to third parties, unless legally obliged to do so. They may only be transferred to other companies in the group for the correct provision of the requested service.<\/p><p>En el caso de los datos personales contenidos en las comunicaciones recibidas en el formulario de denuncias, podr\u00e1n ser comunicados a los Juzgados y Tribunales, Ministerio Fiscal y Fuerzas y Cuerpos de Seguridad del Estado.<\/p>\t\t\t\t\t\t\t\t<\/div>\n\t\t\t\t<\/div>\n\t\t\t\t\t<\/div>\n\t\t\t\t<\/div>\n\t\t<div class=\"elementor-element elementor-element-9cf30ac e-flex e-con-boxed e-con e-parent\" data-id=\"9cf30ac\" data-element_type=\"container\">\n\t\t\t\t\t<div class=\"e-con-inner\">\n\t\t\t\t<div class=\"elementor-element elementor-element-2fbdfb9 elementor-widget elementor-widget-spacer\" data-id=\"2fbdfb9\" data-element_type=\"widget\" data-widget_type=\"spacer.default\">\n\t\t\t\t<div class=\"elementor-widget-container\">\n\t\t\t\t\t\t\t<div class=\"elementor-spacer\">\n\t\t\t<div class=\"elementor-spacer-inner\"><\/div>\n\t\t<\/div>\n\t\t\t\t\t\t<\/div>\n\t\t\t\t<\/div>\n\t\t\t\t\t<\/div>\n\t\t\t\t<\/div>\n\t\t<div class=\"elementor-element elementor-element-0fb7193 e-flex e-con-boxed e-con e-parent\" data-id=\"0fb7193\" data-element_type=\"container\">\n\t\t\t\t\t<div class=\"e-con-inner\">\n\t\t\t\t<div class=\"elementor-element elementor-element-2422d49 elementor-widget elementor-widget-heading\" data-id=\"2422d49\" data-element_type=\"widget\" data-widget_type=\"heading.default\">\n\t\t\t\t<div class=\"elementor-widget-container\">\n\t\t\t\t\t<h4 class=\"elementor-heading-title elementor-size-default\">5. Others<\/h4>\t\t\t\t<\/div>\n\t\t\t\t<\/div>\n\t\t\t\t<div class=\"elementor-element elementor-element-57ba41a elementor-widget elementor-widget-spacer\" data-id=\"57ba41a\" data-element_type=\"widget\" data-widget_type=\"spacer.default\">\n\t\t\t\t<div class=\"elementor-widget-container\">\n\t\t\t\t\t\t\t<div class=\"elementor-spacer\">\n\t\t\t<div class=\"elementor-spacer-inner\"><\/div>\n\t\t<\/div>\n\t\t\t\t\t\t<\/div>\n\t\t\t\t<\/div>\n\t\t\t\t\t<\/div>\n\t\t\t\t<\/div>\n\t\t<div class=\"elementor-element elementor-element-eaf2980 e-flex e-con-boxed e-con e-parent\" data-id=\"eaf2980\" data-element_type=\"container\">\n\t\t\t\t\t<div class=\"e-con-inner\">\n\t\t\t\t<div class=\"elementor-element elementor-element-b3bafbd elementor-widget elementor-widget-text-editor\" data-id=\"b3bafbd\" data-element_type=\"widget\" data-widget_type=\"text-editor.default\">\n\t\t\t\t<div class=\"elementor-widget-container\">\n\t\t\t\t\t\t\t\t\t<p>Proes does not grant any guarantee nor is it responsible, under any circumstances, for damages of any kind that may arise from access to or use of the contents or the website.<\/p><p>Among others, and without being limited to these, Proes is not responsible for the following circumstances:<\/p><ul><li>The lack of availability, maintenance and effective functioning of the website and\/or the contents, excluding, to the maximum extent permitted by current legislation, any liability for damages of any kind that may be due to the lack of availability or continuity of the functioning of the website and the contents provided therein.<\/li><li>Lack of usefulness of the website or its contents for any activity.<\/li><li>Of the content, products and services of other Internet pages to which the links placed on the website may lead directly or indirectly.<\/li><li>The existence of viruses, malicious or harmful programmes in the contents.<\/li><li>The receipt, collection, storage, dissemination or transmission of content by users.<\/li><li>The illicit, negligent, fraudulent use, contrary to the General Conditions of this Legal Notice, to good faith, to generally accepted uses or to public order, of the website or its contents, on the part of the users.<\/li><\/ul><p>Proes shall not be liable for indirect damages, related to or arising from these General Terms and Conditions (including for loss of profits, loss of use, data or other economic benefits) regardless of the cause.<\/p>\t\t\t\t\t\t\t\t<\/div>\n\t\t\t\t<\/div>\n\t\t\t\t<div class=\"elementor-element elementor-element-3ee6949 elementor-widget elementor-widget-spacer\" data-id=\"3ee6949\" data-element_type=\"widget\" data-widget_type=\"spacer.default\">\n\t\t\t\t<div class=\"elementor-widget-container\">\n\t\t\t\t\t\t\t<div class=\"elementor-spacer\">\n\t\t\t<div class=\"elementor-spacer-inner\"><\/div>\n\t\t<\/div>\n\t\t\t\t\t\t<\/div>\n\t\t\t\t<\/div>\n\t\t\t\t\t<\/div>\n\t\t\t\t<\/div>\n\t\t<div class=\"elementor-element elementor-element-09f0951 e-flex e-con-boxed e-con e-parent\" data-id=\"09f0951\" data-element_type=\"container\">\n\t\t\t\t\t<div class=\"e-con-inner\">\n\t\t\t\t<div class=\"elementor-element elementor-element-eee0c1b elementor-widget elementor-widget-heading\" data-id=\"eee0c1b\" data-element_type=\"widget\" data-widget_type=\"heading.default\">\n\t\t\t\t<div class=\"elementor-widget-container\">\n\t\t\t\t\t<h4 class=\"elementor-heading-title elementor-size-default\">6. Rights<\/h4>\t\t\t\t<\/div>\n\t\t\t\t<\/div>\n\t\t\t\t\t<\/div>\n\t\t\t\t<\/div>\n\t\t<div class=\"elementor-element elementor-element-2609133 e-flex e-con-boxed e-con e-parent\" data-id=\"2609133\" data-element_type=\"container\">\n\t\t\t\t\t<div class=\"e-con-inner\">\n\t\t\t\t<div class=\"elementor-element elementor-element-3b33918 elementor-widget elementor-widget-spacer\" data-id=\"3b33918\" data-element_type=\"widget\" data-widget_type=\"spacer.default\">\n\t\t\t\t<div class=\"elementor-widget-container\">\n\t\t\t\t\t\t\t<div class=\"elementor-spacer\">\n\t\t\t<div class=\"elementor-spacer-inner\"><\/div>\n\t\t<\/div>\n\t\t\t\t\t\t<\/div>\n\t\t\t\t<\/div>\n\t\t\t\t<div class=\"elementor-element elementor-element-4095e19 elementor-widget elementor-widget-text-editor\" data-id=\"4095e19\" data-element_type=\"widget\" data-widget_type=\"text-editor.default\">\n\t\t\t\t<div class=\"elementor-widget-container\">\n\t\t\t\t\t\t\t\t\t<p>Individuals who provide us with their data have the following rights in relation to such data:<\/p><ul><li>Right of access<\/li><li>Right to rectification or erasure<\/li><li>Right to limitation of processing<\/li><li>Right to portability<\/li><li>Right of opposition<\/li><\/ul><p>Los usuarios que lo soliciten pueden en cualquier momento revocar su consentimiento y\/o ejercitar sus derechos. Para ello deber\u00e1 identificarse aportando una copia de su DNI, indicar claramente qu\u00e9 derecho quiere ejercer y remitir un correo electr\u00f3nico a la siguiente direcci\u00f3n: <u>protecciondedatos@grupoamper.com.<\/u><\/p><p>In addition, we inform you of the possibility of submitting a complaint to the competent supervisory authority, in this case, the Spanish Data Protection Agency, especially in the event that you have not obtained satisfaction in the exercise of your rights. The necessary information is available at: www.aepd.es.<\/p>\t\t\t\t\t\t\t\t<\/div>\n\t\t\t\t<\/div>\n\t\t\t\t\t<\/div>\n\t\t\t\t<\/div>\n\t\t<div class=\"elementor-element elementor-element-cf6d126 e-flex e-con-boxed e-con e-parent\" data-id=\"cf6d126\" data-element_type=\"container\">\n\t\t\t\t\t<div class=\"e-con-inner\">\n\t\t\t\t<div class=\"elementor-element elementor-element-f445e66 elementor-widget elementor-widget-spacer\" data-id=\"f445e66\" data-element_type=\"widget\" data-widget_type=\"spacer.default\">\n\t\t\t\t<div class=\"elementor-widget-container\">\n\t\t\t\t\t\t\t<div class=\"elementor-spacer\">\n\t\t\t<div class=\"elementor-spacer-inner\"><\/div>\n\t\t<\/div>\n\t\t\t\t\t\t<\/div>\n\t\t\t\t<\/div>\n\t\t\t\t\t<\/div>\n\t\t\t\t<\/div>\n\t\t<div class=\"elementor-element elementor-element-1cd5b07 e-flex e-con-boxed e-con e-parent\" data-id=\"1cd5b07\" data-element_type=\"container\">\n\t\t\t\t\t<div class=\"e-con-inner\">\n\t\t\t\t<div class=\"elementor-element elementor-element-285537d elementor-widget elementor-widget-heading\" data-id=\"285537d\" data-element_type=\"widget\" data-widget_type=\"heading.default\">\n\t\t\t\t<div class=\"elementor-widget-container\">\n\t\t\t\t\t<h4 class=\"elementor-heading-title elementor-size-default\">7. Modification of this Privacy Policy<\/h4>\t\t\t\t<\/div>\n\t\t\t\t<\/div>\n\t\t\t\t\t<\/div>\n\t\t\t\t<\/div>\n\t\t<div class=\"elementor-element elementor-element-65cbbe0 e-flex e-con-boxed e-con e-parent\" data-id=\"65cbbe0\" data-element_type=\"container\">\n\t\t\t\t\t<div class=\"e-con-inner\">\n\t\t\t\t<div class=\"elementor-element elementor-element-3048f9a elementor-widget elementor-widget-spacer\" data-id=\"3048f9a\" data-element_type=\"widget\" data-widget_type=\"spacer.default\">\n\t\t\t\t<div class=\"elementor-widget-container\">\n\t\t\t\t\t\t\t<div class=\"elementor-spacer\">\n\t\t\t<div class=\"elementor-spacer-inner\"><\/div>\n\t\t<\/div>\n\t\t\t\t\t\t<\/div>\n\t\t\t\t<\/div>\n\t\t\t\t<div class=\"elementor-element elementor-element-310db5a elementor-widget elementor-widget-text-editor\" data-id=\"310db5a\" data-element_type=\"widget\" data-widget_type=\"text-editor.default\">\n\t\t\t\t<div class=\"elementor-widget-container\">\n\t\t\t\t\t\t\t\t\t<p>Proes reserves the right to modify this policy to adapt it to future legislative or jurisprudential developments, as well as to industry practices. The user accepts that the modifications or changes made will be binding and will come into force from the date of their publication.<\/p>\t\t\t\t\t\t\t\t<\/div>\n\t\t\t\t<\/div>\n\t\t\t\t\t<\/div>\n\t\t\t\t<\/div>\n\t\t<div class=\"elementor-element elementor-element-d77cce4 e-flex e-con-boxed e-con e-parent\" data-id=\"d77cce4\" data-element_type=\"container\">\n\t\t\t\t\t<div class=\"e-con-inner\">\n\t\t\t\t<div class=\"elementor-element elementor-element-bdb284d elementor-widget elementor-widget-spacer\" data-id=\"bdb284d\" data-element_type=\"widget\" data-widget_type=\"spacer.default\">\n\t\t\t\t<div class=\"elementor-widget-container\">\n\t\t\t\t\t\t\t<div class=\"elementor-spacer\">\n\t\t\t<div class=\"elementor-spacer-inner\"><\/div>\n\t\t<\/div>\n\t\t\t\t\t\t<\/div>\n\t\t\t\t<\/div>\n\t\t\t\t\t<\/div>\n\t\t\t\t<\/div>\n\t\t\t\t<\/div>","protected":false},"excerpt":{"rendered":"<p>\u00a0 \u00a0 \u00a0 \u00a0 \u00a0 Pol\u00edtica de privacidad Informaci\u00f3n referente a la protecci\u00f3n de datos personales En el Grupo Amper consideramos la privacidad de las personas un elemento esencial para el correcto ejercicio de nuestra actividad comercial y empresarial, por ello se ha desarrollado la presente Pol\u00edtica de Privacidad aplicable a todas las empresas y [&hellip;]<\/p>","protected":false},"author":14,"featured_media":0,"parent":0,"menu_order":0,"comment_status":"closed","ping_status":"closed","template":"elementor_header_footer","meta":{"footnotes":""},"class_list":["post-36620","page","type-page","status-publish","hentry"],"yoast_head":"<!-- This site is optimized with the Yoast SEO plugin v26.8 - https:\/\/yoast.com\/product\/yoast-seo-wordpress\/ -->\n<title>Pol\u00edtica de Privacidad - Proes<\/title>\n<meta name=\"robots\" content=\"index, follow, max-snippet:-1, max-image-preview:large, max-video-preview:-1\" \/>\n<link rel=\"canonical\" href=\"https:\/\/p28223.grupoamper.com\/en\/politica-de-privacidad\/\" \/>\n<meta property=\"og:locale\" content=\"en_GB\" \/>\n<meta property=\"og:type\" content=\"article\" \/>\n<meta property=\"og:title\" content=\"Pol\u00edtica de Privacidad - Proes\" \/>\n<meta property=\"og:description\" content=\"\u00a0 \u00a0 \u00a0 \u00a0 \u00a0 Pol\u00edtica de privacidad Informaci\u00f3n referente a la protecci\u00f3n de datos personales En el Grupo Amper consideramos la privacidad de las personas un elemento esencial para el correcto ejercicio de nuestra actividad comercial y empresarial, por ello se ha desarrollado la presente Pol\u00edtica de Privacidad aplicable a todas las empresas y [&hellip;]\" \/>\n<meta property=\"og:url\" content=\"https:\/\/p28223.grupoamper.com\/en\/politica-de-privacidad\/\" \/>\n<meta property=\"og:site_name\" content=\"Proes\" \/>\n<meta property=\"article:modified_time\" content=\"2026-04-13T12:09:57+00:00\" \/>\n<meta name=\"twitter:card\" content=\"summary_large_image\" \/>\n<meta name=\"twitter:label1\" content=\"Estimated reading time\" \/>\n\t<meta name=\"twitter:data1\" content=\"4 minutes\" \/>\n<script type=\"application\/ld+json\" class=\"yoast-schema-graph\">{\"@context\":\"https:\/\/schema.org\",\"@graph\":[{\"@type\":\"WebPage\",\"@id\":\"https:\/\/p28223.grupoamper.com\/en\/politica-de-privacidad\/\",\"url\":\"https:\/\/p28223.grupoamper.com\/en\/politica-de-privacidad\/\",\"name\":\"Pol\u00edtica de Privacidad - Proes\",\"isPartOf\":{\"@id\":\"https:\/\/p28223.grupoamper.com\/en\/#website\"},\"datePublished\":\"2023-07-19T10:52:11+00:00\",\"dateModified\":\"2026-04-13T12:09:57+00:00\",\"breadcrumb\":{\"@id\":\"https:\/\/p28223.grupoamper.com\/en\/politica-de-privacidad\/#breadcrumb\"},\"inLanguage\":\"en-GB\",\"potentialAction\":[{\"@type\":\"ReadAction\",\"target\":[\"https:\/\/p28223.grupoamper.com\/en\/politica-de-privacidad\/\"]}]},{\"@type\":\"BreadcrumbList\",\"@id\":\"https:\/\/p28223.grupoamper.com\/en\/politica-de-privacidad\/#breadcrumb\",\"itemListElement\":[{\"@type\":\"ListItem\",\"position\":1,\"name\":\"Portada\",\"item\":\"https:\/\/p28223.grupoamper.com\/en\/\"},{\"@type\":\"ListItem\",\"position\":2,\"name\":\"Pol\u00edtica de Privacidad\"}]},{\"@type\":\"WebSite\",\"@id\":\"https:\/\/p28223.grupoamper.com\/en\/#website\",\"url\":\"https:\/\/p28223.grupoamper.com\/en\/\",\"name\":\"Proes\",\"description\":\"\",\"publisher\":{\"@id\":\"https:\/\/p28223.grupoamper.com\/en\/#organization\"},\"potentialAction\":[{\"@type\":\"SearchAction\",\"target\":{\"@type\":\"EntryPoint\",\"urlTemplate\":\"https:\/\/p28223.grupoamper.com\/en\/?s={search_term_string}\"},\"query-input\":{\"@type\":\"PropertyValueSpecification\",\"valueRequired\":true,\"valueName\":\"search_term_string\"}}],\"inLanguage\":\"en-GB\"},{\"@type\":\"Organization\",\"@id\":\"https:\/\/p28223.grupoamper.com\/en\/#organization\",\"name\":\"Proes\",\"url\":\"https:\/\/p28223.grupoamper.com\/en\/\",\"logo\":{\"@type\":\"ImageObject\",\"inLanguage\":\"en-GB\",\"@id\":\"https:\/\/p28223.grupoamper.com\/en\/#\/schema\/logo\/image\/\",\"url\":\"https:\/\/www.proes.es\/wp-content\/uploads\/2023\/05\/Logo-Proes.png\",\"contentUrl\":\"https:\/\/www.proes.es\/wp-content\/uploads\/2023\/05\/Logo-Proes.png\",\"width\":520,\"height\":140,\"caption\":\"Proes\"},\"image\":{\"@id\":\"https:\/\/p28223.grupoamper.com\/en\/#\/schema\/logo\/image\/\"}}]}<\/script>\n<!-- \/ Yoast SEO plugin. -->","yoast_head_json":{"title":"Pol\u00edtica de Privacidad - Proes","robots":{"index":"index","follow":"follow","max-snippet":"max-snippet:-1","max-image-preview":"max-image-preview:large","max-video-preview":"max-video-preview:-1"},"canonical":"https:\/\/p28223.grupoamper.com\/en\/politica-de-privacidad\/","og_locale":"en_GB","og_type":"article","og_title":"Pol\u00edtica de Privacidad - Proes","og_description":"\u00a0 \u00a0 \u00a0 \u00a0 \u00a0 Pol\u00edtica de privacidad Informaci\u00f3n referente a la protecci\u00f3n de datos personales En el Grupo Amper consideramos la privacidad de las personas un elemento esencial para el correcto ejercicio de nuestra actividad comercial y empresarial, por ello se ha desarrollado la presente Pol\u00edtica de Privacidad aplicable a todas las empresas y [&hellip;]","og_url":"https:\/\/p28223.grupoamper.com\/en\/politica-de-privacidad\/","og_site_name":"Proes","article_modified_time":"2026-04-13T12:09:57+00:00","twitter_card":"summary_large_image","twitter_misc":{"Estimated reading time":"4 minutes"},"schema":{"@context":"https:\/\/schema.org","@graph":[{"@type":"WebPage","@id":"https:\/\/p28223.grupoamper.com\/en\/politica-de-privacidad\/","url":"https:\/\/p28223.grupoamper.com\/en\/politica-de-privacidad\/","name":"Pol\u00edtica de Privacidad - Proes","isPartOf":{"@id":"https:\/\/p28223.grupoamper.com\/en\/#website"},"datePublished":"2023-07-19T10:52:11+00:00","dateModified":"2026-04-13T12:09:57+00:00","breadcrumb":{"@id":"https:\/\/p28223.grupoamper.com\/en\/politica-de-privacidad\/#breadcrumb"},"inLanguage":"en-GB","potentialAction":[{"@type":"ReadAction","target":["https:\/\/p28223.grupoamper.com\/en\/politica-de-privacidad\/"]}]},{"@type":"BreadcrumbList","@id":"https:\/\/p28223.grupoamper.com\/en\/politica-de-privacidad\/#breadcrumb","itemListElement":[{"@type":"ListItem","position":1,"name":"Portada","item":"https:\/\/p28223.grupoamper.com\/en\/"},{"@type":"ListItem","position":2,"name":"Pol\u00edtica de Privacidad"}]},{"@type":"WebSite","@id":"https:\/\/p28223.grupoamper.com\/en\/#website","url":"https:\/\/p28223.grupoamper.com\/en\/","name":"Proes,","description":"","publisher":{"@id":"https:\/\/p28223.grupoamper.com\/en\/#organization"},"potentialAction":[{"@type":"SearchAction","target":{"@type":"EntryPoint","urlTemplate":"https:\/\/p28223.grupoamper.com\/en\/?s={search_term_string}"},"query-input":{"@type":"PropertyValueSpecification","valueRequired":true,"valueName":"search_term_string"}}],"inLanguage":"en-GB"},{"@type":"Organization","@id":"https:\/\/p28223.grupoamper.com\/en\/#organization","name":"Proes,","url":"https:\/\/p28223.grupoamper.com\/en\/","logo":{"@type":"ImageObject","inLanguage":"en-GB","@id":"https:\/\/p28223.grupoamper.com\/en\/#\/schema\/logo\/image\/","url":"https:\/\/www.proes.es\/wp-content\/uploads\/2023\/05\/Logo-Proes.png","contentUrl":"https:\/\/www.proes.es\/wp-content\/uploads\/2023\/05\/Logo-Proes.png","width":520,"height":140,"caption":"Proes"},"image":{"@id":"https:\/\/p28223.grupoamper.com\/en\/#\/schema\/logo\/image\/"}}]}},"_links":{"self":[{"href":"https:\/\/www.proes.es\/en\/wp-json\/wp\/v2\/pages\/36620","targetHints":{"allow":["GET"]}}],"collection":[{"href":"https:\/\/www.proes.es\/en\/wp-json\/wp\/v2\/pages"}],"about":[{"href":"https:\/\/www.proes.es\/en\/wp-json\/wp\/v2\/types\/page"}],"author":[{"embeddable":true,"href":"https:\/\/www.proes.es\/en\/wp-json\/wp\/v2\/users\/14"}],"replies":[{"embeddable":true,"href":"https:\/\/www.proes.es\/en\/wp-json\/wp\/v2\/comments?post=36620"}],"version-history":[{"count":35,"href":"https:\/\/www.proes.es\/en\/wp-json\/wp\/v2\/pages\/36620\/revisions"}],"predecessor-version":[{"id":49563,"href":"https:\/\/www.proes.es\/en\/wp-json\/wp\/v2\/pages\/36620\/revisions\/49563"}],"wp:attachment":[{"href":"https:\/\/www.proes.es\/en\/wp-json\/wp\/v2\/media?parent=36620"}],"curies":[{"name":"wp","href":"https:\/\/api.w.org\/{rel}","templated":true}]}}